{"id":16492,"date":"2025-03-28T11:25:58","date_gmt":"2025-03-28T14:25:58","guid":{"rendered":"https:\/\/www.cambe.pr.gov.br\/?page_id=16492"},"modified":"2025-04-08T16:20:38","modified_gmt":"2025-04-08T19:20:38","slug":"capc","status":"publish","type":"page","link":"https:\/\/www.cambe.pr.gov.br\/index.php\/capc\/","title":{"rendered":"Comit\u00ea de Assessoramento de Previd\u00eancia Complementar &#8211; CAPC"},"content":{"rendered":"\t\t<div data-elementor-type=\"wp-page\" data-elementor-id=\"16492\" class=\"elementor elementor-16492\">\n\t\t\t\t<div class=\"elementor-element elementor-element-cf32e79 e-flex e-con-boxed e-con e-parent\" data-id=\"cf32e79\" data-element_type=\"container\" data-e-type=\"container\">\n\t\t\t\t\t<div class=\"e-con-inner\">\n\t\t\t\t<div class=\"elementor-element elementor-element-7ebb28c elementor-widget elementor-widget-eael-adv-tabs\" data-id=\"7ebb28c\" data-element_type=\"widget\" data-e-type=\"widget\" data-widget_type=\"eael-adv-tabs.default\">\n\t\t\t\t<div class=\"elementor-widget-container\">\n\t\t\t\t\t        <div data-scroll-on-click=\"no\" data-scroll-speed=\"300\" id=\"eael-advance-tabs-7ebb28c\" class=\"eael-advance-tabs eael-tabs-vertical eael-tab-auto-active \" data-tabid=\"7ebb28c\">\n            <div class=\"eael-tabs-nav \">\n                <ul class=\"eael-tab-inline-icon\" role=\"tablist\">\n                                            <li id=\"o-comit\" class=\"inactive eael-tab-item-trigger eael-tab-nav-item\" aria-selected=\"true\" data-tab=\"1\" role=\"tab\" tabindex=\"0\" aria-controls=\"o-comit-tab\" aria-expanded=\"false\">\n                            \n                                                                <i class=\"fas fa-home\"><\/i>                                                            \n                                                            <span class=\"eael-tab-title title-after-icon\" >o Comit\u00ea<\/span>                            \n                                                    <\/li>\n                                            <li id=\"entidade\" class=\"inactive eael-tab-item-trigger eael-tab-nav-item\" aria-selected=\"false\" data-tab=\"2\" role=\"tab\" tabindex=\"-1\" aria-controls=\"entidade-tab\" aria-expanded=\"false\">\n                            \n                                                                <i class=\"far fa-building\"><\/i>                                                            \n                                                            <span class=\"eael-tab-title title-after-icon\" >Entidade<\/span>                            \n                                                    <\/li>\n                                            <li id=\"regulamentos\" class=\"inactive eael-tab-item-trigger eael-tab-nav-item\" aria-selected=\"false\" data-tab=\"3\" role=\"tab\" tabindex=\"-1\" aria-controls=\"regulamentos-tab\" aria-expanded=\"false\">\n                            \n                                                                <i class=\"fab fa-wpforms\"><\/i>                                                            \n                                                            <span class=\"eael-tab-title title-after-icon\" >Regulamentos<\/span>                            \n                                                    <\/li>\n                                            <li id=\"atas\" class=\"inactive eael-tab-item-trigger eael-tab-nav-item\" aria-selected=\"false\" data-tab=\"4\" role=\"tab\" tabindex=\"-1\" aria-controls=\"atas-tab\" aria-expanded=\"false\">\n                            \n                                                                <i class=\"far fa-file-alt\"><\/i>                                                            \n                                                            <span class=\"eael-tab-title title-after-icon\" >Atas<\/span>                            \n                                                    <\/li>\n                    \n                                  <\/ul>\n            <\/div>\n            \n            <div class=\"eael-tabs-content\">\n\t\t        \n                    <div id=\"o-comit-tab\" class=\"clearfix eael-tab-content-item inactive\" data-title-link=\"o-comit-tab\">\n\t\t\t\t        <p>Comit\u00ea de Assessoramento de Previd\u00eancia Complementar<br \/><br \/>O Comit\u00ea de Assessoramento de Previd\u00eancia Complementar do Munic\u00edpio de Camb\u00e9 foi institu\u00eddo pelo Decreto n\u00ba 689, de 31 de outubro de 2024, com a finalidade de acompanhar e supervisionar a gest\u00e3o do Plano de Benef\u00edcios de Previd\u00eancia Complementar contratado pela administra\u00e7\u00e3o municipal.<\/p><p><strong>Atribui\u00e7\u00f5es<\/strong><br \/>O Comit\u00ea desempenha um papel estrat\u00e9gico no monitoramento e na supervis\u00e3o do plano, garantindo maior transpar\u00eancia e efici\u00eancia na gest\u00e3o previdenci\u00e1ria. Suas principais atribui\u00e7\u00f5es incluem:<br \/>\u2705 Acompanhar e supervisionar a gest\u00e3o e os resultados do Plano de Benef\u00edcios;<br \/>\u2705 Avaliar a Pol\u00edtica de Aplica\u00e7\u00f5es e Investimentos;<br \/>\u2705 Recomendar a transfer\u00eancia de gerenciamento do plano, quando necess\u00e1rio;<br \/>\u2705 Manifestar-se sobre altera\u00e7\u00f5es no regulamento do Plano de Benef\u00edcios;<br \/>\u2705 Realizar a interlocu\u00e7\u00e3o entre a administra\u00e7\u00e3o municipal e a Entidade Fechada de Previd\u00eancia Complementar (EFPC) selecionada;<br \/>\u2705 Supervisionar os resultados apresentados pela EFPC;<br \/>\u2705 Elaborar estudos sobre a viabilidade da migra\u00e7\u00e3o de regimes previdenci\u00e1rios.<\/p><p>Al\u00e9m dessas atribui\u00e7\u00f5es, o Comit\u00ea tamb\u00e9m pode solicitar informa\u00e7\u00f5es \u00e0 entidade respons\u00e1vel pelo plano, analisar relat\u00f3rios financeiros e de investimentos, bem como sugerir medidas para aprimorar a gest\u00e3o previdenci\u00e1ria no munic\u00edpio.<\/p><p><strong>Composi\u00e7\u00e3o e Mandato<\/strong><br \/>O Comit\u00ea \u00e9 composto por at\u00e9 cinco membros, designados por portaria pelo Prefeito, para um mandato de tr\u00eas anos. Os membros atualmente designados pela Portaria n\u00ba 779, de 06 de novembro de 2024, s\u00e3o:<\/p><p>Eduardo Anzola Pivaro<br \/>Mitsuyasu Tsuneda<br \/>Paulo Humberto Pizaia Neto<br \/>Rene Emanuel Bortotto Spinassi<br \/>Rodolfo Roncon Ferrarini<\/p><p>Os integrantes do Comit\u00ea t\u00eam a responsabilidade de garantir a fiscaliza\u00e7\u00e3o e a boa governan\u00e7a do plano contratado, assegurando que as melhores pr\u00e1ticas sejam seguidas na administra\u00e7\u00e3o dos recursos previdenci\u00e1rios.<\/p><p><strong>Entidade Respons\u00e1vel pela Previd\u00eancia Complementar<\/strong><br \/>O Munic\u00edpio de Camb\u00e9 firmou Conv\u00eanio de Ades\u00e3o com a FUSAN &#8211; Funda\u00e7\u00e3o SANEPAR, entidade fechada de previd\u00eancia complementar respons\u00e1vel pela gest\u00e3o do plano previdenci\u00e1rio dos servidores municipais.<\/p><p>O Conv\u00eanio de Ades\u00e3o firmado com a FUSAN foi devidamente aprovado pela Superintend\u00eancia Nacional de Previd\u00eancia Complementar (PREVIC), conforme disposto na Portaria PREVIC n\u00ba 945, de 16 de outubro de 2022. Essa aprova\u00e7\u00e3o refor\u00e7a sua conformidade com as normativas vigentes e seu compromisso com a seguran\u00e7a e sustentabilidade da previd\u00eancia complementar.<\/p>                    <\/div>\n\t\t        \n                    <div id=\"entidade-tab\" class=\"clearfix eael-tab-content-item inactive\" data-title-link=\"entidade-tab\">\n\t\t\t\t        <p><strong>Invista com a Fusan para um seguro tranquilo!<\/strong><\/p><p>A Fusan &#8211; Funda\u00e7\u00e3o Sanepar de Previd\u00eancia e Assist\u00eancia Social \u00e9 uma entidade fechada de previd\u00eancia complementar, ou seja, um fundo de pens\u00e3o que oferece planos de previd\u00eancia complementar e tem como objetivo principal proporcionar seguran\u00e7a financeira e bem-estar aos seus participantes e seus familiares.<\/p><p><strong>Alguns pontos importantes sobre a Fusan:<\/strong><\/p><p>&#8211; Est\u00e1 h\u00e1 mais de 40 anos no mercado.<\/p><p>&#8211; \u00c9 uma entidade sem fins lucrativos, o que significa que seu foco \u00e9 o benef\u00edcio dos participantes e n\u00e3o a gera\u00e7\u00e3o de lucro para acionistas.<\/p><p>&#8211; Administra planos de previd\u00eancia complementar: FusanPrev, Viva Mais Previd\u00eancia\/Gera, Plano Misto Fapa e o Viva Mais Multi Prefeituras, plano do servidor p\u00fablico das prefeituras que t\u00eam conv\u00eanio com a Fusan.<\/p><p><strong>Viva Mais Multi Prefeituras: a solu\u00e7\u00e3o ideal para o futuro do servidor de Camb\u00e9!<\/strong><\/p><p>Diante das mudan\u00e7as na previd\u00eancia, o plano Viva Mais Multi Prefeituras surge como uma solu\u00e7\u00e3o para os servidores municipais que desejam complementar sua renda na aposentadoria. O plano segue os mesmos princ\u00edpios de outros planos da institui\u00e7\u00e3o e oferece:<\/p><p><strong>Renda complementar:<\/strong> aposentadoria com um valor adicional ao benef\u00edcio do RPPS.<br \/><strong>Seguran\u00e7a financeira:<\/strong> prote\u00e7\u00e3o para o futuro do servidor e sua fam\u00edlia.<br \/><strong>Flexibilidade:<\/strong> op\u00e7\u00f5es de contribui\u00e7\u00e3o e benef\u00edcios que se adaptam \u00e0s necessidades de cada servidor.<br \/>Saiba mais sobre o plano e comece a investir hoje mesmo!<\/p><p><a href=\"https:\/\/fundacaosanepar.com.br\/vivamaismultiprefeituras\/\">https:\/\/fundacaosanepar.com.br\/vivamaismultiprefeituras\/<\/a><\/p>                    <\/div>\n\t\t        \n                    <div id=\"regulamentos-tab\" class=\"clearfix eael-tab-content-item inactive\" data-title-link=\"regulamentos-tab\">\n\t\t\t\t        <h5>REGULAMENTOS<\/h5><p><div class='w3eden'>\n    <div class=''>\n\n        <form method=\"get\" class=\"\" data-container=\"#content_wpdm_package_1\" id=\"sc_form_wpdm_package_1\" style=\"margin-bottom: 15px\">\n    \n            <div class=\"card panel panel-default wpdm-shortcode-toolbar\">\n                <div class=\"card-body panel-body\">\n                    <div class=\"row\">\n                        <div class=\"col-lg-6 col-md-12\">\n                            <input type=\"search\" name=\"skw\" value=\"\" placeholder=\"Pesquisar palavra-chave ...\" class=\"form-control\" \/>\n                        <\/div>\n                        <div class=\"col-lg-2 col-md-4\">\n                            <select name=\"orderby\" class=\"wpdm-custom-select custom-select\">\n                                <option value=\"date\" disabled=\"disabled\">Ordenar por:<\/option>\n                                <option value=\"date\" >Publica\u00e7\u00e3o<\/option>\n                                <option value=\"title\" >T\u00edtulo<\/option>\n                                <option value=\"update_date\" >Atualiza\u00e7\u00e3o<\/option>\n                                <option value=\"downloads\" >Downloads<\/option>\n                                <option value=\"views\" >Visualiza\u00e7\u00f5es<\/option>\n                            <\/select>\n                        <\/div>\n                        <div class=\"col-lg-2 col-md-4\">\n                            <select name=\"order\" class=\"wpdm-custom-select custom-select\">\n                                <option value=\"desc\" disabled=\"disabled\">Ordernar:<\/option>\n                                <option value=\"desc\" >Desc.<\/option>\n                                <option value=\"asc\" >Asc.<\/option>\n                            <\/select>\n                        <\/div>\n                        <div class=\"col-lg-2 col-md-4\">\n                            <button type=\"submit\" class=\"btn btn-info btn-block\">Filtrar<\/button>\n                        <\/div>\n                    <\/div>\n                <\/div>\n            <\/div>\n\n            <\/form>\n<div class=\"spacer mb-3 d-block clearfix\"><\/div>\n\n        <div id=\"content_wpdm_package_1\">\n            <div class='row'><div class='col-lg-12 col-md-12 col-12'><!-- WPDM Link Template: Default Template -->\n\n<div class=\"link-template-default card mb-2\">\n    <div class=\"card-body\">\n        <div class=\"media\">\n            <div class=\"mr-3 img-48\"><img decoding=\"async\" class=\"wpdm_icon\" alt=\"\u00edcone\" src=\"https:\/\/www.cambe.pr.gov.br\/wp-content\/plugins\/download-manager\/assets\/file-type-icons\/pdf.svg\" \/><\/div>\n            <div class=\"media-body\">\n                <h3 class=\"package-title\"><a href='https:\/\/www.cambe.pr.gov.br\/index.php\/download\/renovacao-anual-da-vigencia-do-custeio-atuarial-do-plano-de-beneficios-previdenciarios-viva-mais-multi-prefeituras\/'>Renova\u00e7\u00e3o Anual da Vig\u00eancia do Custeio Atuarial do Plano de Benef\u00edcios Previdenci\u00e1rios Viva Mais Multi Prefeituras<\/a><\/h3>\n                <div class=\"text-muted text-small\"><i class=\"fas fa-copy\"><\/i> 1  arquivo(s) <i class=\"fas fa-hdd ml-3\"><\/i> 295.29 KB<\/div>\n            <\/div>\n            <div class=\"ml-3\">\n                <a class='wpdm-download-link download-on-click btn btn-primary ' rel='nofollow' href='#' data-downloadurl=\"https:\/\/www.cambe.pr.gov.br\/index.php\/download\/renovacao-anual-da-vigencia-do-custeio-atuarial-do-plano-de-beneficios-previdenciarios-viva-mais-multi-prefeituras\/?wpdmdl=16914&#038;refresh=69f3aca33b3ab1777577123\">Download<\/a>\n            <\/div>\n        <\/div>\n    <\/div>\n<\/div>\n\n<\/div><div class='col-lg-12 col-md-12 col-12'><!-- WPDM Link Template: Default Template -->\n\n<div class=\"link-template-default card mb-2\">\n    <div class=\"card-body\">\n        <div class=\"media\">\n            <div class=\"mr-3 img-48\"><img decoding=\"async\" class=\"wpdm_icon\" alt=\"\u00edcone\" src=\"https:\/\/www.cambe.pr.gov.br\/wp-content\/plugins\/download-manager\/assets\/file-type-icons\/pdf.svg\" \/><\/div>\n            <div class=\"media-body\">\n                <h3 class=\"package-title\"><a href='https:\/\/www.cambe.pr.gov.br\/index.php\/download\/portaria-no-779-2024-designa-os-membros-do-capc\/'>Portaria n\u00ba 779\/2024 &#8211; Designa os membros do CAPC<\/a><\/h3>\n                <div class=\"text-muted text-small\"><i class=\"fas fa-copy\"><\/i> 1  arquivo(s) <i class=\"fas fa-hdd ml-3\"><\/i> 212.23 KB<\/div>\n            <\/div>\n            <div class=\"ml-3\">\n                <a class='wpdm-download-link download-on-click btn btn-primary ' rel='nofollow' href='#' data-downloadurl=\"https:\/\/www.cambe.pr.gov.br\/index.php\/download\/portaria-no-779-2024-designa-os-membros-do-capc\/?wpdmdl=16913&#038;refresh=69f3aca35b56e1777577123\">Download<\/a>\n            <\/div>\n        <\/div>\n    <\/div>\n<\/div>\n\n<\/div><div class='col-lg-12 col-md-12 col-12'><!-- WPDM Link Template: Default Template -->\n\n<div class=\"link-template-default card mb-2\">\n    <div class=\"card-body\">\n        <div class=\"media\">\n            <div class=\"mr-3 img-48\"><img decoding=\"async\" class=\"wpdm_icon\" alt=\"\u00edcone\" src=\"https:\/\/www.cambe.pr.gov.br\/wp-content\/plugins\/download-manager\/assets\/file-type-icons\/pdf.svg\" \/><\/div>\n            <div class=\"media-body\">\n                <h3 class=\"package-title\"><a href='https:\/\/www.cambe.pr.gov.br\/index.php\/download\/decreto-no-689-2024-institui-o-comite-de-assessoramento-de-previdencia-complementar-capc\/'>Decreto n\u00ba 689\/2024 &#8211; Institu\u00ed o Comit\u00ea de Assessoramento de Previd\u00eancia Complementar &#8211; CAPC<\/a><\/h3>\n                <div class=\"text-muted text-small\"><i class=\"fas fa-copy\"><\/i> 1  arquivo(s) <i class=\"fas fa-hdd ml-3\"><\/i> 195.17 KB<\/div>\n            <\/div>\n            <div class=\"ml-3\">\n                <a class='wpdm-download-link download-on-click btn btn-primary ' rel='nofollow' href='#' data-downloadurl=\"https:\/\/www.cambe.pr.gov.br\/index.php\/download\/decreto-no-689-2024-institui-o-comite-de-assessoramento-de-previdencia-complementar-capc\/?wpdmdl=16912&#038;refresh=69f3aca37b4071777577123\">Download<\/a>\n            <\/div>\n        <\/div>\n    <\/div>\n<\/div>\n\n<\/div><div class='col-lg-12 col-md-12 col-12'><!-- WPDM Link Template: Default Template -->\n\n<div class=\"link-template-default card mb-2\">\n    <div class=\"card-body\">\n        <div class=\"media\">\n            <div class=\"mr-3 img-48\"><img decoding=\"async\" class=\"wpdm_icon\" alt=\"\u00edcone\" src=\"https:\/\/www.cambe.pr.gov.br\/wp-content\/plugins\/download-manager\/assets\/file-type-icons\/pdf.svg\" \/><\/div>\n            <div class=\"media-body\">\n                <h3 class=\"package-title\"><a href='https:\/\/www.cambe.pr.gov.br\/index.php\/download\/convenio-de-adesao-rpc\/'>CONV\u00caNIO DE ADES\u00c3O &#8211; RPC<\/a><\/h3>\n                <div class=\"text-muted text-small\"><i class=\"fas fa-copy\"><\/i> 1  arquivo(s) <i class=\"fas fa-hdd ml-3\"><\/i> 872.79 KB<\/div>\n            <\/div>\n            <div class=\"ml-3\">\n                <a class='wpdm-download-link download-on-click btn btn-primary ' rel='nofollow' href='#' data-downloadurl=\"https:\/\/www.cambe.pr.gov.br\/index.php\/download\/convenio-de-adesao-rpc\/?wpdmdl=16911&#038;refresh=69f3aca39b5481777577123\">Download<\/a>\n            <\/div>\n        <\/div>\n    <\/div>\n<\/div>\n\n<\/div><div class='col-lg-12 col-md-12 col-12'><!-- WPDM Link Template: Default Template -->\n\n<div class=\"link-template-default card mb-2\">\n    <div class=\"card-body\">\n        <div class=\"media\">\n            <div class=\"mr-3 img-48\"><img decoding=\"async\" class=\"wpdm_icon\" alt=\"\u00edcone\" src=\"https:\/\/www.cambe.pr.gov.br\/wp-content\/plugins\/download-manager\/assets\/file-type-icons\/pdf.svg\" \/><\/div>\n            <div class=\"media-body\">\n                <h3 class=\"package-title\"><a href='https:\/\/www.cambe.pr.gov.br\/index.php\/download\/portaria-previc-no-945-de-16-de-outubro-de-2022\/'>PORTARIA PREVIC No 945, DE 16 DE OUTUBRO DE 2022<\/a><\/h3>\n                <div class=\"text-muted text-small\"><i class=\"fas fa-copy\"><\/i> 1  arquivo(s) <i class=\"fas fa-hdd ml-3\"><\/i> 100.90 KB<\/div>\n            <\/div>\n            <div class=\"ml-3\">\n                <a class='wpdm-download-link download-on-click btn btn-primary ' rel='nofollow' href='#' data-downloadurl=\"https:\/\/www.cambe.pr.gov.br\/index.php\/download\/portaria-previc-no-945-de-16-de-outubro-de-2022\/?wpdmdl=16910&#038;refresh=69f3aca3bb98c1777577123\">Download<\/a>\n            <\/div>\n        <\/div>\n    <\/div>\n<\/div>\n\n<\/div><\/div>            <div style='clear:both'><\/div><div class='text-center'><ul class='pagination wpdm-pagination pagination-centered text-center'><\/ul><\/div><div style='clear:both'><\/div>        <\/div>\n\n        <div style='clear:both'><\/div>\n    <\/div>\n<\/div>\n<\/p>                    <\/div>\n\t\t        \n                    <div id=\"atas-tab\" class=\"clearfix eael-tab-content-item inactive\" data-title-link=\"atas-tab\">\n\t\t\t\t        <h5>ATAS<\/h5><p><div class='w3eden'>\n    <div class=''>\n\n        <form method=\"get\" class=\"\" data-container=\"#content_wpdm_package_2\" id=\"sc_form_wpdm_package_2\" style=\"margin-bottom: 15px\">\n    \n            <div class=\"card panel panel-default wpdm-shortcode-toolbar\">\n                <div class=\"card-body panel-body\">\n                    <div class=\"row\">\n                        <div class=\"col-lg-6 col-md-12\">\n                            <input type=\"search\" name=\"skw\" value=\"\" placeholder=\"Pesquisar palavra-chave ...\" class=\"form-control\" \/>\n                        <\/div>\n                        <div class=\"col-lg-2 col-md-4\">\n                            <select name=\"orderby\" class=\"wpdm-custom-select custom-select\">\n                                <option value=\"date\" disabled=\"disabled\">Ordenar por:<\/option>\n                                <option value=\"date\" >Publica\u00e7\u00e3o<\/option>\n                                <option value=\"title\" >T\u00edtulo<\/option>\n                                <option value=\"update_date\" >Atualiza\u00e7\u00e3o<\/option>\n                                <option value=\"downloads\" >Downloads<\/option>\n                                <option value=\"views\" >Visualiza\u00e7\u00f5es<\/option>\n                            <\/select>\n                        <\/div>\n                        <div class=\"col-lg-2 col-md-4\">\n                            <select name=\"order\" class=\"wpdm-custom-select custom-select\">\n                                <option value=\"desc\" disabled=\"disabled\">Ordernar:<\/option>\n                                <option value=\"desc\" >Desc.<\/option>\n                                <option value=\"asc\" >Asc.<\/option>\n                            <\/select>\n                        <\/div>\n                        <div class=\"col-lg-2 col-md-4\">\n                            <button type=\"submit\" class=\"btn btn-info btn-block\">Filtrar<\/button>\n                        <\/div>\n                    <\/div>\n                <\/div>\n            <\/div>\n\n            <\/form>\n<div class=\"spacer mb-3 d-block clearfix\"><\/div>\n\n        <div id=\"content_wpdm_package_2\">\n            <div class='row'><div class='col-lg-12 col-md-12 col-12'><!-- WPDM Link Template: Default Template -->\n\n<div class=\"link-template-default card mb-2\">\n    <div class=\"card-body\">\n        <div class=\"media\">\n            <div class=\"mr-3 img-48\"><img decoding=\"async\" class=\"wpdm_icon\" alt=\"\u00edcone\" src=\"https:\/\/www.cambe.pr.gov.br\/wp-content\/plugins\/download-manager\/assets\/file-type-icons\/pdf.svg\" \/><\/div>\n            <div class=\"media-body\">\n                <h3 class=\"package-title\"><a href='https:\/\/www.cambe.pr.gov.br\/index.php\/download\/ata-da-8a-reuniao-15-08-2025\/'>Ata da 8\u00aa Reuni\u00e3o &#8211; 15\/08\/2025<\/a><\/h3>\n                <div class=\"text-muted text-small\"><i class=\"fas fa-copy\"><\/i> 1  arquivo(s) <i class=\"fas fa-hdd ml-3\"><\/i> 842.99 KB<\/div>\n            <\/div>\n            <div class=\"ml-3\">\n                <a class='wpdm-download-link download-on-click btn btn-primary ' rel='nofollow' href='#' data-downloadurl=\"https:\/\/www.cambe.pr.gov.br\/index.php\/download\/ata-da-8a-reuniao-15-08-2025\/?wpdmdl=18670&#038;refresh=69f3aca3de1ba1777577123\">Download<\/a>\n            <\/div>\n        <\/div>\n    <\/div>\n<\/div>\n\n<\/div><div class='col-lg-12 col-md-12 col-12'><!-- WPDM Link Template: Default Template -->\n\n<div class=\"link-template-default card mb-2\">\n    <div class=\"card-body\">\n        <div class=\"media\">\n            <div class=\"mr-3 img-48\"><img decoding=\"async\" class=\"wpdm_icon\" alt=\"\u00edcone\" src=\"https:\/\/www.cambe.pr.gov.br\/wp-content\/plugins\/download-manager\/assets\/file-type-icons\/pdf.svg\" \/><\/div>\n            <div class=\"media-body\">\n                <h3 class=\"package-title\"><a href='https:\/\/www.cambe.pr.gov.br\/index.php\/download\/ata-da-7a-reuniao-17-07-2025\/'>Ata da 7\u00aa Reuni\u00e3o -17\/07\/2025<\/a><\/h3>\n                <div class=\"text-muted text-small\"><i class=\"fas fa-copy\"><\/i> 1  arquivo(s) <i class=\"fas fa-hdd ml-3\"><\/i> 146.94 KB<\/div>\n            <\/div>\n            <div class=\"ml-3\">\n                <a class='wpdm-download-link download-on-click btn btn-primary ' rel='nofollow' href='#' data-downloadurl=\"https:\/\/www.cambe.pr.gov.br\/index.php\/download\/ata-da-7a-reuniao-17-07-2025\/?wpdmdl=17638&#038;refresh=69f3aca409d4b1777577124\">Download<\/a>\n            <\/div>\n        <\/div>\n    <\/div>\n<\/div>\n\n<\/div><div class='col-lg-12 col-md-12 col-12'><!-- WPDM Link Template: Default Template -->\n\n<div class=\"link-template-default card mb-2\">\n    <div class=\"card-body\">\n        <div class=\"media\">\n            <div class=\"mr-3 img-48\"><img decoding=\"async\" class=\"wpdm_icon\" alt=\"\u00edcone\" src=\"https:\/\/www.cambe.pr.gov.br\/wp-content\/plugins\/download-manager\/assets\/file-type-icons\/pdf.svg\" \/><\/div>\n            <div class=\"media-body\">\n                <h3 class=\"package-title\"><a href='https:\/\/www.cambe.pr.gov.br\/index.php\/download\/ata-da-6a-reuniao-26-06-2025\/'>Ata da 6\u00aa Reuni\u00e3o &#8211; 26\/06\/2025<\/a><\/h3>\n                <div class=\"text-muted text-small\"><i class=\"fas fa-copy\"><\/i> 1  arquivo(s) <i class=\"fas fa-hdd ml-3\"><\/i> 185.58 KB<\/div>\n            <\/div>\n            <div class=\"ml-3\">\n                <a class='wpdm-download-link download-on-click btn btn-primary ' rel='nofollow' href='#' data-downloadurl=\"https:\/\/www.cambe.pr.gov.br\/index.php\/download\/ata-da-6a-reuniao-26-06-2025\/?wpdmdl=17637&#038;refresh=69f3aca429d431777577124\">Download<\/a>\n            <\/div>\n        <\/div>\n    <\/div>\n<\/div>\n\n<\/div><div class='col-lg-12 col-md-12 col-12'><!-- WPDM Link Template: Default Template -->\n\n<div class=\"link-template-default card mb-2\">\n    <div class=\"card-body\">\n        <div class=\"media\">\n            <div class=\"mr-3 img-48\"><img decoding=\"async\" class=\"wpdm_icon\" alt=\"\u00edcone\" src=\"https:\/\/www.cambe.pr.gov.br\/wp-content\/plugins\/download-manager\/assets\/file-type-icons\/pdf.svg\" \/><\/div>\n            <div class=\"media-body\">\n                <h3 class=\"package-title\"><a href='https:\/\/www.cambe.pr.gov.br\/index.php\/download\/ata-da-5a-reuniao-16-05-2025\/'>Ata da 5\u00aa Reuni\u00e3o &#8211; 16\/05\/2025<\/a><\/h3>\n                <div class=\"text-muted text-small\"><i class=\"fas fa-copy\"><\/i> 1  arquivo(s) <i class=\"fas fa-hdd ml-3\"><\/i> 1.03 MB<\/div>\n            <\/div>\n            <div class=\"ml-3\">\n                <a class='wpdm-download-link download-on-click btn btn-primary ' rel='nofollow' href='#' data-downloadurl=\"https:\/\/www.cambe.pr.gov.br\/index.php\/download\/ata-da-5a-reuniao-16-05-2025\/?wpdmdl=17636&#038;refresh=69f3aca449b511777577124\">Download<\/a>\n            <\/div>\n        <\/div>\n    <\/div>\n<\/div>\n\n<\/div><div class='col-lg-12 col-md-12 col-12'><!-- WPDM Link Template: Default Template -->\n\n<div class=\"link-template-default card mb-2\">\n    <div class=\"card-body\">\n        <div class=\"media\">\n            <div class=\"mr-3 img-48\"><img decoding=\"async\" class=\"wpdm_icon\" alt=\"\u00edcone\" src=\"https:\/\/www.cambe.pr.gov.br\/wp-content\/plugins\/download-manager\/assets\/file-type-icons\/pdf.svg\" \/><\/div>\n            <div class=\"media-body\">\n                <h3 class=\"package-title\"><a href='https:\/\/www.cambe.pr.gov.br\/index.php\/download\/ata-da-4a-reuniao-30-04-2025\/'>Ata da 4\u00aa Reuni\u00e3o &#8211; 30\/04\/2025<\/a><\/h3>\n                <div class=\"text-muted text-small\"><i class=\"fas fa-copy\"><\/i> 1  arquivo(s) <i class=\"fas fa-hdd ml-3\"><\/i> 482.80 KB<\/div>\n            <\/div>\n            <div class=\"ml-3\">\n                <a class='wpdm-download-link download-on-click btn btn-primary ' rel='nofollow' href='#' data-downloadurl=\"https:\/\/www.cambe.pr.gov.br\/index.php\/download\/ata-da-4a-reuniao-30-04-2025\/?wpdmdl=17047&#038;refresh=69f3aca469bfe1777577124\">Download<\/a>\n            <\/div>\n        <\/div>\n    <\/div>\n<\/div>\n\n<\/div><div class='col-lg-12 col-md-12 col-12'><!-- WPDM Link Template: Default Template -->\n\n<div class=\"link-template-default card mb-2\">\n    <div class=\"card-body\">\n        <div class=\"media\">\n            <div class=\"mr-3 img-48\"><img decoding=\"async\" class=\"wpdm_icon\" alt=\"\u00edcone\" src=\"https:\/\/www.cambe.pr.gov.br\/wp-content\/plugins\/download-manager\/assets\/file-type-icons\/pdf.svg\" \/><\/div>\n            <div class=\"media-body\">\n                <h3 class=\"package-title\"><a href='https:\/\/www.cambe.pr.gov.br\/index.php\/download\/ata-da-3a-reuniao-27-03-2025\/'>Ata da 3\u00aa Reuni\u00e3o &#8211; 27\/03\/2025<\/a><\/h3>\n                <div class=\"text-muted text-small\"><i class=\"fas fa-copy\"><\/i> 1  arquivo(s) <i class=\"fas fa-hdd ml-3\"><\/i> 483.09 KB<\/div>\n            <\/div>\n            <div class=\"ml-3\">\n                <a class='wpdm-download-link download-on-click btn btn-primary ' rel='nofollow' href='#' data-downloadurl=\"https:\/\/www.cambe.pr.gov.br\/index.php\/download\/ata-da-3a-reuniao-27-03-2025\/?wpdmdl=16909&#038;refresh=69f3aca48a72f1777577124\">Download<\/a>\n            <\/div>\n        <\/div>\n    <\/div>\n<\/div>\n\n<\/div><div class='col-lg-12 col-md-12 col-12'><!-- WPDM Link Template: Default Template -->\n\n<div class=\"link-template-default card mb-2\">\n    <div class=\"card-body\">\n        <div class=\"media\">\n            <div class=\"mr-3 img-48\"><img decoding=\"async\" class=\"wpdm_icon\" alt=\"\u00edcone\" src=\"https:\/\/www.cambe.pr.gov.br\/wp-content\/plugins\/download-manager\/assets\/file-type-icons\/pdf.svg\" \/><\/div>\n            <div class=\"media-body\">\n                <h3 class=\"package-title\"><a href='https:\/\/www.cambe.pr.gov.br\/index.php\/download\/ata-da-2o-reuniao-21-02-2025\/'>Ata da 2\u00ba Reuni\u00e3o &#8211; 21\/02\/2025<\/a><\/h3>\n                <div class=\"text-muted text-small\"><i class=\"fas fa-copy\"><\/i> 1  arquivo(s) <i class=\"fas fa-hdd ml-3\"><\/i> 488.20 KB<\/div>\n            <\/div>\n            <div class=\"ml-3\">\n                <a class='wpdm-download-link download-on-click btn btn-primary ' rel='nofollow' href='#' data-downloadurl=\"https:\/\/www.cambe.pr.gov.br\/index.php\/download\/ata-da-2o-reuniao-21-02-2025\/?wpdmdl=16908&#038;refresh=69f3aca4ab6af1777577124\">Download<\/a>\n            <\/div>\n        <\/div>\n    <\/div>\n<\/div>\n\n<\/div><div class='col-lg-12 col-md-12 col-12'><!-- WPDM Link Template: Default Template -->\n\n<div class=\"link-template-default card mb-2\">\n    <div class=\"card-body\">\n        <div class=\"media\">\n            <div class=\"mr-3 img-48\"><img decoding=\"async\" class=\"wpdm_icon\" alt=\"\u00edcone\" src=\"https:\/\/www.cambe.pr.gov.br\/wp-content\/plugins\/download-manager\/assets\/file-type-icons\/pdf.svg\" \/><\/div>\n            <div class=\"media-body\">\n                <h3 class=\"package-title\"><a href='https:\/\/www.cambe.pr.gov.br\/index.php\/download\/ata-da-1o-reuniao-29-01-2025\/'>Ata da 1\u00ba Reuni\u00e3o &#8211; 29\/01\/2025<\/a><\/h3>\n                <div class=\"text-muted text-small\"><i class=\"fas fa-copy\"><\/i> 1  arquivo(s) <i class=\"fas fa-hdd ml-3\"><\/i> 449.77 KB<\/div>\n            <\/div>\n            <div class=\"ml-3\">\n                <a class='wpdm-download-link download-on-click btn btn-primary ' rel='nofollow' href='#' data-downloadurl=\"https:\/\/www.cambe.pr.gov.br\/index.php\/download\/ata-da-1o-reuniao-29-01-2025\/?wpdmdl=16907&#038;refresh=69f3aca4cc1c31777577124\">Download<\/a>\n            <\/div>\n        <\/div>\n    <\/div>\n<\/div>\n\n<\/div><div class='col-lg-12 col-md-12 col-12'><!-- WPDM Link Template: Default Template -->\n\n<div class=\"link-template-default card mb-2\">\n    <div class=\"card-body\">\n        <div class=\"media\">\n            <div class=\"mr-3 img-48\"><img decoding=\"async\" class=\"wpdm_icon\" alt=\"\u00edcone\" src=\"https:\/\/www.cambe.pr.gov.br\/wp-content\/plugins\/download-manager\/assets\/file-type-icons\/pdf.svg\" \/><\/div>\n            <div class=\"media-body\">\n                <h3 class=\"package-title\"><a href='https:\/\/www.cambe.pr.gov.br\/index.php\/download\/ata-da-2o-reuniao-18-12-2024\/'>Ata da 2\u00ba Reuni\u00e3o &#8211;  18\/12\/2024<\/a><\/h3>\n                <div class=\"text-muted text-small\"><i class=\"fas fa-copy\"><\/i> 1  arquivo(s) <i class=\"fas fa-hdd ml-3\"><\/i> 454.86 KB<\/div>\n            <\/div>\n            <div class=\"ml-3\">\n                <a class='wpdm-download-link download-on-click btn btn-primary ' rel='nofollow' href='#' data-downloadurl=\"https:\/\/www.cambe.pr.gov.br\/index.php\/download\/ata-da-2o-reuniao-18-12-2024\/?wpdmdl=16906&#038;refresh=69f3aca4ecb591777577124\">Download<\/a>\n            <\/div>\n        <\/div>\n    <\/div>\n<\/div>\n\n<\/div><div class='col-lg-12 col-md-12 col-12'><!-- WPDM Link Template: Default Template -->\n\n<div class=\"link-template-default card mb-2\">\n    <div class=\"card-body\">\n        <div class=\"media\">\n            <div class=\"mr-3 img-48\"><img decoding=\"async\" class=\"wpdm_icon\" alt=\"\u00edcone\" src=\"https:\/\/www.cambe.pr.gov.br\/wp-content\/plugins\/download-manager\/assets\/file-type-icons\/pdf.svg\" \/><\/div>\n            <div class=\"media-body\">\n                <h3 class=\"package-title\"><a href='https:\/\/www.cambe.pr.gov.br\/index.php\/download\/ata-da-1o-reuniao-13-11-2024\/'>Ata da 1\u00ba Reuni\u00e3o &#8211; 13\/11\/2024<\/a><\/h3>\n                <div class=\"text-muted text-small\"><i class=\"fas fa-copy\"><\/i> 1  arquivo(s) <i class=\"fas fa-hdd ml-3\"><\/i> 482.06 KB<\/div>\n            <\/div>\n            <div class=\"ml-3\">\n                <a class='wpdm-download-link download-on-click btn btn-primary ' rel='nofollow' href='#' data-downloadurl=\"https:\/\/www.cambe.pr.gov.br\/index.php\/download\/ata-da-1o-reuniao-13-11-2024\/?wpdmdl=16905&#038;refresh=69f3aca518a2a1777577125\">Download<\/a>\n            <\/div>\n        <\/div>\n    <\/div>\n<\/div>\n\n<\/div><\/div>            <div style='clear:both'><\/div><div class='text-center'><ul class='pagination wpdm-pagination pagination-centered text-center'><\/ul><\/div><div style='clear:both'><\/div>        <\/div>\n\n        <div style='clear:both'><\/div>\n    <\/div>\n<\/div>\n<\/p>                    <\/div>\n\t\t                    <\/div>\n        <\/div>\n\t\t\t\t<\/div>\n\t\t\t\t<\/div>\n\t\t\t\t\t<\/div>\n\t\t\t\t<\/div>\n\t\t\t\t<\/div>\n\t\t","protected":false},"excerpt":{"rendered":"<p>o Comit\u00ea Entidade Regulamentos Atas Comit\u00ea de Assessoramento de Previd\u00eancia Complementar O Comit\u00ea de Assessoramento de Previd\u00eancia Complementar do Munic\u00edpio de Camb\u00e9 foi institu\u00eddo pelo Decreto n\u00ba 689, de 31 de outubro de 2024, com a finalidade de acompanhar e supervisionar a gest\u00e3o do Plano de Benef\u00edcios de Previd\u00eancia Complementar contratado pela administra\u00e7\u00e3o municipal. Atribui\u00e7\u00f5esO [&hellip;]<\/p>\n","protected":false},"author":1,"featured_media":0,"parent":0,"menu_order":0,"comment_status":"closed","ping_status":"closed","template":"","meta":{"ngg_post_thumbnail":0,"footnotes":""},"class_list":["post-16492","page","type-page","status-publish","hentry"],"yoast_head":"<!-- This site is optimized with the Yoast SEO plugin v27.4 - https:\/\/yoast.com\/product\/yoast-seo-wordpress\/ -->\n<title>Comit\u00ea de Assessoramento de Previd\u00eancia Complementar - CAPC - Prefeitura de Camb\u00e9<\/title>\n<meta name=\"robots\" content=\"index, follow, max-snippet:-1, max-image-preview:large, max-video-preview:-1\" \/>\n<link rel=\"canonical\" href=\"https:\/\/www.cambe.pr.gov.br\/index.php\/capc\/\" \/>\n<meta property=\"og:locale\" content=\"pt_BR\" \/>\n<meta property=\"og:type\" content=\"article\" \/>\n<meta property=\"og:title\" content=\"Comit\u00ea de Assessoramento de Previd\u00eancia Complementar - CAPC - Prefeitura de Camb\u00e9\" \/>\n<meta property=\"og:description\" content=\"o Comit\u00ea Entidade Regulamentos Atas Comit\u00ea de Assessoramento de Previd\u00eancia Complementar O Comit\u00ea de Assessoramento de Previd\u00eancia Complementar do Munic\u00edpio de Camb\u00e9 foi institu\u00eddo pelo Decreto n\u00ba 689, de 31 de outubro de 2024, com a finalidade de acompanhar e supervisionar a gest\u00e3o do Plano de Benef\u00edcios de Previd\u00eancia Complementar contratado pela administra\u00e7\u00e3o municipal. Atribui\u00e7\u00f5esO [&hellip;]\" \/>\n<meta property=\"og:url\" content=\"https:\/\/www.cambe.pr.gov.br\/index.php\/capc\/\" \/>\n<meta property=\"og:site_name\" content=\"Prefeitura de Camb\u00e9\" \/>\n<meta property=\"article:publisher\" content=\"https:\/\/m.facebook.com\/prefeituradecambe\" \/>\n<meta property=\"article:modified_time\" content=\"2025-04-08T19:20:38+00:00\" \/>\n<meta property=\"og:image\" content=\"https:\/\/www.cambe.pr.gov.br\/wp-content\/uploads\/2021\/02\/Brasao_Prefeitura_21-24.png\" \/>\n\t<meta property=\"og:image:width\" content=\"602\" \/>\n\t<meta property=\"og:image:height\" content=\"86\" \/>\n\t<meta property=\"og:image:type\" content=\"image\/png\" \/>\n<meta name=\"twitter:card\" content=\"summary_large_image\" \/>\n<meta name=\"twitter:label1\" content=\"Est. tempo de leitura\" \/>\n\t<meta name=\"twitter:data1\" content=\"4 minutos\" \/>\n<script type=\"application\/ld+json\" class=\"yoast-schema-graph\">{\"@context\":\"https:\\\/\\\/schema.org\",\"@graph\":[{\"@type\":\"WebPage\",\"@id\":\"https:\\\/\\\/www.cambe.pr.gov.br\\\/index.php\\\/capc\\\/\",\"url\":\"https:\\\/\\\/www.cambe.pr.gov.br\\\/index.php\\\/capc\\\/\",\"name\":\"Comit\u00ea de Assessoramento de Previd\u00eancia Complementar - CAPC - Prefeitura de Camb\u00e9\",\"isPartOf\":{\"@id\":\"https:\\\/\\\/www.cambe.pr.gov.br\\\/#website\"},\"datePublished\":\"2025-03-28T14:25:58+00:00\",\"dateModified\":\"2025-04-08T19:20:38+00:00\",\"breadcrumb\":{\"@id\":\"https:\\\/\\\/www.cambe.pr.gov.br\\\/index.php\\\/capc\\\/#breadcrumb\"},\"inLanguage\":\"pt-BR\",\"potentialAction\":[{\"@type\":\"ReadAction\",\"target\":[\"https:\\\/\\\/www.cambe.pr.gov.br\\\/index.php\\\/capc\\\/\"]}]},{\"@type\":\"BreadcrumbList\",\"@id\":\"https:\\\/\\\/www.cambe.pr.gov.br\\\/index.php\\\/capc\\\/#breadcrumb\",\"itemListElement\":[{\"@type\":\"ListItem\",\"position\":1,\"name\":\"In\u00edcio\",\"item\":\"https:\\\/\\\/www.cambe.pr.gov.br\\\/\"},{\"@type\":\"ListItem\",\"position\":2,\"name\":\"Comit\u00ea de Assessoramento de Previd\u00eancia Complementar &#8211; CAPC\"}]},{\"@type\":\"WebSite\",\"@id\":\"https:\\\/\\\/www.cambe.pr.gov.br\\\/#website\",\"url\":\"https:\\\/\\\/www.cambe.pr.gov.br\\\/\",\"name\":\"Prefeitura de Camb\u00e9\",\"description\":\"UM GOVERNO PARA TODOS\",\"publisher\":{\"@id\":\"https:\\\/\\\/www.cambe.pr.gov.br\\\/#organization\"},\"potentialAction\":[{\"@type\":\"SearchAction\",\"target\":{\"@type\":\"EntryPoint\",\"urlTemplate\":\"https:\\\/\\\/www.cambe.pr.gov.br\\\/?s={search_term_string}\"},\"query-input\":{\"@type\":\"PropertyValueSpecification\",\"valueRequired\":true,\"valueName\":\"search_term_string\"}}],\"inLanguage\":\"pt-BR\"},{\"@type\":\"Organization\",\"@id\":\"https:\\\/\\\/www.cambe.pr.gov.br\\\/#organization\",\"name\":\"Prefeitura de Camb\u00e9\",\"url\":\"https:\\\/\\\/www.cambe.pr.gov.br\\\/\",\"logo\":{\"@type\":\"ImageObject\",\"inLanguage\":\"pt-BR\",\"@id\":\"https:\\\/\\\/www.cambe.pr.gov.br\\\/#\\\/schema\\\/logo\\\/image\\\/\",\"url\":\"https:\\\/\\\/www.cambe.pr.gov.br\\\/wp-content\\\/uploads\\\/2021\\\/01\\\/cropped-cropped-cambe_brazao-icone.png\",\"contentUrl\":\"https:\\\/\\\/www.cambe.pr.gov.br\\\/wp-content\\\/uploads\\\/2021\\\/01\\\/cropped-cropped-cambe_brazao-icone.png\",\"width\":240,\"height\":240,\"caption\":\"Prefeitura de Camb\u00e9\"},\"image\":{\"@id\":\"https:\\\/\\\/www.cambe.pr.gov.br\\\/#\\\/schema\\\/logo\\\/image\\\/\"},\"sameAs\":[\"https:\\\/\\\/m.facebook.com\\\/prefeituradecambe\"]}]}<\/script>\n<!-- \/ Yoast SEO plugin. -->","yoast_head_json":{"title":"Comit\u00ea de Assessoramento de Previd\u00eancia Complementar - CAPC - Prefeitura de Camb\u00e9","robots":{"index":"index","follow":"follow","max-snippet":"max-snippet:-1","max-image-preview":"max-image-preview:large","max-video-preview":"max-video-preview:-1"},"canonical":"https:\/\/www.cambe.pr.gov.br\/index.php\/capc\/","og_locale":"pt_BR","og_type":"article","og_title":"Comit\u00ea de Assessoramento de Previd\u00eancia Complementar - CAPC - Prefeitura de Camb\u00e9","og_description":"o Comit\u00ea Entidade Regulamentos Atas Comit\u00ea de Assessoramento de Previd\u00eancia Complementar O Comit\u00ea de Assessoramento de Previd\u00eancia Complementar do Munic\u00edpio de Camb\u00e9 foi institu\u00eddo pelo Decreto n\u00ba 689, de 31 de outubro de 2024, com a finalidade de acompanhar e supervisionar a gest\u00e3o do Plano de Benef\u00edcios de Previd\u00eancia Complementar contratado pela administra\u00e7\u00e3o municipal. Atribui\u00e7\u00f5esO [&hellip;]","og_url":"https:\/\/www.cambe.pr.gov.br\/index.php\/capc\/","og_site_name":"Prefeitura de Camb\u00e9","article_publisher":"https:\/\/m.facebook.com\/prefeituradecambe","article_modified_time":"2025-04-08T19:20:38+00:00","og_image":[{"width":602,"height":86,"url":"https:\/\/www.cambe.pr.gov.br\/wp-content\/uploads\/2021\/02\/Brasao_Prefeitura_21-24.png","type":"image\/png"}],"twitter_card":"summary_large_image","twitter_misc":{"Est. tempo de leitura":"4 minutos"},"schema":{"@context":"https:\/\/schema.org","@graph":[{"@type":"WebPage","@id":"https:\/\/www.cambe.pr.gov.br\/index.php\/capc\/","url":"https:\/\/www.cambe.pr.gov.br\/index.php\/capc\/","name":"Comit\u00ea de Assessoramento de Previd\u00eancia Complementar - CAPC - Prefeitura de Camb\u00e9","isPartOf":{"@id":"https:\/\/www.cambe.pr.gov.br\/#website"},"datePublished":"2025-03-28T14:25:58+00:00","dateModified":"2025-04-08T19:20:38+00:00","breadcrumb":{"@id":"https:\/\/www.cambe.pr.gov.br\/index.php\/capc\/#breadcrumb"},"inLanguage":"pt-BR","potentialAction":[{"@type":"ReadAction","target":["https:\/\/www.cambe.pr.gov.br\/index.php\/capc\/"]}]},{"@type":"BreadcrumbList","@id":"https:\/\/www.cambe.pr.gov.br\/index.php\/capc\/#breadcrumb","itemListElement":[{"@type":"ListItem","position":1,"name":"In\u00edcio","item":"https:\/\/www.cambe.pr.gov.br\/"},{"@type":"ListItem","position":2,"name":"Comit\u00ea de Assessoramento de Previd\u00eancia Complementar &#8211; CAPC"}]},{"@type":"WebSite","@id":"https:\/\/www.cambe.pr.gov.br\/#website","url":"https:\/\/www.cambe.pr.gov.br\/","name":"Prefeitura de Camb\u00e9","description":"UM GOVERNO PARA TODOS","publisher":{"@id":"https:\/\/www.cambe.pr.gov.br\/#organization"},"potentialAction":[{"@type":"SearchAction","target":{"@type":"EntryPoint","urlTemplate":"https:\/\/www.cambe.pr.gov.br\/?s={search_term_string}"},"query-input":{"@type":"PropertyValueSpecification","valueRequired":true,"valueName":"search_term_string"}}],"inLanguage":"pt-BR"},{"@type":"Organization","@id":"https:\/\/www.cambe.pr.gov.br\/#organization","name":"Prefeitura de Camb\u00e9","url":"https:\/\/www.cambe.pr.gov.br\/","logo":{"@type":"ImageObject","inLanguage":"pt-BR","@id":"https:\/\/www.cambe.pr.gov.br\/#\/schema\/logo\/image\/","url":"https:\/\/www.cambe.pr.gov.br\/wp-content\/uploads\/2021\/01\/cropped-cropped-cambe_brazao-icone.png","contentUrl":"https:\/\/www.cambe.pr.gov.br\/wp-content\/uploads\/2021\/01\/cropped-cropped-cambe_brazao-icone.png","width":240,"height":240,"caption":"Prefeitura de Camb\u00e9"},"image":{"@id":"https:\/\/www.cambe.pr.gov.br\/#\/schema\/logo\/image\/"},"sameAs":["https:\/\/m.facebook.com\/prefeituradecambe"]}]}},"_links":{"self":[{"href":"https:\/\/www.cambe.pr.gov.br\/index.php\/wp-json\/wp\/v2\/pages\/16492","targetHints":{"allow":["GET"]}}],"collection":[{"href":"https:\/\/www.cambe.pr.gov.br\/index.php\/wp-json\/wp\/v2\/pages"}],"about":[{"href":"https:\/\/www.cambe.pr.gov.br\/index.php\/wp-json\/wp\/v2\/types\/page"}],"author":[{"embeddable":true,"href":"https:\/\/www.cambe.pr.gov.br\/index.php\/wp-json\/wp\/v2\/users\/1"}],"replies":[{"embeddable":true,"href":"https:\/\/www.cambe.pr.gov.br\/index.php\/wp-json\/wp\/v2\/comments?post=16492"}],"version-history":[{"count":29,"href":"https:\/\/www.cambe.pr.gov.br\/index.php\/wp-json\/wp\/v2\/pages\/16492\/revisions"}],"predecessor-version":[{"id":16592,"href":"https:\/\/www.cambe.pr.gov.br\/index.php\/wp-json\/wp\/v2\/pages\/16492\/revisions\/16592"}],"wp:attachment":[{"href":"https:\/\/www.cambe.pr.gov.br\/index.php\/wp-json\/wp\/v2\/media?parent=16492"}],"curies":[{"name":"wp","href":"https:\/\/api.w.org\/{rel}","templated":true}]}}