{"id":1419,"date":"2021-03-19T10:25:10","date_gmt":"2021-03-19T13:25:10","guid":{"rendered":"http:\/\/www.cambe.pr.gov.br\/?page_id=1419"},"modified":"2025-06-30T13:10:10","modified_gmt":"2025-06-30T16:10:10","slug":"procuradoria-juridica","status":"publish","type":"page","link":"https:\/\/www.cambe.pr.gov.br\/index.php\/secretarias\/secretarias\/procuradoria-juridica\/","title":{"rendered":"Assuntos Jur\u00eddicos"},"content":{"rendered":"\t\t<div data-elementor-type=\"wp-page\" data-elementor-id=\"1419\" class=\"elementor elementor-1419\">\n\t\t\t\t\t\t<section class=\"elementor-section elementor-top-section elementor-element elementor-element-f8aa462 elementor-section-full_width elementor-section-height-default elementor-section-height-default\" data-id=\"f8aa462\" data-element_type=\"section\" data-e-type=\"section\">\n\t\t\t\t\t\t<div class=\"elementor-container elementor-column-gap-default\">\n\t\t\t\t\t<div class=\"elementor-column elementor-col-100 elementor-top-column elementor-element elementor-element-9f7bb38\" data-id=\"9f7bb38\" data-element_type=\"column\" data-e-type=\"column\">\n\t\t\t<div class=\"elementor-widget-wrap elementor-element-populated\">\n\t\t\t\t\t\t<div class=\"elementor-element elementor-element-5ef8a6c elementor-widget elementor-widget-eael-adv-tabs\" data-id=\"5ef8a6c\" data-element_type=\"widget\" data-e-type=\"widget\" data-widget_type=\"eael-adv-tabs.default\">\n\t\t\t\t<div class=\"elementor-widget-container\">\n\t\t\t\t\t        <div data-scroll-on-click=\"no\" data-scroll-speed=\"300\" id=\"eael-advance-tabs-5ef8a6c\" class=\"eael-advance-tabs eael-tabs-vertical eael-tab-auto-active \" data-tabid=\"5ef8a6c\">\n            <div class=\"eael-tabs-nav \">\n                <ul class=\"eael-tab-inline-icon\" role=\"tablist\">\n                                            <li id=\"dados-gerais\" class=\"inactive eael-tab-item-trigger eael-tab-nav-item\" aria-selected=\"true\" data-tab=\"1\" role=\"tab\" tabindex=\"0\" aria-controls=\"dados-gerais-tab\" aria-expanded=\"false\">\n                            \n                                                                <i class=\"far fa-folder\"><\/i>                                                            \n                                                            <span class=\"eael-tab-title title-after-icon\" >Dados Gerais<\/span>                            \n                                                    <\/li>\n                                            <li id=\"secretria\" class=\"inactive eael-tab-item-trigger eael-tab-nav-item\" aria-selected=\"false\" data-tab=\"2\" role=\"tab\" tabindex=\"-1\" aria-controls=\"secretria-tab\" aria-expanded=\"false\">\n                            \n                                                                <i class=\"far fa-user\"><\/i>                                                            \n                                                            <span class=\"eael-tab-title title-after-icon\" >Secret\u00e1ria<\/span>                            \n                                                    <\/li>\n                                            <li id=\"contato\" class=\"inactive eael-tab-item-trigger eael-tab-nav-item\" aria-selected=\"false\" data-tab=\"3\" role=\"tab\" tabindex=\"-1\" aria-controls=\"contato-tab\" aria-expanded=\"false\">\n                            \n                                                                <i class=\"fas fa-phone-alt\"><\/i>                                                            \n                                                            <span class=\"eael-tab-title title-after-icon\" >Contato<\/span>                            \n                                                    <\/li>\n                    \n                                  <\/ul>\n            <\/div>\n            \n            <div class=\"eael-tabs-content\">\n\t\t        \n                    <div id=\"dados-gerais-tab\" class=\"clearfix eael-tab-content-item inactive\" data-title-link=\"dados-gerais-tab\">\n\t\t\t\t        <h5>DAS ATRIBUI\u00c7\u00d5ES<\/h5><p>A Secretaria Municipal de Assuntos Jur\u00eddicos (Procuradoria Jur\u00eddica) do Munic\u00edpio de Camb\u00e9 tem por atribui\u00e7\u00e3o dar suporte ao Poder Executivo em assuntos de natureza jur\u00eddica, com \u00eanfase na \u00e1rea administrativa, com a elabora\u00e7\u00e3o de pareceres, como tamb\u00e9m no patroc\u00ednio e a defesa em quest\u00f5es judiciais.<\/p><h5>DAS COMPET\u00caNCIAS<\/h5><p>A Secretaria Municipal de Assuntos Jur\u00eddicos (Procuradoria Jur\u00eddica) \u00e9 \u00f3rg\u00e3o diretamente subordinado ao Prefeito do Munic\u00edpio, com as seguintes compet\u00eancias:<\/p><p>&#8211;\u00a0 \u00a0 \u00a0 Elabora\u00e7\u00e3o, an\u00e1lise e emiss\u00e3o de pareceres sobre projetos de lei, contratos administrativos, Termos de Conv\u00eanios, e outros atos normativos da \u00e1rea do Direito Administrativo;<\/p><p>&#8211;\u00a0 \u00a0 \u00a0 Representa\u00e7\u00e3o do Munic\u00edpio no foro judicial;<\/p><p>&#8211;\u00a0 \u00a0 \u00a0 Representa\u00e7\u00e3o do Munic\u00edpio no foro extrajudicial;<\/p><p>&#8211;\u00a0 \u00a0 \u00a0 Concentra\u00e7\u00e3o, articula\u00e7\u00e3o, coordena\u00e7\u00e3o e execu\u00e7\u00e3o das atividades judiciais de interesse do Munic\u00edpio;<\/p><p>&#8211;\u00a0 \u00a0 \u00a0 Apresenta\u00e7\u00e3o dos Executivos Fiscais visando a cobran\u00e7a judicial da D\u00edvida Ativa;<\/p><p>&#8211;\u00a0 \u00a0 \u00a0 Assessoria jur\u00eddica da administra\u00e7\u00e3o direta e indireta;<\/p><p>&#8211;\u00a0 \u00a0 \u00a0 An\u00e1lise e elabora\u00e7\u00e3o de pareceres jur\u00eddicos dos Processos de Licita\u00e7\u00e3o;<\/p><p>&#8211;\u00a0 \u00a0 \u00a0 Realiza\u00e7\u00e3o de outras atividades mais que estejam dentro do \u00e2mbito de sua compet\u00eancia.<\/p><h5><br \/>PROCON<\/h5><p>Compete ao Procon formular, coordenar e executar programas e atividades relacionadas com a defesa do consumidor; orientar e defender os consumidores contra poss\u00edveis abusos praticados nas rela\u00e7\u00f5es de consumo; informar, conscientizar e motivar os consumidores a buscarem seus direitos; receber e apurar reclama\u00e7\u00f5es de consumidores; realizar pesquisas de pre\u00e7os de produtos; realizar fiscaliza\u00e7\u00e3o nos estabelecimentos de com\u00e9rcio de produtos e\/ou presta\u00e7\u00e3o de servi\u00e7os, aplicando as san\u00e7\u00f5es administrativas quando verificado alguma viola\u00e7\u00e3o aos direitos dos consumidores.<\/p><p>O Procon realiza atendimento presencial, com agendamento de hor\u00e1rio ( Rua Par\u00e1, 126 \u2013 centro), por telefone (3174-2851 ou 151) e por e.mail (procon@camb\u00e9.pr.gov.br).<\/p>                    <\/div>\n\t\t        \n                    <div id=\"secretria-tab\" class=\"clearfix eael-tab-content-item inactive\" data-title-link=\"secretria-tab\">\n\t\t\t\t        <p>Bruno Henrique Reis Guedes<\/p>                    <\/div>\n\t\t        \n                    <div id=\"contato-tab\" class=\"clearfix eael-tab-content-item inactive\" data-title-link=\"contato-tab\">\n\t\t\t\t        <p>Telefone: (43) 3174-0416<\/p><p>E-mail: juridico@cambe.pr.gov.br<\/p>                    <\/div>\n\t\t                    <\/div>\n        <\/div>\n\t\t\t\t<\/div>\n\t\t\t\t<\/div>\n\t\t\t\t\t<\/div>\n\t\t<\/div>\n\t\t\t\t\t<\/div>\n\t\t<\/section>\n\t\t\t\t<\/div>\n\t\t","protected":false},"excerpt":{"rendered":"<p>Dados Gerais Secret\u00e1ria Contato DAS ATRIBUI\u00c7\u00d5ES A Secretaria Municipal de Assuntos Jur\u00eddicos (Procuradoria Jur\u00eddica) do Munic\u00edpio de Camb\u00e9 tem por atribui\u00e7\u00e3o dar suporte ao Poder Executivo em assuntos de natureza jur\u00eddica, com \u00eanfase na \u00e1rea administrativa, com a elabora\u00e7\u00e3o de pareceres, como tamb\u00e9m no patroc\u00ednio e a defesa em quest\u00f5es judiciais. DAS COMPET\u00caNCIAS A Secretaria [&hellip;]<\/p>\n","protected":false},"author":1,"featured_media":0,"parent":1255,"menu_order":0,"comment_status":"closed","ping_status":"closed","template":"","meta":{"ngg_post_thumbnail":0,"footnotes":""},"class_list":["post-1419","page","type-page","status-publish","hentry"],"yoast_head":"<!-- This site is optimized with the Yoast SEO plugin v27.4 - https:\/\/yoast.com\/product\/yoast-seo-wordpress\/ -->\n<title>Assuntos Jur\u00eddicos - Prefeitura de Camb\u00e9<\/title>\n<meta name=\"robots\" content=\"index, follow, max-snippet:-1, max-image-preview:large, max-video-preview:-1\" \/>\n<link rel=\"canonical\" href=\"https:\/\/www.cambe.pr.gov.br\/index.php\/secretarias\/secretarias\/procuradoria-juridica\/\" \/>\n<meta property=\"og:locale\" content=\"pt_BR\" \/>\n<meta property=\"og:type\" content=\"article\" \/>\n<meta property=\"og:title\" content=\"Assuntos Jur\u00eddicos - Prefeitura de Camb\u00e9\" \/>\n<meta property=\"og:description\" content=\"Dados Gerais Secret\u00e1ria Contato DAS ATRIBUI\u00c7\u00d5ES A Secretaria Municipal de Assuntos Jur\u00eddicos (Procuradoria Jur\u00eddica) do Munic\u00edpio de Camb\u00e9 tem por atribui\u00e7\u00e3o dar suporte ao Poder Executivo em assuntos de natureza jur\u00eddica, com \u00eanfase na \u00e1rea administrativa, com a elabora\u00e7\u00e3o de pareceres, como tamb\u00e9m no patroc\u00ednio e a defesa em quest\u00f5es judiciais. DAS COMPET\u00caNCIAS A Secretaria [&hellip;]\" \/>\n<meta property=\"og:url\" content=\"https:\/\/www.cambe.pr.gov.br\/index.php\/secretarias\/secretarias\/procuradoria-juridica\/\" \/>\n<meta property=\"og:site_name\" content=\"Prefeitura de Camb\u00e9\" \/>\n<meta property=\"article:publisher\" content=\"https:\/\/m.facebook.com\/prefeituradecambe\" \/>\n<meta property=\"article:modified_time\" content=\"2025-06-30T16:10:10+00:00\" \/>\n<meta property=\"og:image\" content=\"https:\/\/www.cambe.pr.gov.br\/wp-content\/uploads\/2021\/02\/Brasao_Prefeitura_21-24.png\" \/>\n\t<meta property=\"og:image:width\" content=\"602\" \/>\n\t<meta property=\"og:image:height\" content=\"86\" \/>\n\t<meta property=\"og:image:type\" content=\"image\/png\" \/>\n<meta name=\"twitter:card\" content=\"summary_large_image\" \/>\n<meta name=\"twitter:label1\" content=\"Est. tempo de leitura\" \/>\n\t<meta name=\"twitter:data1\" content=\"2 minutos\" \/>\n<script type=\"application\/ld+json\" class=\"yoast-schema-graph\">{\"@context\":\"https:\\\/\\\/schema.org\",\"@graph\":[{\"@type\":\"WebPage\",\"@id\":\"https:\\\/\\\/www.cambe.pr.gov.br\\\/index.php\\\/secretarias\\\/secretarias\\\/procuradoria-juridica\\\/\",\"url\":\"https:\\\/\\\/www.cambe.pr.gov.br\\\/index.php\\\/secretarias\\\/secretarias\\\/procuradoria-juridica\\\/\",\"name\":\"Assuntos Jur\u00eddicos - Prefeitura de Camb\u00e9\",\"isPartOf\":{\"@id\":\"https:\\\/\\\/www.cambe.pr.gov.br\\\/#website\"},\"datePublished\":\"2021-03-19T13:25:10+00:00\",\"dateModified\":\"2025-06-30T16:10:10+00:00\",\"breadcrumb\":{\"@id\":\"https:\\\/\\\/www.cambe.pr.gov.br\\\/index.php\\\/secretarias\\\/secretarias\\\/procuradoria-juridica\\\/#breadcrumb\"},\"inLanguage\":\"pt-BR\",\"potentialAction\":[{\"@type\":\"ReadAction\",\"target\":[\"https:\\\/\\\/www.cambe.pr.gov.br\\\/index.php\\\/secretarias\\\/secretarias\\\/procuradoria-juridica\\\/\"]}]},{\"@type\":\"BreadcrumbList\",\"@id\":\"https:\\\/\\\/www.cambe.pr.gov.br\\\/index.php\\\/secretarias\\\/secretarias\\\/procuradoria-juridica\\\/#breadcrumb\",\"itemListElement\":[{\"@type\":\"ListItem\",\"position\":1,\"name\":\"In\u00edcio\",\"item\":\"https:\\\/\\\/www.cambe.pr.gov.br\\\/\"},{\"@type\":\"ListItem\",\"position\":2,\"name\":\"Estrutura Administrativa\",\"item\":\"https:\\\/\\\/www.cambe.pr.gov.br\\\/index.php\\\/secretarias\\\/\"},{\"@type\":\"ListItem\",\"position\":3,\"name\":\"Secretarias\",\"item\":\"https:\\\/\\\/www.cambe.pr.gov.br\\\/index.php\\\/secretarias\\\/secretarias\\\/\"},{\"@type\":\"ListItem\",\"position\":4,\"name\":\"Assuntos Jur\u00eddicos\"}]},{\"@type\":\"WebSite\",\"@id\":\"https:\\\/\\\/www.cambe.pr.gov.br\\\/#website\",\"url\":\"https:\\\/\\\/www.cambe.pr.gov.br\\\/\",\"name\":\"Prefeitura de Camb\u00e9\",\"description\":\"UM GOVERNO PARA TODOS\",\"publisher\":{\"@id\":\"https:\\\/\\\/www.cambe.pr.gov.br\\\/#organization\"},\"potentialAction\":[{\"@type\":\"SearchAction\",\"target\":{\"@type\":\"EntryPoint\",\"urlTemplate\":\"https:\\\/\\\/www.cambe.pr.gov.br\\\/?s={search_term_string}\"},\"query-input\":{\"@type\":\"PropertyValueSpecification\",\"valueRequired\":true,\"valueName\":\"search_term_string\"}}],\"inLanguage\":\"pt-BR\"},{\"@type\":\"Organization\",\"@id\":\"https:\\\/\\\/www.cambe.pr.gov.br\\\/#organization\",\"name\":\"Prefeitura de Camb\u00e9\",\"url\":\"https:\\\/\\\/www.cambe.pr.gov.br\\\/\",\"logo\":{\"@type\":\"ImageObject\",\"inLanguage\":\"pt-BR\",\"@id\":\"https:\\\/\\\/www.cambe.pr.gov.br\\\/#\\\/schema\\\/logo\\\/image\\\/\",\"url\":\"https:\\\/\\\/www.cambe.pr.gov.br\\\/wp-content\\\/uploads\\\/2021\\\/01\\\/cropped-cropped-cambe_brazao-icone.png\",\"contentUrl\":\"https:\\\/\\\/www.cambe.pr.gov.br\\\/wp-content\\\/uploads\\\/2021\\\/01\\\/cropped-cropped-cambe_brazao-icone.png\",\"width\":240,\"height\":240,\"caption\":\"Prefeitura de Camb\u00e9\"},\"image\":{\"@id\":\"https:\\\/\\\/www.cambe.pr.gov.br\\\/#\\\/schema\\\/logo\\\/image\\\/\"},\"sameAs\":[\"https:\\\/\\\/m.facebook.com\\\/prefeituradecambe\"]}]}<\/script>\n<!-- \/ Yoast SEO plugin. -->","yoast_head_json":{"title":"Assuntos Jur\u00eddicos - Prefeitura de Camb\u00e9","robots":{"index":"index","follow":"follow","max-snippet":"max-snippet:-1","max-image-preview":"max-image-preview:large","max-video-preview":"max-video-preview:-1"},"canonical":"https:\/\/www.cambe.pr.gov.br\/index.php\/secretarias\/secretarias\/procuradoria-juridica\/","og_locale":"pt_BR","og_type":"article","og_title":"Assuntos Jur\u00eddicos - Prefeitura de Camb\u00e9","og_description":"Dados Gerais Secret\u00e1ria Contato DAS ATRIBUI\u00c7\u00d5ES A Secretaria Municipal de Assuntos Jur\u00eddicos (Procuradoria Jur\u00eddica) do Munic\u00edpio de Camb\u00e9 tem por atribui\u00e7\u00e3o dar suporte ao Poder Executivo em assuntos de natureza jur\u00eddica, com \u00eanfase na \u00e1rea administrativa, com a elabora\u00e7\u00e3o de pareceres, como tamb\u00e9m no patroc\u00ednio e a defesa em quest\u00f5es judiciais. DAS COMPET\u00caNCIAS A Secretaria [&hellip;]","og_url":"https:\/\/www.cambe.pr.gov.br\/index.php\/secretarias\/secretarias\/procuradoria-juridica\/","og_site_name":"Prefeitura de Camb\u00e9","article_publisher":"https:\/\/m.facebook.com\/prefeituradecambe","article_modified_time":"2025-06-30T16:10:10+00:00","og_image":[{"width":602,"height":86,"url":"https:\/\/www.cambe.pr.gov.br\/wp-content\/uploads\/2021\/02\/Brasao_Prefeitura_21-24.png","type":"image\/png"}],"twitter_card":"summary_large_image","twitter_misc":{"Est. tempo de leitura":"2 minutos"},"schema":{"@context":"https:\/\/schema.org","@graph":[{"@type":"WebPage","@id":"https:\/\/www.cambe.pr.gov.br\/index.php\/secretarias\/secretarias\/procuradoria-juridica\/","url":"https:\/\/www.cambe.pr.gov.br\/index.php\/secretarias\/secretarias\/procuradoria-juridica\/","name":"Assuntos Jur\u00eddicos - Prefeitura de Camb\u00e9","isPartOf":{"@id":"https:\/\/www.cambe.pr.gov.br\/#website"},"datePublished":"2021-03-19T13:25:10+00:00","dateModified":"2025-06-30T16:10:10+00:00","breadcrumb":{"@id":"https:\/\/www.cambe.pr.gov.br\/index.php\/secretarias\/secretarias\/procuradoria-juridica\/#breadcrumb"},"inLanguage":"pt-BR","potentialAction":[{"@type":"ReadAction","target":["https:\/\/www.cambe.pr.gov.br\/index.php\/secretarias\/secretarias\/procuradoria-juridica\/"]}]},{"@type":"BreadcrumbList","@id":"https:\/\/www.cambe.pr.gov.br\/index.php\/secretarias\/secretarias\/procuradoria-juridica\/#breadcrumb","itemListElement":[{"@type":"ListItem","position":1,"name":"In\u00edcio","item":"https:\/\/www.cambe.pr.gov.br\/"},{"@type":"ListItem","position":2,"name":"Estrutura Administrativa","item":"https:\/\/www.cambe.pr.gov.br\/index.php\/secretarias\/"},{"@type":"ListItem","position":3,"name":"Secretarias","item":"https:\/\/www.cambe.pr.gov.br\/index.php\/secretarias\/secretarias\/"},{"@type":"ListItem","position":4,"name":"Assuntos Jur\u00eddicos"}]},{"@type":"WebSite","@id":"https:\/\/www.cambe.pr.gov.br\/#website","url":"https:\/\/www.cambe.pr.gov.br\/","name":"Prefeitura de Camb\u00e9","description":"UM GOVERNO PARA TODOS","publisher":{"@id":"https:\/\/www.cambe.pr.gov.br\/#organization"},"potentialAction":[{"@type":"SearchAction","target":{"@type":"EntryPoint","urlTemplate":"https:\/\/www.cambe.pr.gov.br\/?s={search_term_string}"},"query-input":{"@type":"PropertyValueSpecification","valueRequired":true,"valueName":"search_term_string"}}],"inLanguage":"pt-BR"},{"@type":"Organization","@id":"https:\/\/www.cambe.pr.gov.br\/#organization","name":"Prefeitura de Camb\u00e9","url":"https:\/\/www.cambe.pr.gov.br\/","logo":{"@type":"ImageObject","inLanguage":"pt-BR","@id":"https:\/\/www.cambe.pr.gov.br\/#\/schema\/logo\/image\/","url":"https:\/\/www.cambe.pr.gov.br\/wp-content\/uploads\/2021\/01\/cropped-cropped-cambe_brazao-icone.png","contentUrl":"https:\/\/www.cambe.pr.gov.br\/wp-content\/uploads\/2021\/01\/cropped-cropped-cambe_brazao-icone.png","width":240,"height":240,"caption":"Prefeitura de Camb\u00e9"},"image":{"@id":"https:\/\/www.cambe.pr.gov.br\/#\/schema\/logo\/image\/"},"sameAs":["https:\/\/m.facebook.com\/prefeituradecambe"]}]}},"_links":{"self":[{"href":"https:\/\/www.cambe.pr.gov.br\/index.php\/wp-json\/wp\/v2\/pages\/1419","targetHints":{"allow":["GET"]}}],"collection":[{"href":"https:\/\/www.cambe.pr.gov.br\/index.php\/wp-json\/wp\/v2\/pages"}],"about":[{"href":"https:\/\/www.cambe.pr.gov.br\/index.php\/wp-json\/wp\/v2\/types\/page"}],"author":[{"embeddable":true,"href":"https:\/\/www.cambe.pr.gov.br\/index.php\/wp-json\/wp\/v2\/users\/1"}],"replies":[{"embeddable":true,"href":"https:\/\/www.cambe.pr.gov.br\/index.php\/wp-json\/wp\/v2\/comments?post=1419"}],"version-history":[{"count":33,"href":"https:\/\/www.cambe.pr.gov.br\/index.php\/wp-json\/wp\/v2\/pages\/1419\/revisions"}],"predecessor-version":[{"id":17324,"href":"https:\/\/www.cambe.pr.gov.br\/index.php\/wp-json\/wp\/v2\/pages\/1419\/revisions\/17324"}],"up":[{"embeddable":true,"href":"https:\/\/www.cambe.pr.gov.br\/index.php\/wp-json\/wp\/v2\/pages\/1255"}],"wp:attachment":[{"href":"https:\/\/www.cambe.pr.gov.br\/index.php\/wp-json\/wp\/v2\/media?parent=1419"}],"curies":[{"name":"wp","href":"https:\/\/api.w.org\/{rel}","templated":true}]}}