{"id":1381,"date":"2021-03-19T09:28:44","date_gmt":"2021-03-19T12:28:44","guid":{"rendered":"http:\/\/www.cambe.pr.gov.br\/?page_id=1381"},"modified":"2023-08-17T15:05:26","modified_gmt":"2023-08-17T18:05:26","slug":"ouvidoria","status":"publish","type":"page","link":"https:\/\/www.cambe.pr.gov.br\/index.php\/secretarias\/secretarias\/ouvidoria\/","title":{"rendered":"Ouvidoria"},"content":{"rendered":"\t\t<div data-elementor-type=\"wp-page\" data-elementor-id=\"1381\" class=\"elementor elementor-1381\">\n\t\t\t\t\t\t<section class=\"elementor-section elementor-top-section elementor-element elementor-element-3c007fb elementor-section-full_width elementor-section-height-default elementor-section-height-default\" data-id=\"3c007fb\" data-element_type=\"section\" data-e-type=\"section\">\n\t\t\t\t\t\t<div class=\"elementor-container elementor-column-gap-default\">\n\t\t\t\t\t<div class=\"elementor-column elementor-col-100 elementor-top-column elementor-element elementor-element-23d3407\" data-id=\"23d3407\" data-element_type=\"column\" data-e-type=\"column\">\n\t\t\t<div class=\"elementor-widget-wrap elementor-element-populated\">\n\t\t\t\t\t\t<div class=\"elementor-element elementor-element-d8d86a8 elementor-widget elementor-widget-eael-adv-tabs\" data-id=\"d8d86a8\" data-element_type=\"widget\" data-e-type=\"widget\" data-widget_type=\"eael-adv-tabs.default\">\n\t\t\t\t<div class=\"elementor-widget-container\">\n\t\t\t\t\t        <div data-scroll-on-click=\"no\" data-scroll-speed=\"300\" id=\"eael-advance-tabs-d8d86a8\" class=\"eael-advance-tabs eael-tabs-vertical eael-tab-auto-active \" data-tabid=\"d8d86a8\">\n            <div class=\"eael-tabs-nav \">\n                <ul class=\"eael-tab-inline-icon\" role=\"tablist\">\n                                            <li id=\"dados-gerais\" class=\"inactive eael-tab-item-trigger eael-tab-nav-item\" aria-selected=\"true\" data-tab=\"1\" role=\"tab\" tabindex=\"0\" aria-controls=\"dados-gerais-tab\" aria-expanded=\"false\">\n                            \n                                                                <i class=\"fas fa-home\"><\/i>                                                            \n                                                            <span class=\"eael-tab-title title-after-icon\" >Dados Gerais<\/span>                            \n                                                    <\/li>\n                                            <li id=\"responsvel\" class=\"inactive eael-tab-item-trigger eael-tab-nav-item\" aria-selected=\"false\" data-tab=\"2\" role=\"tab\" tabindex=\"-1\" aria-controls=\"responsvel-tab\" aria-expanded=\"false\">\n                            \n                                                                <i class=\"far fa-user\"><\/i>                                                            \n                                                            <span class=\"eael-tab-title title-after-icon\" >Respons\u00e1vel<\/span>                            \n                                                    <\/li>\n                                            <li id=\"contato\" class=\"inactive eael-tab-item-trigger eael-tab-nav-item\" aria-selected=\"false\" data-tab=\"3\" role=\"tab\" tabindex=\"-1\" aria-controls=\"contato-tab\" aria-expanded=\"false\">\n                            \n                                                                <i class=\"fas fa-phone-alt\"><\/i>                                                            \n                                                            <span class=\"eael-tab-title title-after-icon\" >Contato<\/span>                            \n                                                    <\/li>\n                                            <li id=\"atendimento\" class=\"inactive eael-tab-item-trigger eael-tab-nav-item\" aria-selected=\"false\" data-tab=\"4\" role=\"tab\" tabindex=\"-1\" aria-controls=\"atendimento-tab\" aria-expanded=\"false\">\n                            \n                                                                <i class=\"far fa-handshake\"><\/i>                                                            \n                                                            <span class=\"eael-tab-title title-after-icon\" >Atendimento<\/span>                            \n                                                    <\/li>\n                                            <li id=\"prestao-de-contas\" class=\"inactive eael-tab-item-trigger eael-tab-nav-item\" aria-selected=\"false\" data-tab=\"5\" role=\"tab\" tabindex=\"-1\" aria-controls=\"prestao-de-contas-tab\" aria-expanded=\"false\">\n                            \n                                                                <i class=\"fas fa-file-signature\"><\/i>                                                            \n                                                            <span class=\"eael-tab-title title-after-icon\" >Presta\u00e7\u00e3o de Contas<\/span>                            \n                                                    <\/li>\n                    \n                                  <\/ul>\n            <\/div>\n            \n            <div class=\"eael-tabs-content\">\n\t\t        \n                    <div id=\"dados-gerais-tab\" class=\"clearfix eael-tab-content-item inactive\" data-title-link=\"dados-gerais-tab\">\n\t\t\t\t        <p>A Ouvidoria Municipal tem como atribui\u00e7\u00f5es receber elogios, receber e apurar den\u00fancias, reclama\u00e7\u00f5es, sugest\u00f5es e pedidos de informa\u00e7\u00f5es sobre servi\u00e7os p\u00fablicos considerados ilegais, comissivos ou omissivos, arbitr\u00e1rios e desonestos ou que contrariem o interesse p\u00fablico.\u00a0<\/p><p>\u00c9 dever da ouvidoria manter o sigilo sobre a identidade do autor da ocorr\u00eancia, bem como sobre a fonte, salvo quando autorizado e se necess\u00e1rio providenciar junto aos \u00f3rg\u00e3os competentes, prote\u00e7\u00e3o aos denunciantes.\u00a0<\/p><p>Tamb\u00e9m \u00e9 de fun\u00e7\u00e3o da ouvidoria municipal elaborar e publicas semestralmente e anualmente no Jornal Oficial, relat\u00f3rios de suas atividades e avalia\u00e7\u00f5es da qualidade dos servi\u00e7os p\u00fablicos.\u00a0<\/p>                    <\/div>\n\t\t        \n                    <div id=\"responsvel-tab\" class=\"clearfix eael-tab-content-item inactive\" data-title-link=\"responsvel-tab\">\n\t\t\t\t        <p>Frederico Ferreira\u00a0<\/p>                    <\/div>\n\t\t        \n                    <div id=\"contato-tab\" class=\"clearfix eael-tab-content-item inactive\" data-title-link=\"contato-tab\">\n\t\t\t\t        <p>Telefone: 156 ou (43) 3174-2771<\/p><p>E-mail: ouvidoria@cambe.pr.gov.br<\/p>                    <\/div>\n\t\t        \n                    <div id=\"atendimento-tab\" class=\"clearfix eael-tab-content-item inactive\" data-title-link=\"atendimento-tab\">\n\t\t\t\t        <p>Qualquer pessoa interessada poder\u00e1 registrar uma ocorr\u00eancia na Ouvidoria Municipal podendo ser uma reclama\u00e7\u00e3o, sugest\u00e3o, elogio, solicita\u00e7\u00e3o e denuncia. Atrav\u00e9s dos seguintes meios:<\/p><h5><strong>Site \u2013 De modo online, pelo site: <a href=\"http:\/\/sistema.cambe.pr.gov.br:8082\/ouvidoria\/orgaos\/123\/fale_ouvidor.php\">CLIQUE AQUI<\/a>.<\/strong><\/h5><p><strong>156\u00a0<\/strong>\u2013 por telefone fixo atrav\u00e9s de discagem direta 156 ao custo de uma liga\u00e7\u00e3o local.<\/p><p><strong>e-mail<\/strong> \u2013 encaminhar uma mensagem via e-mail contendo o contudo da reclama\u00e7\u00e3o e dados do autor da ocorr\u00eancia para encaminharmos uma resposta. (ouvidoria@cambe.pr.gov.br)<\/p><p><strong>Pessoalmente<\/strong> \u2013 Tamb\u00e9m poder\u00e1 registrar sua ocorr\u00eancia diretamente na Ouvidoria Rua Par\u00e1, 46 &#8211; Centro, no hor\u00e1rio de funcionamento da prefeitura ou entregar um requerimento por escrito.<\/p><p><strong>Canal do Servidor<\/strong> \u2013\u00a0O canal do servidor \u00e9 um atendimento exclusivo para os funcion\u00e1rios municipais que poder\u00e1 registrar sua ocorr\u00eancia tamb\u00e9m por este site ou enviar um e-mail para\u00a0canaldoservidor@cambe.pr.gov.br.<\/p><p>Lembrando que todas as ocorr\u00eancias s\u00e3o mantidas em sigilo, e caso necess\u00e1rio a identifica\u00e7\u00e3o do autor ser\u00e1 solicitada autoriza\u00e7\u00e3o.Salientamos a import\u00e2ncia do autor da ocorr\u00eancia se identificar para que possamos lhe manter informado do andamento ou da conclus\u00e3o do atendimento.<\/p>                    <\/div>\n\t\t        \n                    <div id=\"prestao-de-contas-tab\" class=\"clearfix eael-tab-content-item inactive\" data-title-link=\"prestao-de-contas-tab\">\n\t\t\t\t        <p>A presta\u00e7\u00e3o de contas \u00e9 publicada no portal de transpar\u00eancia do munic\u00edpio.\u00a0 Acesse o menu Pedido de Informa\u00e7\u00e3o, Relat\u00f3rio de Gest\u00e3o Anual, <a href=\"http:\/\/transparencia.cambe.pr.gov.br:8092\/portal\/informacoes\/gestao_anual.xhtml\">CLIQUE AQUI.<\/a><\/p>                    <\/div>\n\t\t                    <\/div>\n        <\/div>\n\t\t\t\t<\/div>\n\t\t\t\t<\/div>\n\t\t\t\t\t<\/div>\n\t\t<\/div>\n\t\t\t\t\t<\/div>\n\t\t<\/section>\n\t\t\t\t<\/div>\n\t\t","protected":false},"excerpt":{"rendered":"<p>Dados Gerais Respons\u00e1vel Contato Atendimento Presta\u00e7\u00e3o de Contas A Ouvidoria Municipal tem como atribui\u00e7\u00f5es receber elogios, receber e apurar den\u00fancias, reclama\u00e7\u00f5es, sugest\u00f5es e pedidos de informa\u00e7\u00f5es sobre servi\u00e7os p\u00fablicos considerados ilegais, comissivos ou omissivos, arbitr\u00e1rios e desonestos ou que contrariem o interesse p\u00fablico.\u00a0 \u00c9 dever da ouvidoria manter o sigilo sobre a identidade do autor [&hellip;]<\/p>\n","protected":false},"author":1,"featured_media":0,"parent":1255,"menu_order":0,"comment_status":"closed","ping_status":"closed","template":"","meta":{"ngg_post_thumbnail":0,"footnotes":""},"class_list":["post-1381","page","type-page","status-publish","hentry"],"yoast_head":"<!-- This site is optimized with the Yoast SEO plugin v27.4 - https:\/\/yoast.com\/product\/yoast-seo-wordpress\/ -->\n<title>Ouvidoria - Prefeitura de Camb\u00e9<\/title>\n<meta name=\"robots\" content=\"index, follow, max-snippet:-1, max-image-preview:large, max-video-preview:-1\" \/>\n<link rel=\"canonical\" href=\"https:\/\/www.cambe.pr.gov.br\/index.php\/secretarias\/secretarias\/ouvidoria\/\" \/>\n<meta property=\"og:locale\" content=\"pt_BR\" \/>\n<meta property=\"og:type\" content=\"article\" \/>\n<meta property=\"og:title\" content=\"Ouvidoria - Prefeitura de Camb\u00e9\" \/>\n<meta property=\"og:description\" content=\"Dados Gerais Respons\u00e1vel Contato Atendimento Presta\u00e7\u00e3o de Contas A Ouvidoria Municipal tem como atribui\u00e7\u00f5es receber elogios, receber e apurar den\u00fancias, reclama\u00e7\u00f5es, sugest\u00f5es e pedidos de informa\u00e7\u00f5es sobre servi\u00e7os p\u00fablicos considerados ilegais, comissivos ou omissivos, arbitr\u00e1rios e desonestos ou que contrariem o interesse p\u00fablico.\u00a0 \u00c9 dever da ouvidoria manter o sigilo sobre a identidade do autor [&hellip;]\" \/>\n<meta property=\"og:url\" content=\"https:\/\/www.cambe.pr.gov.br\/index.php\/secretarias\/secretarias\/ouvidoria\/\" \/>\n<meta property=\"og:site_name\" content=\"Prefeitura de Camb\u00e9\" \/>\n<meta property=\"article:publisher\" content=\"https:\/\/m.facebook.com\/prefeituradecambe\" \/>\n<meta property=\"article:modified_time\" content=\"2023-08-17T18:05:26+00:00\" \/>\n<meta property=\"og:image\" content=\"https:\/\/www.cambe.pr.gov.br\/wp-content\/uploads\/2021\/02\/Brasao_Prefeitura_21-24.png\" \/>\n\t<meta property=\"og:image:width\" content=\"602\" \/>\n\t<meta property=\"og:image:height\" content=\"86\" \/>\n\t<meta property=\"og:image:type\" content=\"image\/png\" \/>\n<meta name=\"twitter:card\" content=\"summary_large_image\" \/>\n<meta name=\"twitter:label1\" content=\"Est. tempo de leitura\" \/>\n\t<meta name=\"twitter:data1\" content=\"2 minutos\" \/>\n<script type=\"application\/ld+json\" class=\"yoast-schema-graph\">{\"@context\":\"https:\\\/\\\/schema.org\",\"@graph\":[{\"@type\":\"WebPage\",\"@id\":\"https:\\\/\\\/www.cambe.pr.gov.br\\\/index.php\\\/secretarias\\\/secretarias\\\/ouvidoria\\\/\",\"url\":\"https:\\\/\\\/www.cambe.pr.gov.br\\\/index.php\\\/secretarias\\\/secretarias\\\/ouvidoria\\\/\",\"name\":\"Ouvidoria - Prefeitura de Camb\u00e9\",\"isPartOf\":{\"@id\":\"https:\\\/\\\/www.cambe.pr.gov.br\\\/#website\"},\"datePublished\":\"2021-03-19T12:28:44+00:00\",\"dateModified\":\"2023-08-17T18:05:26+00:00\",\"breadcrumb\":{\"@id\":\"https:\\\/\\\/www.cambe.pr.gov.br\\\/index.php\\\/secretarias\\\/secretarias\\\/ouvidoria\\\/#breadcrumb\"},\"inLanguage\":\"pt-BR\",\"potentialAction\":[{\"@type\":\"ReadAction\",\"target\":[\"https:\\\/\\\/www.cambe.pr.gov.br\\\/index.php\\\/secretarias\\\/secretarias\\\/ouvidoria\\\/\"]}]},{\"@type\":\"BreadcrumbList\",\"@id\":\"https:\\\/\\\/www.cambe.pr.gov.br\\\/index.php\\\/secretarias\\\/secretarias\\\/ouvidoria\\\/#breadcrumb\",\"itemListElement\":[{\"@type\":\"ListItem\",\"position\":1,\"name\":\"In\u00edcio\",\"item\":\"https:\\\/\\\/www.cambe.pr.gov.br\\\/\"},{\"@type\":\"ListItem\",\"position\":2,\"name\":\"Estrutura Administrativa\",\"item\":\"https:\\\/\\\/www.cambe.pr.gov.br\\\/index.php\\\/secretarias\\\/\"},{\"@type\":\"ListItem\",\"position\":3,\"name\":\"Secretarias\",\"item\":\"https:\\\/\\\/www.cambe.pr.gov.br\\\/index.php\\\/secretarias\\\/secretarias\\\/\"},{\"@type\":\"ListItem\",\"position\":4,\"name\":\"Ouvidoria\"}]},{\"@type\":\"WebSite\",\"@id\":\"https:\\\/\\\/www.cambe.pr.gov.br\\\/#website\",\"url\":\"https:\\\/\\\/www.cambe.pr.gov.br\\\/\",\"name\":\"Prefeitura de Camb\u00e9\",\"description\":\"UM GOVERNO PARA TODOS\",\"publisher\":{\"@id\":\"https:\\\/\\\/www.cambe.pr.gov.br\\\/#organization\"},\"potentialAction\":[{\"@type\":\"SearchAction\",\"target\":{\"@type\":\"EntryPoint\",\"urlTemplate\":\"https:\\\/\\\/www.cambe.pr.gov.br\\\/?s={search_term_string}\"},\"query-input\":{\"@type\":\"PropertyValueSpecification\",\"valueRequired\":true,\"valueName\":\"search_term_string\"}}],\"inLanguage\":\"pt-BR\"},{\"@type\":\"Organization\",\"@id\":\"https:\\\/\\\/www.cambe.pr.gov.br\\\/#organization\",\"name\":\"Prefeitura de Camb\u00e9\",\"url\":\"https:\\\/\\\/www.cambe.pr.gov.br\\\/\",\"logo\":{\"@type\":\"ImageObject\",\"inLanguage\":\"pt-BR\",\"@id\":\"https:\\\/\\\/www.cambe.pr.gov.br\\\/#\\\/schema\\\/logo\\\/image\\\/\",\"url\":\"https:\\\/\\\/www.cambe.pr.gov.br\\\/wp-content\\\/uploads\\\/2021\\\/01\\\/cropped-cropped-cambe_brazao-icone.png\",\"contentUrl\":\"https:\\\/\\\/www.cambe.pr.gov.br\\\/wp-content\\\/uploads\\\/2021\\\/01\\\/cropped-cropped-cambe_brazao-icone.png\",\"width\":240,\"height\":240,\"caption\":\"Prefeitura de Camb\u00e9\"},\"image\":{\"@id\":\"https:\\\/\\\/www.cambe.pr.gov.br\\\/#\\\/schema\\\/logo\\\/image\\\/\"},\"sameAs\":[\"https:\\\/\\\/m.facebook.com\\\/prefeituradecambe\"]}]}<\/script>\n<!-- \/ Yoast SEO plugin. -->","yoast_head_json":{"title":"Ouvidoria - Prefeitura de Camb\u00e9","robots":{"index":"index","follow":"follow","max-snippet":"max-snippet:-1","max-image-preview":"max-image-preview:large","max-video-preview":"max-video-preview:-1"},"canonical":"https:\/\/www.cambe.pr.gov.br\/index.php\/secretarias\/secretarias\/ouvidoria\/","og_locale":"pt_BR","og_type":"article","og_title":"Ouvidoria - Prefeitura de Camb\u00e9","og_description":"Dados Gerais Respons\u00e1vel Contato Atendimento Presta\u00e7\u00e3o de Contas A Ouvidoria Municipal tem como atribui\u00e7\u00f5es receber elogios, receber e apurar den\u00fancias, reclama\u00e7\u00f5es, sugest\u00f5es e pedidos de informa\u00e7\u00f5es sobre servi\u00e7os p\u00fablicos considerados ilegais, comissivos ou omissivos, arbitr\u00e1rios e desonestos ou que contrariem o interesse p\u00fablico.\u00a0 \u00c9 dever da ouvidoria manter o sigilo sobre a identidade do autor [&hellip;]","og_url":"https:\/\/www.cambe.pr.gov.br\/index.php\/secretarias\/secretarias\/ouvidoria\/","og_site_name":"Prefeitura de Camb\u00e9","article_publisher":"https:\/\/m.facebook.com\/prefeituradecambe","article_modified_time":"2023-08-17T18:05:26+00:00","og_image":[{"width":602,"height":86,"url":"https:\/\/www.cambe.pr.gov.br\/wp-content\/uploads\/2021\/02\/Brasao_Prefeitura_21-24.png","type":"image\/png"}],"twitter_card":"summary_large_image","twitter_misc":{"Est. tempo de leitura":"2 minutos"},"schema":{"@context":"https:\/\/schema.org","@graph":[{"@type":"WebPage","@id":"https:\/\/www.cambe.pr.gov.br\/index.php\/secretarias\/secretarias\/ouvidoria\/","url":"https:\/\/www.cambe.pr.gov.br\/index.php\/secretarias\/secretarias\/ouvidoria\/","name":"Ouvidoria - Prefeitura de Camb\u00e9","isPartOf":{"@id":"https:\/\/www.cambe.pr.gov.br\/#website"},"datePublished":"2021-03-19T12:28:44+00:00","dateModified":"2023-08-17T18:05:26+00:00","breadcrumb":{"@id":"https:\/\/www.cambe.pr.gov.br\/index.php\/secretarias\/secretarias\/ouvidoria\/#breadcrumb"},"inLanguage":"pt-BR","potentialAction":[{"@type":"ReadAction","target":["https:\/\/www.cambe.pr.gov.br\/index.php\/secretarias\/secretarias\/ouvidoria\/"]}]},{"@type":"BreadcrumbList","@id":"https:\/\/www.cambe.pr.gov.br\/index.php\/secretarias\/secretarias\/ouvidoria\/#breadcrumb","itemListElement":[{"@type":"ListItem","position":1,"name":"In\u00edcio","item":"https:\/\/www.cambe.pr.gov.br\/"},{"@type":"ListItem","position":2,"name":"Estrutura Administrativa","item":"https:\/\/www.cambe.pr.gov.br\/index.php\/secretarias\/"},{"@type":"ListItem","position":3,"name":"Secretarias","item":"https:\/\/www.cambe.pr.gov.br\/index.php\/secretarias\/secretarias\/"},{"@type":"ListItem","position":4,"name":"Ouvidoria"}]},{"@type":"WebSite","@id":"https:\/\/www.cambe.pr.gov.br\/#website","url":"https:\/\/www.cambe.pr.gov.br\/","name":"Prefeitura de Camb\u00e9","description":"UM GOVERNO PARA TODOS","publisher":{"@id":"https:\/\/www.cambe.pr.gov.br\/#organization"},"potentialAction":[{"@type":"SearchAction","target":{"@type":"EntryPoint","urlTemplate":"https:\/\/www.cambe.pr.gov.br\/?s={search_term_string}"},"query-input":{"@type":"PropertyValueSpecification","valueRequired":true,"valueName":"search_term_string"}}],"inLanguage":"pt-BR"},{"@type":"Organization","@id":"https:\/\/www.cambe.pr.gov.br\/#organization","name":"Prefeitura de Camb\u00e9","url":"https:\/\/www.cambe.pr.gov.br\/","logo":{"@type":"ImageObject","inLanguage":"pt-BR","@id":"https:\/\/www.cambe.pr.gov.br\/#\/schema\/logo\/image\/","url":"https:\/\/www.cambe.pr.gov.br\/wp-content\/uploads\/2021\/01\/cropped-cropped-cambe_brazao-icone.png","contentUrl":"https:\/\/www.cambe.pr.gov.br\/wp-content\/uploads\/2021\/01\/cropped-cropped-cambe_brazao-icone.png","width":240,"height":240,"caption":"Prefeitura de Camb\u00e9"},"image":{"@id":"https:\/\/www.cambe.pr.gov.br\/#\/schema\/logo\/image\/"},"sameAs":["https:\/\/m.facebook.com\/prefeituradecambe"]}]}},"_links":{"self":[{"href":"https:\/\/www.cambe.pr.gov.br\/index.php\/wp-json\/wp\/v2\/pages\/1381","targetHints":{"allow":["GET"]}}],"collection":[{"href":"https:\/\/www.cambe.pr.gov.br\/index.php\/wp-json\/wp\/v2\/pages"}],"about":[{"href":"https:\/\/www.cambe.pr.gov.br\/index.php\/wp-json\/wp\/v2\/types\/page"}],"author":[{"embeddable":true,"href":"https:\/\/www.cambe.pr.gov.br\/index.php\/wp-json\/wp\/v2\/users\/1"}],"replies":[{"embeddable":true,"href":"https:\/\/www.cambe.pr.gov.br\/index.php\/wp-json\/wp\/v2\/comments?post=1381"}],"version-history":[{"count":40,"href":"https:\/\/www.cambe.pr.gov.br\/index.php\/wp-json\/wp\/v2\/pages\/1381\/revisions"}],"predecessor-version":[{"id":11754,"href":"https:\/\/www.cambe.pr.gov.br\/index.php\/wp-json\/wp\/v2\/pages\/1381\/revisions\/11754"}],"up":[{"embeddable":true,"href":"https:\/\/www.cambe.pr.gov.br\/index.php\/wp-json\/wp\/v2\/pages\/1255"}],"wp:attachment":[{"href":"https:\/\/www.cambe.pr.gov.br\/index.php\/wp-json\/wp\/v2\/media?parent=1381"}],"curies":[{"name":"wp","href":"https:\/\/api.w.org\/{rel}","templated":true}]}}