{"id":1333,"date":"2021-03-19T09:01:02","date_gmt":"2021-03-19T12:01:02","guid":{"rendered":"http:\/\/www.cambe.pr.gov.br\/?page_id=1333"},"modified":"2025-10-15T16:35:03","modified_gmt":"2025-10-15T19:35:03","slug":"esportes","status":"publish","type":"page","link":"https:\/\/www.cambe.pr.gov.br\/index.php\/secretarias\/secretarias\/esportes\/","title":{"rendered":"Esportes e Lazer"},"content":{"rendered":"\t\t<div data-elementor-type=\"wp-page\" data-elementor-id=\"1333\" class=\"elementor elementor-1333\">\n\t\t\t\t\t\t<section class=\"elementor-section elementor-top-section elementor-element elementor-element-974547c elementor-section-full_width elementor-section-height-default elementor-section-height-default\" data-id=\"974547c\" data-element_type=\"section\" data-e-type=\"section\">\n\t\t\t\t\t\t<div class=\"elementor-container elementor-column-gap-default\">\n\t\t\t\t\t<div class=\"elementor-column elementor-col-100 elementor-top-column elementor-element elementor-element-2fca8c2\" data-id=\"2fca8c2\" data-element_type=\"column\" data-e-type=\"column\">\n\t\t\t<div class=\"elementor-widget-wrap elementor-element-populated\">\n\t\t\t\t\t\t<div class=\"elementor-element elementor-element-3e68a40 elementor-widget elementor-widget-eael-adv-tabs\" data-id=\"3e68a40\" data-element_type=\"widget\" data-e-type=\"widget\" data-widget_type=\"eael-adv-tabs.default\">\n\t\t\t\t<div class=\"elementor-widget-container\">\n\t\t\t\t\t        <div data-scroll-on-click=\"no\" data-scroll-speed=\"300\" id=\"eael-advance-tabs-3e68a40\" class=\"eael-advance-tabs eael-tabs-vertical eael-tab-auto-active \" data-tabid=\"3e68a40\">\n            <div class=\"eael-tabs-nav \">\n                <ul class=\"eael-tab-inline-icon\" role=\"tablist\">\n                                            <li id=\"dados-gerais\" class=\"inactive eael-tab-item-trigger eael-tab-nav-item\" aria-selected=\"true\" data-tab=\"1\" role=\"tab\" tabindex=\"0\" aria-controls=\"dados-gerais-tab\" aria-expanded=\"false\">\n                            \n                                                                <i class=\"fas fa-home\"><\/i>                                                            \n                                                            <span class=\"eael-tab-title title-after-icon\" >Dados Gerais<\/span>                            \n                                                    <\/li>\n                                            <li id=\"secretria\" class=\"inactive eael-tab-item-trigger eael-tab-nav-item\" aria-selected=\"false\" data-tab=\"2\" role=\"tab\" tabindex=\"-1\" aria-controls=\"secretria-tab\" aria-expanded=\"false\">\n                            \n                                                                <i class=\"far fa-user\"><\/i>                                                            \n                                                            <span class=\"eael-tab-title title-after-icon\" >Secret\u00e1ria<\/span>                            \n                                                    <\/li>\n                                            <li id=\"contato\" class=\"inactive eael-tab-item-trigger eael-tab-nav-item\" aria-selected=\"false\" data-tab=\"3\" role=\"tab\" tabindex=\"-1\" aria-controls=\"contato-tab\" aria-expanded=\"false\">\n                            \n                                                                <i class=\"fas fa-phone-alt\"><\/i>                                                            \n                                                            <span class=\"eael-tab-title title-after-icon\" >Contato<\/span>                            \n                                                    <\/li>\n                                            <li id=\"centro-da-juventude\" class=\"inactive eael-tab-item-trigger eael-tab-nav-item\" aria-selected=\"false\" data-tab=\"4\" role=\"tab\" tabindex=\"-1\" aria-controls=\"centro-da-juventude-tab\" aria-expanded=\"false\">\n                            \n                                                                <i class=\"far fa-copyright\"><\/i>                                                            \n                                                            <span class=\"eael-tab-title title-after-icon\" >Centro da Juventude<\/span>                            \n                                                    <\/li>\n                                            <li id=\"bolsas\" class=\"inactive eael-tab-item-trigger eael-tab-nav-item\" aria-selected=\"false\" data-tab=\"5\" role=\"tab\" tabindex=\"-1\" aria-controls=\"bolsas-tab\" aria-expanded=\"false\">\n                            \n                                                                <i class=\"fas fa-basketball-ball\"><\/i>                                                            \n                                                            <span class=\"eael-tab-title title-after-icon\" >Bolsas<\/span>                            \n                                                    <\/li>\n                    \n                                  <\/ul>\n            <\/div>\n            \n            <div class=\"eael-tabs-content\">\n\t\t        \n                    <div id=\"dados-gerais-tab\" class=\"clearfix eael-tab-content-item inactive\" data-title-link=\"dados-gerais-tab\">\n\t\t\t\t        <p>Secretaria de Esporte e Lazer tem por finalidade promover, apoiar, desenvolver e incentivar as pr\u00e1ticas esportivas e de lazer no Munic\u00edpio.<\/p><p>Apoiar e supervisionar o desenvolvimento dos esportes amadores e da Educa\u00e7\u00e3o F\u00edsica no Munic\u00edpio, estimulando \u00e0 pr\u00e1tica dos esportes;<br \/>Administrar os equipamentos municipais destinados \u00e0 pr\u00e1tica de esportes;<br \/>Promover programas desportivos, promo\u00e7\u00e3o \u00e0 sa\u00fade, de recrea\u00e7\u00e3o e lazer, de interesse da popula\u00e7\u00e3o;<br \/>Estabelecer parcerias junto a \u00f3rg\u00e3os afins, inclusive ligas, federa\u00e7\u00f5es e empresas, para incentivar e ampliar a pr\u00e1tica desportiva junto \u00e0 popula\u00e7\u00e3o;<br \/>Analisar e propor atividades recreativas e de lazer, que atendam as expectativas e especificidade de cada regi\u00e3o da cidade;<br \/>Promover e incentivar a\u00e7\u00f5es para a pr\u00e1tica de atividades para 3\u00aa idade.<br \/>Promover e incentivar a\u00e7\u00f5es junto a secretaria de educa\u00e7\u00e3o para a pr\u00e1tica de atividades inclusivas para deficientes matriculados na rede municipal de ensino.<\/p>                    <\/div>\n\t\t        \n                    <div id=\"secretria-tab\" class=\"clearfix eael-tab-content-item inactive\" data-title-link=\"secretria-tab\">\n\t\t\t\t        <p>Telma Gamba<\/p>                    <\/div>\n\t\t        \n                    <div id=\"contato-tab\" class=\"clearfix eael-tab-content-item inactive\" data-title-link=\"contato-tab\">\n\t\t\t\t        <p>Telefone: (43) 3174-9343<\/p><p>E-mail: esportes@cambe.pr.gov.br<\/p>                    <\/div>\n\t\t        \n                    <div id=\"centro-da-juventude-tab\" class=\"clearfix eael-tab-content-item inactive\" data-title-link=\"centro-da-juventude-tab\">\n\t\t\t\t        <h4 style=\"text-align: center\">CENTRO DA JUVENTUDE<\/h4><p style=\"text-align: center\"><img fetchpriority=\"high\" decoding=\"async\" class=\"wp-image-11014 aligncenter\" src=\"https:\/\/www.cambe.pr.gov.br\/wp-content\/uploads\/2023\/07\/CentroJuventude-300x169.jpg\" alt=\"\" width=\"601\" height=\"338\" srcset=\"https:\/\/www.cambe.pr.gov.br\/wp-content\/uploads\/2023\/07\/CentroJuventude-300x169.jpg 300w, https:\/\/www.cambe.pr.gov.br\/wp-content\/uploads\/2023\/07\/CentroJuventude-768x432.jpg 768w, https:\/\/www.cambe.pr.gov.br\/wp-content\/uploads\/2023\/07\/CentroJuventude.jpg 1024w\" sizes=\"(max-width: 601px) 100vw, 601px\" \/><br \/>Avenida Pedro Viriato Parigot de Souza, 953<br \/>Jardim Castelo Branco<br \/>Contato: 3174-0519<\/p><table style=\"border-collapse: collapse;width: 100%\"><tbody><tr><td style=\"width: 33.3333%;text-align: center\"><a href=\"https:\/\/www.cambe.pr.gov.br\/index.php\/secretarias\/secretarias\/esportes\/centro-da-juventude\/\"><img decoding=\"async\" class=\"alignnone wp-image-11098 size-full\" src=\"https:\/\/www.cambe.pr.gov.br\/wp-content\/uploads\/2023\/07\/QuemSomos-e1689784719647.png\" alt=\"\" width=\"208\" height=\"100\" \/><\/a><br \/><a href=\"https:\/\/www.cambe.pr.gov.br\/index.php\/secretarias\/secretarias\/assistencia-social\/centro-da-juventude\/\">Nossa hist\u00f3ria<\/a><\/td><td style=\"width: 33.3333%;text-align: center\"><a href=\"https:\/\/www.cambe.pr.gov.br\/index.php\/secretarias\/secretarias\/assistencia-social\/centro-da-juventude-atividades\/\"><img decoding=\"async\" class=\"alignnone wp-image-10996 size-full\" src=\"https:\/\/www.cambe.pr.gov.br\/wp-content\/uploads\/2023\/07\/PreInscricao-e1689784726531.png\" alt=\"\" width=\"265\" height=\"100\" \/><\/a><br \/><a href=\"https:\/\/www.cambe.pr.gov.br\/index.php\/secretarias\/secretarias\/assistencia-social\/centro-da-juventude-atividades\/\">Nossas atividades<\/a><\/td><td style=\"width: 33.3333%;text-align: center\"><a href=\"https:\/\/forms.gle\/TUTzKoPqBcdnTwn5A\"><img loading=\"lazy\" decoding=\"async\" class=\"alignnone size-full wp-image-11101\" src=\"https:\/\/www.cambe.pr.gov.br\/wp-content\/uploads\/2023\/07\/SugestaoCurso-e1689784703558.jpg\" alt=\"\" width=\"200\" height=\"100\" \/><\/a><br \/><a href=\"https:\/\/forms.gle\/TUTzKoPqBcdnTwn5A\">Sugest\u00e3o Curso \/ Palestra<\/a><\/td><\/tr><\/tbody><\/table>                    <\/div>\n\t\t        \n                    <div id=\"bolsas-tab\" class=\"clearfix eael-tab-content-item inactive\" data-title-link=\"bolsas-tab\">\n\t\t\t\t        <h4>\u00a0<\/h4><h4 style=\"text-align: center\"><a href=\"https:\/\/www.cambe.pr.gov.br\/index.php\/secretarias\/secretarias\/esportes\/bolsa-atleta\/\">Acesse o Bolsa Atleta<\/a><\/h4><h4 style=\"text-align: center\"><a href=\"https:\/\/www.cambe.pr.gov.br\/index.php\/secretarias\/secretarias\/esportes\/bolsa-tecnico\/\">Acesse o Bolsa T\u00e9cnico<\/a><\/h4>                    <\/div>\n\t\t                    <\/div>\n        <\/div>\n\t\t\t\t<\/div>\n\t\t\t\t<\/div>\n\t\t\t\t\t<\/div>\n\t\t<\/div>\n\t\t\t\t\t<\/div>\n\t\t<\/section>\n\t\t\t\t<\/div>\n\t\t","protected":false},"excerpt":{"rendered":"<p>Dados Gerais Secret\u00e1ria Contato Centro da Juventude Bolsas Secretaria de Esporte e Lazer tem por finalidade promover, apoiar, desenvolver e incentivar as pr\u00e1ticas esportivas e de lazer no Munic\u00edpio. Apoiar e supervisionar o desenvolvimento dos esportes amadores e da Educa\u00e7\u00e3o F\u00edsica no Munic\u00edpio, estimulando \u00e0 pr\u00e1tica dos esportes;Administrar os equipamentos municipais destinados \u00e0 pr\u00e1tica de [&hellip;]<\/p>\n","protected":false},"author":1,"featured_media":0,"parent":1255,"menu_order":0,"comment_status":"closed","ping_status":"closed","template":"","meta":{"ngg_post_thumbnail":0,"footnotes":""},"class_list":["post-1333","page","type-page","status-publish","hentry"],"yoast_head":"<!-- This site is optimized with the Yoast SEO plugin v27.4 - https:\/\/yoast.com\/product\/yoast-seo-wordpress\/ -->\n<title>Esportes e Lazer - Prefeitura de Camb\u00e9<\/title>\n<meta name=\"robots\" content=\"index, follow, max-snippet:-1, max-image-preview:large, max-video-preview:-1\" \/>\n<link rel=\"canonical\" href=\"https:\/\/www.cambe.pr.gov.br\/index.php\/secretarias\/secretarias\/esportes\/\" \/>\n<meta property=\"og:locale\" content=\"pt_BR\" \/>\n<meta property=\"og:type\" content=\"article\" \/>\n<meta property=\"og:title\" content=\"Esportes e Lazer - Prefeitura de Camb\u00e9\" \/>\n<meta property=\"og:description\" content=\"Dados Gerais Secret\u00e1ria Contato Centro da Juventude Bolsas Secretaria de Esporte e Lazer tem por finalidade promover, apoiar, desenvolver e incentivar as pr\u00e1ticas esportivas e de lazer no Munic\u00edpio. Apoiar e supervisionar o desenvolvimento dos esportes amadores e da Educa\u00e7\u00e3o F\u00edsica no Munic\u00edpio, estimulando \u00e0 pr\u00e1tica dos esportes;Administrar os equipamentos municipais destinados \u00e0 pr\u00e1tica de [&hellip;]\" \/>\n<meta property=\"og:url\" content=\"https:\/\/www.cambe.pr.gov.br\/index.php\/secretarias\/secretarias\/esportes\/\" \/>\n<meta property=\"og:site_name\" content=\"Prefeitura de Camb\u00e9\" \/>\n<meta property=\"article:publisher\" content=\"https:\/\/m.facebook.com\/prefeituradecambe\" \/>\n<meta property=\"article:modified_time\" content=\"2025-10-15T19:35:03+00:00\" \/>\n<meta property=\"og:image\" content=\"http:\/\/www.cambe.pr.gov.br\/wp-content\/uploads\/2023\/07\/CentroJuventude-300x169.jpg\" \/>\n<meta name=\"twitter:card\" content=\"summary_large_image\" \/>\n<meta name=\"twitter:label1\" content=\"Est. tempo de leitura\" \/>\n\t<meta name=\"twitter:data1\" content=\"2 minutos\" \/>\n<script type=\"application\/ld+json\" class=\"yoast-schema-graph\">{\"@context\":\"https:\\\/\\\/schema.org\",\"@graph\":[{\"@type\":\"WebPage\",\"@id\":\"https:\\\/\\\/www.cambe.pr.gov.br\\\/index.php\\\/secretarias\\\/secretarias\\\/esportes\\\/\",\"url\":\"https:\\\/\\\/www.cambe.pr.gov.br\\\/index.php\\\/secretarias\\\/secretarias\\\/esportes\\\/\",\"name\":\"Esportes e Lazer - Prefeitura de Camb\u00e9\",\"isPartOf\":{\"@id\":\"https:\\\/\\\/www.cambe.pr.gov.br\\\/#website\"},\"primaryImageOfPage\":{\"@id\":\"https:\\\/\\\/www.cambe.pr.gov.br\\\/index.php\\\/secretarias\\\/secretarias\\\/esportes\\\/#primaryimage\"},\"image\":{\"@id\":\"https:\\\/\\\/www.cambe.pr.gov.br\\\/index.php\\\/secretarias\\\/secretarias\\\/esportes\\\/#primaryimage\"},\"thumbnailUrl\":\"http:\\\/\\\/www.cambe.pr.gov.br\\\/wp-content\\\/uploads\\\/2023\\\/07\\\/CentroJuventude-300x169.jpg\",\"datePublished\":\"2021-03-19T12:01:02+00:00\",\"dateModified\":\"2025-10-15T19:35:03+00:00\",\"breadcrumb\":{\"@id\":\"https:\\\/\\\/www.cambe.pr.gov.br\\\/index.php\\\/secretarias\\\/secretarias\\\/esportes\\\/#breadcrumb\"},\"inLanguage\":\"pt-BR\",\"potentialAction\":[{\"@type\":\"ReadAction\",\"target\":[\"https:\\\/\\\/www.cambe.pr.gov.br\\\/index.php\\\/secretarias\\\/secretarias\\\/esportes\\\/\"]}]},{\"@type\":\"ImageObject\",\"inLanguage\":\"pt-BR\",\"@id\":\"https:\\\/\\\/www.cambe.pr.gov.br\\\/index.php\\\/secretarias\\\/secretarias\\\/esportes\\\/#primaryimage\",\"url\":\"http:\\\/\\\/www.cambe.pr.gov.br\\\/wp-content\\\/uploads\\\/2023\\\/07\\\/CentroJuventude-300x169.jpg\",\"contentUrl\":\"http:\\\/\\\/www.cambe.pr.gov.br\\\/wp-content\\\/uploads\\\/2023\\\/07\\\/CentroJuventude-300x169.jpg\"},{\"@type\":\"BreadcrumbList\",\"@id\":\"https:\\\/\\\/www.cambe.pr.gov.br\\\/index.php\\\/secretarias\\\/secretarias\\\/esportes\\\/#breadcrumb\",\"itemListElement\":[{\"@type\":\"ListItem\",\"position\":1,\"name\":\"In\u00edcio\",\"item\":\"https:\\\/\\\/www.cambe.pr.gov.br\\\/\"},{\"@type\":\"ListItem\",\"position\":2,\"name\":\"Estrutura Administrativa\",\"item\":\"https:\\\/\\\/www.cambe.pr.gov.br\\\/index.php\\\/secretarias\\\/\"},{\"@type\":\"ListItem\",\"position\":3,\"name\":\"Secretarias\",\"item\":\"https:\\\/\\\/www.cambe.pr.gov.br\\\/index.php\\\/secretarias\\\/secretarias\\\/\"},{\"@type\":\"ListItem\",\"position\":4,\"name\":\"Esportes e Lazer\"}]},{\"@type\":\"WebSite\",\"@id\":\"https:\\\/\\\/www.cambe.pr.gov.br\\\/#website\",\"url\":\"https:\\\/\\\/www.cambe.pr.gov.br\\\/\",\"name\":\"Prefeitura de Camb\u00e9\",\"description\":\"UM GOVERNO PARA TODOS\",\"publisher\":{\"@id\":\"https:\\\/\\\/www.cambe.pr.gov.br\\\/#organization\"},\"potentialAction\":[{\"@type\":\"SearchAction\",\"target\":{\"@type\":\"EntryPoint\",\"urlTemplate\":\"https:\\\/\\\/www.cambe.pr.gov.br\\\/?s={search_term_string}\"},\"query-input\":{\"@type\":\"PropertyValueSpecification\",\"valueRequired\":true,\"valueName\":\"search_term_string\"}}],\"inLanguage\":\"pt-BR\"},{\"@type\":\"Organization\",\"@id\":\"https:\\\/\\\/www.cambe.pr.gov.br\\\/#organization\",\"name\":\"Prefeitura de Camb\u00e9\",\"url\":\"https:\\\/\\\/www.cambe.pr.gov.br\\\/\",\"logo\":{\"@type\":\"ImageObject\",\"inLanguage\":\"pt-BR\",\"@id\":\"https:\\\/\\\/www.cambe.pr.gov.br\\\/#\\\/schema\\\/logo\\\/image\\\/\",\"url\":\"https:\\\/\\\/www.cambe.pr.gov.br\\\/wp-content\\\/uploads\\\/2021\\\/01\\\/cropped-cropped-cambe_brazao-icone.png\",\"contentUrl\":\"https:\\\/\\\/www.cambe.pr.gov.br\\\/wp-content\\\/uploads\\\/2021\\\/01\\\/cropped-cropped-cambe_brazao-icone.png\",\"width\":240,\"height\":240,\"caption\":\"Prefeitura de Camb\u00e9\"},\"image\":{\"@id\":\"https:\\\/\\\/www.cambe.pr.gov.br\\\/#\\\/schema\\\/logo\\\/image\\\/\"},\"sameAs\":[\"https:\\\/\\\/m.facebook.com\\\/prefeituradecambe\"]}]}<\/script>\n<!-- \/ Yoast SEO plugin. -->","yoast_head_json":{"title":"Esportes e Lazer - Prefeitura de Camb\u00e9","robots":{"index":"index","follow":"follow","max-snippet":"max-snippet:-1","max-image-preview":"max-image-preview:large","max-video-preview":"max-video-preview:-1"},"canonical":"https:\/\/www.cambe.pr.gov.br\/index.php\/secretarias\/secretarias\/esportes\/","og_locale":"pt_BR","og_type":"article","og_title":"Esportes e Lazer - Prefeitura de Camb\u00e9","og_description":"Dados Gerais Secret\u00e1ria Contato Centro da Juventude Bolsas Secretaria de Esporte e Lazer tem por finalidade promover, apoiar, desenvolver e incentivar as pr\u00e1ticas esportivas e de lazer no Munic\u00edpio. Apoiar e supervisionar o desenvolvimento dos esportes amadores e da Educa\u00e7\u00e3o F\u00edsica no Munic\u00edpio, estimulando \u00e0 pr\u00e1tica dos esportes;Administrar os equipamentos municipais destinados \u00e0 pr\u00e1tica de [&hellip;]","og_url":"https:\/\/www.cambe.pr.gov.br\/index.php\/secretarias\/secretarias\/esportes\/","og_site_name":"Prefeitura de Camb\u00e9","article_publisher":"https:\/\/m.facebook.com\/prefeituradecambe","article_modified_time":"2025-10-15T19:35:03+00:00","og_image":[{"url":"http:\/\/www.cambe.pr.gov.br\/wp-content\/uploads\/2023\/07\/CentroJuventude-300x169.jpg","type":"","width":"","height":""}],"twitter_card":"summary_large_image","twitter_misc":{"Est. tempo de leitura":"2 minutos"},"schema":{"@context":"https:\/\/schema.org","@graph":[{"@type":"WebPage","@id":"https:\/\/www.cambe.pr.gov.br\/index.php\/secretarias\/secretarias\/esportes\/","url":"https:\/\/www.cambe.pr.gov.br\/index.php\/secretarias\/secretarias\/esportes\/","name":"Esportes e Lazer - Prefeitura de Camb\u00e9","isPartOf":{"@id":"https:\/\/www.cambe.pr.gov.br\/#website"},"primaryImageOfPage":{"@id":"https:\/\/www.cambe.pr.gov.br\/index.php\/secretarias\/secretarias\/esportes\/#primaryimage"},"image":{"@id":"https:\/\/www.cambe.pr.gov.br\/index.php\/secretarias\/secretarias\/esportes\/#primaryimage"},"thumbnailUrl":"http:\/\/www.cambe.pr.gov.br\/wp-content\/uploads\/2023\/07\/CentroJuventude-300x169.jpg","datePublished":"2021-03-19T12:01:02+00:00","dateModified":"2025-10-15T19:35:03+00:00","breadcrumb":{"@id":"https:\/\/www.cambe.pr.gov.br\/index.php\/secretarias\/secretarias\/esportes\/#breadcrumb"},"inLanguage":"pt-BR","potentialAction":[{"@type":"ReadAction","target":["https:\/\/www.cambe.pr.gov.br\/index.php\/secretarias\/secretarias\/esportes\/"]}]},{"@type":"ImageObject","inLanguage":"pt-BR","@id":"https:\/\/www.cambe.pr.gov.br\/index.php\/secretarias\/secretarias\/esportes\/#primaryimage","url":"http:\/\/www.cambe.pr.gov.br\/wp-content\/uploads\/2023\/07\/CentroJuventude-300x169.jpg","contentUrl":"http:\/\/www.cambe.pr.gov.br\/wp-content\/uploads\/2023\/07\/CentroJuventude-300x169.jpg"},{"@type":"BreadcrumbList","@id":"https:\/\/www.cambe.pr.gov.br\/index.php\/secretarias\/secretarias\/esportes\/#breadcrumb","itemListElement":[{"@type":"ListItem","position":1,"name":"In\u00edcio","item":"https:\/\/www.cambe.pr.gov.br\/"},{"@type":"ListItem","position":2,"name":"Estrutura Administrativa","item":"https:\/\/www.cambe.pr.gov.br\/index.php\/secretarias\/"},{"@type":"ListItem","position":3,"name":"Secretarias","item":"https:\/\/www.cambe.pr.gov.br\/index.php\/secretarias\/secretarias\/"},{"@type":"ListItem","position":4,"name":"Esportes e Lazer"}]},{"@type":"WebSite","@id":"https:\/\/www.cambe.pr.gov.br\/#website","url":"https:\/\/www.cambe.pr.gov.br\/","name":"Prefeitura de Camb\u00e9","description":"UM GOVERNO PARA TODOS","publisher":{"@id":"https:\/\/www.cambe.pr.gov.br\/#organization"},"potentialAction":[{"@type":"SearchAction","target":{"@type":"EntryPoint","urlTemplate":"https:\/\/www.cambe.pr.gov.br\/?s={search_term_string}"},"query-input":{"@type":"PropertyValueSpecification","valueRequired":true,"valueName":"search_term_string"}}],"inLanguage":"pt-BR"},{"@type":"Organization","@id":"https:\/\/www.cambe.pr.gov.br\/#organization","name":"Prefeitura de Camb\u00e9","url":"https:\/\/www.cambe.pr.gov.br\/","logo":{"@type":"ImageObject","inLanguage":"pt-BR","@id":"https:\/\/www.cambe.pr.gov.br\/#\/schema\/logo\/image\/","url":"https:\/\/www.cambe.pr.gov.br\/wp-content\/uploads\/2021\/01\/cropped-cropped-cambe_brazao-icone.png","contentUrl":"https:\/\/www.cambe.pr.gov.br\/wp-content\/uploads\/2021\/01\/cropped-cropped-cambe_brazao-icone.png","width":240,"height":240,"caption":"Prefeitura de Camb\u00e9"},"image":{"@id":"https:\/\/www.cambe.pr.gov.br\/#\/schema\/logo\/image\/"},"sameAs":["https:\/\/m.facebook.com\/prefeituradecambe"]}]}},"_links":{"self":[{"href":"https:\/\/www.cambe.pr.gov.br\/index.php\/wp-json\/wp\/v2\/pages\/1333","targetHints":{"allow":["GET"]}}],"collection":[{"href":"https:\/\/www.cambe.pr.gov.br\/index.php\/wp-json\/wp\/v2\/pages"}],"about":[{"href":"https:\/\/www.cambe.pr.gov.br\/index.php\/wp-json\/wp\/v2\/types\/page"}],"author":[{"embeddable":true,"href":"https:\/\/www.cambe.pr.gov.br\/index.php\/wp-json\/wp\/v2\/users\/1"}],"replies":[{"embeddable":true,"href":"https:\/\/www.cambe.pr.gov.br\/index.php\/wp-json\/wp\/v2\/comments?post=1333"}],"version-history":[{"count":50,"href":"https:\/\/www.cambe.pr.gov.br\/index.php\/wp-json\/wp\/v2\/pages\/1333\/revisions"}],"predecessor-version":[{"id":17974,"href":"https:\/\/www.cambe.pr.gov.br\/index.php\/wp-json\/wp\/v2\/pages\/1333\/revisions\/17974"}],"up":[{"embeddable":true,"href":"https:\/\/www.cambe.pr.gov.br\/index.php\/wp-json\/wp\/v2\/pages\/1255"}],"wp:attachment":[{"href":"https:\/\/www.cambe.pr.gov.br\/index.php\/wp-json\/wp\/v2\/media?parent=1333"}],"curies":[{"name":"wp","href":"https:\/\/api.w.org\/{rel}","templated":true}]}}