{"id":1255,"date":"2021-03-17T17:53:39","date_gmt":"2021-03-17T20:53:39","guid":{"rendered":"http:\/\/www.cambe.pr.gov.br\/?page_id=1255"},"modified":"2025-06-30T10:51:40","modified_gmt":"2025-06-30T13:51:40","slug":"secretarias","status":"publish","type":"page","link":"https:\/\/www.cambe.pr.gov.br\/index.php\/secretarias\/secretarias\/","title":{"rendered":"Secretarias"},"content":{"rendered":"\t\t<div data-elementor-type=\"wp-page\" data-elementor-id=\"1255\" class=\"elementor elementor-1255\">\n\t\t\t\t\t\t<section class=\"elementor-section elementor-top-section elementor-element elementor-element-114b736 elementor-section-boxed elementor-section-height-default elementor-section-height-default\" data-id=\"114b736\" data-element_type=\"section\" data-e-type=\"section\">\n\t\t\t\t\t\t<div class=\"elementor-container elementor-column-gap-default\">\n\t\t\t\t\t<div class=\"elementor-column elementor-col-100 elementor-top-column elementor-element elementor-element-577a654\" data-id=\"577a654\" data-element_type=\"column\" data-e-type=\"column\">\n\t\t\t<div class=\"elementor-widget-wrap elementor-element-populated\">\n\t\t\t\t\t\t<div class=\"elementor-element elementor-element-ab5545d elementor-widget elementor-widget-text-editor\" data-id=\"ab5545d\" data-element_type=\"widget\" data-e-type=\"widget\" data-widget_type=\"text-editor.default\">\n\t\t\t\t<div class=\"elementor-widget-container\">\n\t\t\t\t\t\t\t\t\t<p><a href=\"https:\/\/www.cambe.pr.gov.br\/site\/index.php\/secretarias\/secretarias\/administracao\/\">Administra\u00e7\u00e3o<\/a><\/p><p><a href=\"https:\/\/www.cambe.pr.gov.br\/site\/index.php\/secretarias\/secretarias\/agricultura-e-meio-ambiente\/\">Agricultura e Meio Ambiente<\/a><\/p><p><a href=\"https:\/\/www.cambe.pr.gov.br\/site\/index.php\/secretarias\/secretarias\/assistencia-social\/\">Assist\u00eancia Social e Cidadania<\/a><\/p><p><a href=\"https:\/\/www.cambe.pr.gov.br\/site\/index.php\/assuntos-comunitarios\/\">Assuntos Comunit\u00e1rios<\/a><\/p><p><a href=\"https:\/\/www.cambe.pr.gov.br\/site\/index.php\/secretarias\/secretarias\/procuradoria-juridica\/\">Assuntos Jur\u00eddicos<\/a><\/p><p><a href=\"https:\/\/www.cambe.pr.gov.br\/site\/index.php\/secretarias\/secretarias\/auditoria-e-controle-interno\/\">Auditoria e Controle Interno<\/a><\/p><p><a href=\"https:\/\/www.cambe.pr.gov.br\/site\/index.php\/captacao-de-recursos-e-investimentos\/\">Capta\u00e7\u00e3o de Recursos e Investimentos\u00a0<\/a><\/p><p><a href=\"https:\/\/www.cambe.pr.gov.br\/site\/index.php\/secretarias\/secretarias\/comunicacao\/\">Comunica\u00e7\u00e3o<\/a><\/p><p><a href=\"https:\/\/www.cambe.pr.gov.br\/site\/index.php\/secretarias\/secretarias\/cultura\/\"><span style=\"color: #ff0000;\">Educa\u00e7\u00e3o e<\/span> Cultura<\/a><\/p><p><a href=\"https:\/\/www.cambe.pr.gov.br\/site\/index.php\/secretarias\/secretarias\/desenvolvimento-economico\/\">Desenvolvimento Econ\u00f4mico<\/a><\/p><p><a href=\"https:\/\/www.cambe.pr.gov.br\/site\/index.php\/secretarias\/secretarias\/educacao-site\/\">Educa\u00e7\u00e3o (site)<\/a><\/p><p><a href=\"https:\/\/www.cambe.pr.gov.br\/site\/index.php\/secretarias\/secretarias\/esportes\/\">Esportes e Lazer<\/a><\/p><p><a href=\"https:\/\/www.cambe.pr.gov.br\/site\/index.php\/secretarias\/secretarias\/fazenda-site\/\">Fazenda (site)<\/a><\/p><p><a href=\"https:\/\/www.cambe.pr.gov.br\/site\/index.php\/fiscalizacao-urbana\/\">Fiscaliza\u00e7\u00e3o Urbana\u00a0<\/a><\/p><p><a href=\"https:\/\/www.cambe.pr.gov.br\/site\/index.php\/secretarias\/secretarias\/gabinete-do-prefeito\/\">Gabinete do Prefeito<\/a><\/p><p><a href=\"https:\/\/www.cambe.pr.gov.br\/site\/index.php\/secretarias\/secretarias\/governo\/\">Governo<\/a><\/p><p><a href=\"https:\/\/www.cambe.pr.gov.br\/site\/index.php\/secretarias\/secretarias\/obras\/\">Obras e Servi\u00e7os P\u00fablicos\u00a0<\/a><\/p><p><a href=\"https:\/\/www.cambe.pr.gov.br\/site\/index.php\/secretarias\/secretarias\/ouvidoria\/\">Ouvidoria<\/a><\/p><p><a href=\"https:\/\/www.cambe.pr.gov.br\/site\/index.php\/secretarias\/secretarias\/planejamento\/\">Planejamento<\/a><\/p><p><a href=\"https:\/\/www.cambe.pr.gov.br\/site\/index.php\/saude\/\">Sa\u00fade<\/a><\/p><p><a href=\"https:\/\/www.cambe.pr.gov.br\/site\/index.php\/seguranca-publica-e-transito\/\">Seguran\u00e7a P\u00fablica e Tr\u00e2nsito\u00a0<\/a><\/p><p><a href=\"https:\/\/www.cambe.pr.gov.br\/site\/index.php\/secretarias\/secretarias\/trabalho-e-profissionalizacao\/\">Trabalho e Profissionaliza\u00e7\u00e3o<\/a><\/p>\t\t\t\t\t\t\t\t<\/div>\n\t\t\t\t<\/div>\n\t\t\t\t\t<\/div>\n\t\t<\/div>\n\t\t\t\t\t<\/div>\n\t\t<\/section>\n\t\t\t\t<\/div>\n\t\t","protected":false},"excerpt":{"rendered":"<p>Administra\u00e7\u00e3o Agricultura e Meio Ambiente Assist\u00eancia Social e Cidadania Assuntos Comunit\u00e1rios Assuntos Jur\u00eddicos Auditoria e Controle Interno Capta\u00e7\u00e3o de Recursos e Investimentos\u00a0 Comunica\u00e7\u00e3o Educa\u00e7\u00e3o e Cultura Desenvolvimento Econ\u00f4mico Educa\u00e7\u00e3o (site) Esportes e Lazer Fazenda (site) Fiscaliza\u00e7\u00e3o Urbana\u00a0 Gabinete do Prefeito Governo Obras e Servi\u00e7os P\u00fablicos\u00a0 Ouvidoria Planejamento Sa\u00fade Seguran\u00e7a P\u00fablica e Tr\u00e2nsito\u00a0 Trabalho e Profissionaliza\u00e7\u00e3o<\/p>\n","protected":false},"author":1,"featured_media":0,"parent":204,"menu_order":0,"comment_status":"closed","ping_status":"closed","template":"","meta":{"ngg_post_thumbnail":0,"footnotes":""},"class_list":["post-1255","page","type-page","status-publish","hentry"],"yoast_head":"<!-- This site is optimized with the Yoast SEO plugin v27.4 - https:\/\/yoast.com\/product\/yoast-seo-wordpress\/ -->\n<title>Secretarias - Prefeitura de Camb\u00e9<\/title>\n<meta name=\"robots\" content=\"index, follow, max-snippet:-1, max-image-preview:large, max-video-preview:-1\" \/>\n<link rel=\"canonical\" href=\"https:\/\/www.cambe.pr.gov.br\/index.php\/secretarias\/secretarias\/\" \/>\n<meta property=\"og:locale\" content=\"pt_BR\" \/>\n<meta property=\"og:type\" content=\"article\" \/>\n<meta property=\"og:title\" content=\"Secretarias - Prefeitura de Camb\u00e9\" \/>\n<meta property=\"og:description\" content=\"Administra\u00e7\u00e3o Agricultura e Meio Ambiente Assist\u00eancia Social e Cidadania Assuntos Comunit\u00e1rios Assuntos Jur\u00eddicos Auditoria e Controle Interno Capta\u00e7\u00e3o de Recursos e Investimentos\u00a0 Comunica\u00e7\u00e3o Educa\u00e7\u00e3o e Cultura Desenvolvimento Econ\u00f4mico Educa\u00e7\u00e3o (site) Esportes e Lazer Fazenda (site) Fiscaliza\u00e7\u00e3o Urbana\u00a0 Gabinete do Prefeito Governo Obras e Servi\u00e7os P\u00fablicos\u00a0 Ouvidoria Planejamento Sa\u00fade Seguran\u00e7a P\u00fablica e Tr\u00e2nsito\u00a0 Trabalho e Profissionaliza\u00e7\u00e3o\" \/>\n<meta property=\"og:url\" content=\"https:\/\/www.cambe.pr.gov.br\/index.php\/secretarias\/secretarias\/\" \/>\n<meta property=\"og:site_name\" content=\"Prefeitura de Camb\u00e9\" \/>\n<meta property=\"article:publisher\" content=\"https:\/\/m.facebook.com\/prefeituradecambe\" \/>\n<meta property=\"article:modified_time\" content=\"2025-06-30T13:51:40+00:00\" \/>\n<meta property=\"og:image\" content=\"https:\/\/www.cambe.pr.gov.br\/wp-content\/uploads\/2021\/02\/Brasao_Prefeitura_21-24.png\" \/>\n\t<meta property=\"og:image:width\" content=\"602\" \/>\n\t<meta property=\"og:image:height\" content=\"86\" \/>\n\t<meta property=\"og:image:type\" content=\"image\/png\" \/>\n<meta name=\"twitter:card\" content=\"summary_large_image\" \/>\n<meta name=\"twitter:label1\" content=\"Est. tempo de leitura\" \/>\n\t<meta name=\"twitter:data1\" content=\"1 minuto\" \/>\n<script type=\"application\/ld+json\" class=\"yoast-schema-graph\">{\"@context\":\"https:\\\/\\\/schema.org\",\"@graph\":[{\"@type\":\"WebPage\",\"@id\":\"https:\\\/\\\/www.cambe.pr.gov.br\\\/index.php\\\/secretarias\\\/secretarias\\\/\",\"url\":\"https:\\\/\\\/www.cambe.pr.gov.br\\\/index.php\\\/secretarias\\\/secretarias\\\/\",\"name\":\"Secretarias - Prefeitura de Camb\u00e9\",\"isPartOf\":{\"@id\":\"https:\\\/\\\/www.cambe.pr.gov.br\\\/#website\"},\"datePublished\":\"2021-03-17T20:53:39+00:00\",\"dateModified\":\"2025-06-30T13:51:40+00:00\",\"breadcrumb\":{\"@id\":\"https:\\\/\\\/www.cambe.pr.gov.br\\\/index.php\\\/secretarias\\\/secretarias\\\/#breadcrumb\"},\"inLanguage\":\"pt-BR\",\"potentialAction\":[{\"@type\":\"ReadAction\",\"target\":[\"https:\\\/\\\/www.cambe.pr.gov.br\\\/index.php\\\/secretarias\\\/secretarias\\\/\"]}]},{\"@type\":\"BreadcrumbList\",\"@id\":\"https:\\\/\\\/www.cambe.pr.gov.br\\\/index.php\\\/secretarias\\\/secretarias\\\/#breadcrumb\",\"itemListElement\":[{\"@type\":\"ListItem\",\"position\":1,\"name\":\"In\u00edcio\",\"item\":\"https:\\\/\\\/www.cambe.pr.gov.br\\\/\"},{\"@type\":\"ListItem\",\"position\":2,\"name\":\"Estrutura Administrativa\",\"item\":\"https:\\\/\\\/www.cambe.pr.gov.br\\\/index.php\\\/secretarias\\\/\"},{\"@type\":\"ListItem\",\"position\":3,\"name\":\"Secretarias\"}]},{\"@type\":\"WebSite\",\"@id\":\"https:\\\/\\\/www.cambe.pr.gov.br\\\/#website\",\"url\":\"https:\\\/\\\/www.cambe.pr.gov.br\\\/\",\"name\":\"Prefeitura de Camb\u00e9\",\"description\":\"UM GOVERNO PARA TODOS\",\"publisher\":{\"@id\":\"https:\\\/\\\/www.cambe.pr.gov.br\\\/#organization\"},\"potentialAction\":[{\"@type\":\"SearchAction\",\"target\":{\"@type\":\"EntryPoint\",\"urlTemplate\":\"https:\\\/\\\/www.cambe.pr.gov.br\\\/?s={search_term_string}\"},\"query-input\":{\"@type\":\"PropertyValueSpecification\",\"valueRequired\":true,\"valueName\":\"search_term_string\"}}],\"inLanguage\":\"pt-BR\"},{\"@type\":\"Organization\",\"@id\":\"https:\\\/\\\/www.cambe.pr.gov.br\\\/#organization\",\"name\":\"Prefeitura de Camb\u00e9\",\"url\":\"https:\\\/\\\/www.cambe.pr.gov.br\\\/\",\"logo\":{\"@type\":\"ImageObject\",\"inLanguage\":\"pt-BR\",\"@id\":\"https:\\\/\\\/www.cambe.pr.gov.br\\\/#\\\/schema\\\/logo\\\/image\\\/\",\"url\":\"https:\\\/\\\/www.cambe.pr.gov.br\\\/wp-content\\\/uploads\\\/2021\\\/01\\\/cropped-cropped-cambe_brazao-icone.png\",\"contentUrl\":\"https:\\\/\\\/www.cambe.pr.gov.br\\\/wp-content\\\/uploads\\\/2021\\\/01\\\/cropped-cropped-cambe_brazao-icone.png\",\"width\":240,\"height\":240,\"caption\":\"Prefeitura de Camb\u00e9\"},\"image\":{\"@id\":\"https:\\\/\\\/www.cambe.pr.gov.br\\\/#\\\/schema\\\/logo\\\/image\\\/\"},\"sameAs\":[\"https:\\\/\\\/m.facebook.com\\\/prefeituradecambe\"]}]}<\/script>\n<!-- \/ Yoast SEO plugin. -->","yoast_head_json":{"title":"Secretarias - Prefeitura de Camb\u00e9","robots":{"index":"index","follow":"follow","max-snippet":"max-snippet:-1","max-image-preview":"max-image-preview:large","max-video-preview":"max-video-preview:-1"},"canonical":"https:\/\/www.cambe.pr.gov.br\/index.php\/secretarias\/secretarias\/","og_locale":"pt_BR","og_type":"article","og_title":"Secretarias - Prefeitura de Camb\u00e9","og_description":"Administra\u00e7\u00e3o Agricultura e Meio Ambiente Assist\u00eancia Social e Cidadania Assuntos Comunit\u00e1rios Assuntos Jur\u00eddicos Auditoria e Controle Interno Capta\u00e7\u00e3o de Recursos e Investimentos\u00a0 Comunica\u00e7\u00e3o Educa\u00e7\u00e3o e Cultura Desenvolvimento Econ\u00f4mico Educa\u00e7\u00e3o (site) Esportes e Lazer Fazenda (site) Fiscaliza\u00e7\u00e3o Urbana\u00a0 Gabinete do Prefeito Governo Obras e Servi\u00e7os P\u00fablicos\u00a0 Ouvidoria Planejamento Sa\u00fade Seguran\u00e7a P\u00fablica e Tr\u00e2nsito\u00a0 Trabalho e Profissionaliza\u00e7\u00e3o","og_url":"https:\/\/www.cambe.pr.gov.br\/index.php\/secretarias\/secretarias\/","og_site_name":"Prefeitura de Camb\u00e9","article_publisher":"https:\/\/m.facebook.com\/prefeituradecambe","article_modified_time":"2025-06-30T13:51:40+00:00","og_image":[{"width":602,"height":86,"url":"https:\/\/www.cambe.pr.gov.br\/wp-content\/uploads\/2021\/02\/Brasao_Prefeitura_21-24.png","type":"image\/png"}],"twitter_card":"summary_large_image","twitter_misc":{"Est. tempo de leitura":"1 minuto"},"schema":{"@context":"https:\/\/schema.org","@graph":[{"@type":"WebPage","@id":"https:\/\/www.cambe.pr.gov.br\/index.php\/secretarias\/secretarias\/","url":"https:\/\/www.cambe.pr.gov.br\/index.php\/secretarias\/secretarias\/","name":"Secretarias - Prefeitura de Camb\u00e9","isPartOf":{"@id":"https:\/\/www.cambe.pr.gov.br\/#website"},"datePublished":"2021-03-17T20:53:39+00:00","dateModified":"2025-06-30T13:51:40+00:00","breadcrumb":{"@id":"https:\/\/www.cambe.pr.gov.br\/index.php\/secretarias\/secretarias\/#breadcrumb"},"inLanguage":"pt-BR","potentialAction":[{"@type":"ReadAction","target":["https:\/\/www.cambe.pr.gov.br\/index.php\/secretarias\/secretarias\/"]}]},{"@type":"BreadcrumbList","@id":"https:\/\/www.cambe.pr.gov.br\/index.php\/secretarias\/secretarias\/#breadcrumb","itemListElement":[{"@type":"ListItem","position":1,"name":"In\u00edcio","item":"https:\/\/www.cambe.pr.gov.br\/"},{"@type":"ListItem","position":2,"name":"Estrutura Administrativa","item":"https:\/\/www.cambe.pr.gov.br\/index.php\/secretarias\/"},{"@type":"ListItem","position":3,"name":"Secretarias"}]},{"@type":"WebSite","@id":"https:\/\/www.cambe.pr.gov.br\/#website","url":"https:\/\/www.cambe.pr.gov.br\/","name":"Prefeitura de Camb\u00e9","description":"UM GOVERNO PARA TODOS","publisher":{"@id":"https:\/\/www.cambe.pr.gov.br\/#organization"},"potentialAction":[{"@type":"SearchAction","target":{"@type":"EntryPoint","urlTemplate":"https:\/\/www.cambe.pr.gov.br\/?s={search_term_string}"},"query-input":{"@type":"PropertyValueSpecification","valueRequired":true,"valueName":"search_term_string"}}],"inLanguage":"pt-BR"},{"@type":"Organization","@id":"https:\/\/www.cambe.pr.gov.br\/#organization","name":"Prefeitura de Camb\u00e9","url":"https:\/\/www.cambe.pr.gov.br\/","logo":{"@type":"ImageObject","inLanguage":"pt-BR","@id":"https:\/\/www.cambe.pr.gov.br\/#\/schema\/logo\/image\/","url":"https:\/\/www.cambe.pr.gov.br\/wp-content\/uploads\/2021\/01\/cropped-cropped-cambe_brazao-icone.png","contentUrl":"https:\/\/www.cambe.pr.gov.br\/wp-content\/uploads\/2021\/01\/cropped-cropped-cambe_brazao-icone.png","width":240,"height":240,"caption":"Prefeitura de Camb\u00e9"},"image":{"@id":"https:\/\/www.cambe.pr.gov.br\/#\/schema\/logo\/image\/"},"sameAs":["https:\/\/m.facebook.com\/prefeituradecambe"]}]}},"_links":{"self":[{"href":"https:\/\/www.cambe.pr.gov.br\/index.php\/wp-json\/wp\/v2\/pages\/1255","targetHints":{"allow":["GET"]}}],"collection":[{"href":"https:\/\/www.cambe.pr.gov.br\/index.php\/wp-json\/wp\/v2\/pages"}],"about":[{"href":"https:\/\/www.cambe.pr.gov.br\/index.php\/wp-json\/wp\/v2\/types\/page"}],"author":[{"embeddable":true,"href":"https:\/\/www.cambe.pr.gov.br\/index.php\/wp-json\/wp\/v2\/users\/1"}],"replies":[{"embeddable":true,"href":"https:\/\/www.cambe.pr.gov.br\/index.php\/wp-json\/wp\/v2\/comments?post=1255"}],"version-history":[{"count":67,"href":"https:\/\/www.cambe.pr.gov.br\/index.php\/wp-json\/wp\/v2\/pages\/1255\/revisions"}],"predecessor-version":[{"id":11563,"href":"https:\/\/www.cambe.pr.gov.br\/index.php\/wp-json\/wp\/v2\/pages\/1255\/revisions\/11563"}],"up":[{"embeddable":true,"href":"https:\/\/www.cambe.pr.gov.br\/index.php\/wp-json\/wp\/v2\/pages\/204"}],"wp:attachment":[{"href":"https:\/\/www.cambe.pr.gov.br\/index.php\/wp-json\/wp\/v2\/media?parent=1255"}],"curies":[{"name":"wp","href":"https:\/\/api.w.org\/{rel}","templated":true}]}}