{"id":11555,"date":"2023-08-08T13:41:04","date_gmt":"2023-08-08T16:41:04","guid":{"rendered":"http:\/\/www.cambe.pr.gov.br\/?page_id=11555"},"modified":"2025-06-30T10:56:57","modified_gmt":"2025-06-30T13:56:57","slug":"seguranca-publica-e-transito","status":"publish","type":"page","link":"https:\/\/www.cambe.pr.gov.br\/index.php\/secretarias\/secretarias\/seguranca-publica-e-transito\/","title":{"rendered":"Seguran\u00e7a P\u00fablica e Tr\u00e2nsito"},"content":{"rendered":"\t\t<div data-elementor-type=\"wp-page\" data-elementor-id=\"11555\" class=\"elementor elementor-11555\">\n\t\t\t\t\t\t<section class=\"elementor-section elementor-top-section elementor-element elementor-element-7f3f146 elementor-section-boxed elementor-section-height-default elementor-section-height-default\" data-id=\"7f3f146\" data-element_type=\"section\" data-e-type=\"section\">\n\t\t\t\t\t\t<div class=\"elementor-container elementor-column-gap-default\">\n\t\t\t\t\t<div class=\"elementor-column elementor-col-100 elementor-top-column elementor-element elementor-element-bc4a5a2\" data-id=\"bc4a5a2\" data-element_type=\"column\" data-e-type=\"column\">\n\t\t\t<div class=\"elementor-widget-wrap elementor-element-populated\">\n\t\t\t\t\t\t<div class=\"elementor-element elementor-element-b961dbb elementor-widget elementor-widget-eael-adv-tabs\" data-id=\"b961dbb\" data-element_type=\"widget\" data-e-type=\"widget\" data-widget_type=\"eael-adv-tabs.default\">\n\t\t\t\t<div class=\"elementor-widget-container\">\n\t\t\t\t\t        <div data-scroll-on-click=\"no\" data-scroll-speed=\"300\" id=\"eael-advance-tabs-b961dbb\" class=\"eael-advance-tabs eael-tabs-vertical eael-tab-auto-active \" data-tabid=\"b961dbb\">\n            <div class=\"eael-tabs-nav \">\n                <ul class=\"eael-tab-inline-icon\" role=\"tablist\">\n                                            <li id=\"dados-gerais\" class=\"inactive eael-tab-item-trigger eael-tab-nav-item\" aria-selected=\"true\" data-tab=\"1\" role=\"tab\" tabindex=\"0\" aria-controls=\"dados-gerais-tab\" aria-expanded=\"false\">\n                            \n                                                                <i class=\"fas fa-home\"><\/i>                                                            \n                                                            <span class=\"eael-tab-title title-after-icon\" >Dados gerais<\/span>                            \n                                                    <\/li>\n                                            <li id=\"secretria\" class=\"inactive eael-tab-item-trigger eael-tab-nav-item\" aria-selected=\"false\" data-tab=\"2\" role=\"tab\" tabindex=\"-1\" aria-controls=\"secretria-tab\" aria-expanded=\"false\">\n                            \n                                                                <i class=\"far fa-user\"><\/i>                                                            \n                                                            <span class=\"eael-tab-title title-after-icon\" >Secret\u00e1ria<\/span>                            \n                                                    <\/li>\n                                            <li id=\"contato\" class=\"inactive eael-tab-item-trigger eael-tab-nav-item\" aria-selected=\"false\" data-tab=\"3\" role=\"tab\" tabindex=\"-1\" aria-controls=\"contato-tab\" aria-expanded=\"false\">\n                            \n                                                                <i class=\"fas fa-phone-alt\"><\/i>                                                            \n                                                            <span class=\"eael-tab-title title-after-icon\" >Contato<\/span>                            \n                                                    <\/li>\n                                            <li id=\"site\" class=\"inactive eael-tab-item-trigger eael-tab-nav-item\" aria-selected=\"false\" data-tab=\"4\" role=\"tab\" tabindex=\"-1\" aria-controls=\"site-tab\" aria-expanded=\"false\">\n                            \n                                                                <i class=\"fas fa-mouse-pointer\"><\/i>                                                            \n                                                            <span class=\"eael-tab-title title-after-icon\" >Site<\/span>                            \n                                                    <\/li>\n                    \n                                  <\/ul>\n            <\/div>\n            \n            <div class=\"eael-tabs-content\">\n\t\t        \n                    <div id=\"dados-gerais-tab\" class=\"clearfix eael-tab-content-item inactive\" data-title-link=\"dados-gerais-tab\">\n\t\t\t\t        <p>A Secretaria Municipal de Seguran\u00e7a P\u00fablica e Tr\u00e2nsito tem por finalidade coordenar as atividades dos agentes de tr\u00e2nsito e demais servidores; elaborando programas de prote\u00e7\u00e3o aos pr\u00f3prios p\u00fablicos e promovendo servi\u00e7os de vigil\u00e2ncia do patrim\u00f4nio, logradouros e demais infra\u00e7\u00f5es \u00e0 ordem e seguran\u00e7a, efetuando a tomada de medidas repressivas necess\u00e1rias a cada caso, para evitar danos e possibilitar a puni\u00e7\u00e3o dos infratores, pelos \u00f3rg\u00e3os pr\u00f3prios de Seguran\u00e7a P\u00fablica Estadual e\/ou Federal, promovendo o monitoramento por C\u00e2meras, efetuando o planejamento, o projeto e a implanta\u00e7\u00e3o de sinaliza\u00e7\u00e3o nas vias, regulamentando a circula\u00e7\u00e3o, o estacionamento, as convers\u00f5es e os retornos permitidos e proibidos, bem como a implanta\u00e7\u00e3o de canaliza\u00e7\u00f5es de tr\u00e2nsito, rotat\u00f3rias, sem\u00e1foros e separadores de pista, realizando o planejamento e a execu\u00e7\u00e3o de melhorias para o pedestre, organizando e analisando dados estat\u00edsticos de acidentes de tr\u00e2nsito e seguran\u00e7a p\u00fablica, produzindo projetos de educa\u00e7\u00e3o para o tr\u00e2nsito, promovendo a fiscaliza\u00e7\u00e3o do tr\u00e2nsito, gerenciando multas e recursos, elaborando e produzindo estat\u00edsticas de Seguran\u00e7a P\u00fablica e Tr\u00e2nsito, promovendo rela\u00e7\u00e3o externa com demais \u00f3rg\u00e3os de tr\u00e2nsito e seguran\u00e7a p\u00fablica, gerenciando e fiscalizando o transporte coletivo, transporte de pessoas com necessidades especiais e transporte escolar, os servi\u00e7os de transportes de pessoas como Taxi, Motot\u00e1xi, transportes por aplicativos, bem como efetuar outras atividades afins no \u00e2mbito de sua compet\u00eancia.<\/p><h5 style=\"text-align: center\"><a href=\"https:\/\/transito.cambe.pr.gov.br\/\">Site: https:\/\/transito.cambe.pr.gov.br\/<\/a><\/h5>                    <\/div>\n\t\t        \n                    <div id=\"secretria-tab\" class=\"clearfix eael-tab-content-item inactive\" data-title-link=\"secretria-tab\">\n\t\t\t\t        <p><span>Thays Kuchenbecker<\/span><\/p>                    <\/div>\n\t\t        \n                    <div id=\"contato-tab\" class=\"clearfix eael-tab-content-item inactive\" data-title-link=\"contato-tab\">\n\t\t\t\t        <p>Telefone: (43) 3174-2732<\/p><p>E-mail: transito@cambe.pr.gov.br<\/p><p style=\"text-align: left\"><a href=\"https:\/\/transito.cambe.pr.gov.br\">https:\/\/transito.cambe.pr.gov.br<\/a><\/p>                    <\/div>\n\t\t        \n                    <div id=\"site-tab\" class=\"clearfix eael-tab-content-item inactive\" data-title-link=\"site-tab\">\n\t\t\t\t        <h5 style=\"text-align: center\">\u00a0<\/h5><h5 style=\"text-align: center\"><a href=\"https:\/\/www.cambe.pr.gov.br\/transito\/\">Acesso ao site da Secretaria de Seguran\u00e7a P\u00fablica e Tr\u00e2nsito de Camb\u00e9.\u00a0<\/a><\/h5><p style=\"text-align: center\">\u00a0<a href=\"https:\/\/transito.cambe.pr.gov.br\">https:\/\/transito.cambe.pr.gov.br<\/a><\/p>                    <\/div>\n\t\t                    <\/div>\n        <\/div>\n\t\t\t\t<\/div>\n\t\t\t\t<\/div>\n\t\t\t\t\t<\/div>\n\t\t<\/div>\n\t\t\t\t\t<\/div>\n\t\t<\/section>\n\t\t\t\t<\/div>\n\t\t","protected":false},"excerpt":{"rendered":"<p>Dados gerais Secret\u00e1ria Contato Site A Secretaria Municipal de Seguran\u00e7a P\u00fablica e Tr\u00e2nsito tem por finalidade coordenar as atividades dos agentes de tr\u00e2nsito e demais servidores; elaborando programas de prote\u00e7\u00e3o aos pr\u00f3prios p\u00fablicos e promovendo servi\u00e7os de vigil\u00e2ncia do patrim\u00f4nio, logradouros e demais infra\u00e7\u00f5es \u00e0 ordem e seguran\u00e7a, efetuando a tomada de medidas repressivas necess\u00e1rias [&hellip;]<\/p>\n","protected":false},"author":2,"featured_media":0,"parent":1255,"menu_order":0,"comment_status":"closed","ping_status":"closed","template":"","meta":{"ngg_post_thumbnail":0,"footnotes":""},"class_list":["post-11555","page","type-page","status-publish","hentry"],"yoast_head":"<!-- This site is optimized with the Yoast SEO plugin v27.4 - https:\/\/yoast.com\/product\/yoast-seo-wordpress\/ -->\n<title>Seguran\u00e7a P\u00fablica e Tr\u00e2nsito - Prefeitura de Camb\u00e9<\/title>\n<meta name=\"robots\" content=\"index, follow, max-snippet:-1, max-image-preview:large, max-video-preview:-1\" \/>\n<link rel=\"canonical\" href=\"https:\/\/www.cambe.pr.gov.br\/index.php\/secretarias\/secretarias\/seguranca-publica-e-transito\/\" \/>\n<meta property=\"og:locale\" content=\"pt_BR\" \/>\n<meta property=\"og:type\" content=\"article\" \/>\n<meta property=\"og:title\" content=\"Seguran\u00e7a P\u00fablica e Tr\u00e2nsito - Prefeitura de Camb\u00e9\" \/>\n<meta property=\"og:description\" content=\"Dados gerais Secret\u00e1ria Contato Site A Secretaria Municipal de Seguran\u00e7a P\u00fablica e Tr\u00e2nsito tem por finalidade coordenar as atividades dos agentes de tr\u00e2nsito e demais servidores; elaborando programas de prote\u00e7\u00e3o aos pr\u00f3prios p\u00fablicos e promovendo servi\u00e7os de vigil\u00e2ncia do patrim\u00f4nio, logradouros e demais infra\u00e7\u00f5es \u00e0 ordem e seguran\u00e7a, efetuando a tomada de medidas repressivas necess\u00e1rias [&hellip;]\" \/>\n<meta property=\"og:url\" content=\"https:\/\/www.cambe.pr.gov.br\/index.php\/secretarias\/secretarias\/seguranca-publica-e-transito\/\" \/>\n<meta property=\"og:site_name\" content=\"Prefeitura de Camb\u00e9\" \/>\n<meta property=\"article:publisher\" content=\"https:\/\/m.facebook.com\/prefeituradecambe\" \/>\n<meta property=\"article:modified_time\" content=\"2025-06-30T13:56:57+00:00\" \/>\n<meta property=\"og:image\" content=\"https:\/\/www.cambe.pr.gov.br\/wp-content\/uploads\/2021\/02\/Brasao_Prefeitura_21-24.png\" \/>\n\t<meta property=\"og:image:width\" content=\"602\" \/>\n\t<meta property=\"og:image:height\" content=\"86\" \/>\n\t<meta property=\"og:image:type\" content=\"image\/png\" \/>\n<meta name=\"twitter:card\" content=\"summary_large_image\" \/>\n<meta name=\"twitter:label1\" content=\"Est. tempo de leitura\" \/>\n\t<meta name=\"twitter:data1\" content=\"2 minutos\" \/>\n<script type=\"application\/ld+json\" class=\"yoast-schema-graph\">{\"@context\":\"https:\\\/\\\/schema.org\",\"@graph\":[{\"@type\":\"WebPage\",\"@id\":\"https:\\\/\\\/www.cambe.pr.gov.br\\\/index.php\\\/secretarias\\\/secretarias\\\/seguranca-publica-e-transito\\\/\",\"url\":\"https:\\\/\\\/www.cambe.pr.gov.br\\\/index.php\\\/secretarias\\\/secretarias\\\/seguranca-publica-e-transito\\\/\",\"name\":\"Seguran\u00e7a P\u00fablica e Tr\u00e2nsito - Prefeitura de Camb\u00e9\",\"isPartOf\":{\"@id\":\"https:\\\/\\\/www.cambe.pr.gov.br\\\/#website\"},\"datePublished\":\"2023-08-08T16:41:04+00:00\",\"dateModified\":\"2025-06-30T13:56:57+00:00\",\"breadcrumb\":{\"@id\":\"https:\\\/\\\/www.cambe.pr.gov.br\\\/index.php\\\/secretarias\\\/secretarias\\\/seguranca-publica-e-transito\\\/#breadcrumb\"},\"inLanguage\":\"pt-BR\",\"potentialAction\":[{\"@type\":\"ReadAction\",\"target\":[\"https:\\\/\\\/www.cambe.pr.gov.br\\\/index.php\\\/secretarias\\\/secretarias\\\/seguranca-publica-e-transito\\\/\"]}]},{\"@type\":\"BreadcrumbList\",\"@id\":\"https:\\\/\\\/www.cambe.pr.gov.br\\\/index.php\\\/secretarias\\\/secretarias\\\/seguranca-publica-e-transito\\\/#breadcrumb\",\"itemListElement\":[{\"@type\":\"ListItem\",\"position\":1,\"name\":\"In\u00edcio\",\"item\":\"https:\\\/\\\/www.cambe.pr.gov.br\\\/\"},{\"@type\":\"ListItem\",\"position\":2,\"name\":\"Estrutura Administrativa\",\"item\":\"https:\\\/\\\/www.cambe.pr.gov.br\\\/index.php\\\/secretarias\\\/\"},{\"@type\":\"ListItem\",\"position\":3,\"name\":\"Secretarias\",\"item\":\"https:\\\/\\\/www.cambe.pr.gov.br\\\/index.php\\\/secretarias\\\/secretarias\\\/\"},{\"@type\":\"ListItem\",\"position\":4,\"name\":\"Seguran\u00e7a P\u00fablica e Tr\u00e2nsito\"}]},{\"@type\":\"WebSite\",\"@id\":\"https:\\\/\\\/www.cambe.pr.gov.br\\\/#website\",\"url\":\"https:\\\/\\\/www.cambe.pr.gov.br\\\/\",\"name\":\"Prefeitura de Camb\u00e9\",\"description\":\"UM GOVERNO PARA TODOS\",\"publisher\":{\"@id\":\"https:\\\/\\\/www.cambe.pr.gov.br\\\/#organization\"},\"potentialAction\":[{\"@type\":\"SearchAction\",\"target\":{\"@type\":\"EntryPoint\",\"urlTemplate\":\"https:\\\/\\\/www.cambe.pr.gov.br\\\/?s={search_term_string}\"},\"query-input\":{\"@type\":\"PropertyValueSpecification\",\"valueRequired\":true,\"valueName\":\"search_term_string\"}}],\"inLanguage\":\"pt-BR\"},{\"@type\":\"Organization\",\"@id\":\"https:\\\/\\\/www.cambe.pr.gov.br\\\/#organization\",\"name\":\"Prefeitura de Camb\u00e9\",\"url\":\"https:\\\/\\\/www.cambe.pr.gov.br\\\/\",\"logo\":{\"@type\":\"ImageObject\",\"inLanguage\":\"pt-BR\",\"@id\":\"https:\\\/\\\/www.cambe.pr.gov.br\\\/#\\\/schema\\\/logo\\\/image\\\/\",\"url\":\"https:\\\/\\\/www.cambe.pr.gov.br\\\/wp-content\\\/uploads\\\/2021\\\/01\\\/cropped-cropped-cambe_brazao-icone.png\",\"contentUrl\":\"https:\\\/\\\/www.cambe.pr.gov.br\\\/wp-content\\\/uploads\\\/2021\\\/01\\\/cropped-cropped-cambe_brazao-icone.png\",\"width\":240,\"height\":240,\"caption\":\"Prefeitura de Camb\u00e9\"},\"image\":{\"@id\":\"https:\\\/\\\/www.cambe.pr.gov.br\\\/#\\\/schema\\\/logo\\\/image\\\/\"},\"sameAs\":[\"https:\\\/\\\/m.facebook.com\\\/prefeituradecambe\"]}]}<\/script>\n<!-- \/ Yoast SEO plugin. -->","yoast_head_json":{"title":"Seguran\u00e7a P\u00fablica e Tr\u00e2nsito - Prefeitura de Camb\u00e9","robots":{"index":"index","follow":"follow","max-snippet":"max-snippet:-1","max-image-preview":"max-image-preview:large","max-video-preview":"max-video-preview:-1"},"canonical":"https:\/\/www.cambe.pr.gov.br\/index.php\/secretarias\/secretarias\/seguranca-publica-e-transito\/","og_locale":"pt_BR","og_type":"article","og_title":"Seguran\u00e7a P\u00fablica e Tr\u00e2nsito - Prefeitura de Camb\u00e9","og_description":"Dados gerais Secret\u00e1ria Contato Site A Secretaria Municipal de Seguran\u00e7a P\u00fablica e Tr\u00e2nsito tem por finalidade coordenar as atividades dos agentes de tr\u00e2nsito e demais servidores; elaborando programas de prote\u00e7\u00e3o aos pr\u00f3prios p\u00fablicos e promovendo servi\u00e7os de vigil\u00e2ncia do patrim\u00f4nio, logradouros e demais infra\u00e7\u00f5es \u00e0 ordem e seguran\u00e7a, efetuando a tomada de medidas repressivas necess\u00e1rias [&hellip;]","og_url":"https:\/\/www.cambe.pr.gov.br\/index.php\/secretarias\/secretarias\/seguranca-publica-e-transito\/","og_site_name":"Prefeitura de Camb\u00e9","article_publisher":"https:\/\/m.facebook.com\/prefeituradecambe","article_modified_time":"2025-06-30T13:56:57+00:00","og_image":[{"width":602,"height":86,"url":"https:\/\/www.cambe.pr.gov.br\/wp-content\/uploads\/2021\/02\/Brasao_Prefeitura_21-24.png","type":"image\/png"}],"twitter_card":"summary_large_image","twitter_misc":{"Est. tempo de leitura":"2 minutos"},"schema":{"@context":"https:\/\/schema.org","@graph":[{"@type":"WebPage","@id":"https:\/\/www.cambe.pr.gov.br\/index.php\/secretarias\/secretarias\/seguranca-publica-e-transito\/","url":"https:\/\/www.cambe.pr.gov.br\/index.php\/secretarias\/secretarias\/seguranca-publica-e-transito\/","name":"Seguran\u00e7a P\u00fablica e Tr\u00e2nsito - Prefeitura de Camb\u00e9","isPartOf":{"@id":"https:\/\/www.cambe.pr.gov.br\/#website"},"datePublished":"2023-08-08T16:41:04+00:00","dateModified":"2025-06-30T13:56:57+00:00","breadcrumb":{"@id":"https:\/\/www.cambe.pr.gov.br\/index.php\/secretarias\/secretarias\/seguranca-publica-e-transito\/#breadcrumb"},"inLanguage":"pt-BR","potentialAction":[{"@type":"ReadAction","target":["https:\/\/www.cambe.pr.gov.br\/index.php\/secretarias\/secretarias\/seguranca-publica-e-transito\/"]}]},{"@type":"BreadcrumbList","@id":"https:\/\/www.cambe.pr.gov.br\/index.php\/secretarias\/secretarias\/seguranca-publica-e-transito\/#breadcrumb","itemListElement":[{"@type":"ListItem","position":1,"name":"In\u00edcio","item":"https:\/\/www.cambe.pr.gov.br\/"},{"@type":"ListItem","position":2,"name":"Estrutura Administrativa","item":"https:\/\/www.cambe.pr.gov.br\/index.php\/secretarias\/"},{"@type":"ListItem","position":3,"name":"Secretarias","item":"https:\/\/www.cambe.pr.gov.br\/index.php\/secretarias\/secretarias\/"},{"@type":"ListItem","position":4,"name":"Seguran\u00e7a P\u00fablica e Tr\u00e2nsito"}]},{"@type":"WebSite","@id":"https:\/\/www.cambe.pr.gov.br\/#website","url":"https:\/\/www.cambe.pr.gov.br\/","name":"Prefeitura de Camb\u00e9","description":"UM GOVERNO PARA TODOS","publisher":{"@id":"https:\/\/www.cambe.pr.gov.br\/#organization"},"potentialAction":[{"@type":"SearchAction","target":{"@type":"EntryPoint","urlTemplate":"https:\/\/www.cambe.pr.gov.br\/?s={search_term_string}"},"query-input":{"@type":"PropertyValueSpecification","valueRequired":true,"valueName":"search_term_string"}}],"inLanguage":"pt-BR"},{"@type":"Organization","@id":"https:\/\/www.cambe.pr.gov.br\/#organization","name":"Prefeitura de Camb\u00e9","url":"https:\/\/www.cambe.pr.gov.br\/","logo":{"@type":"ImageObject","inLanguage":"pt-BR","@id":"https:\/\/www.cambe.pr.gov.br\/#\/schema\/logo\/image\/","url":"https:\/\/www.cambe.pr.gov.br\/wp-content\/uploads\/2021\/01\/cropped-cropped-cambe_brazao-icone.png","contentUrl":"https:\/\/www.cambe.pr.gov.br\/wp-content\/uploads\/2021\/01\/cropped-cropped-cambe_brazao-icone.png","width":240,"height":240,"caption":"Prefeitura de Camb\u00e9"},"image":{"@id":"https:\/\/www.cambe.pr.gov.br\/#\/schema\/logo\/image\/"},"sameAs":["https:\/\/m.facebook.com\/prefeituradecambe"]}]}},"_links":{"self":[{"href":"https:\/\/www.cambe.pr.gov.br\/index.php\/wp-json\/wp\/v2\/pages\/11555","targetHints":{"allow":["GET"]}}],"collection":[{"href":"https:\/\/www.cambe.pr.gov.br\/index.php\/wp-json\/wp\/v2\/pages"}],"about":[{"href":"https:\/\/www.cambe.pr.gov.br\/index.php\/wp-json\/wp\/v2\/types\/page"}],"author":[{"embeddable":true,"href":"https:\/\/www.cambe.pr.gov.br\/index.php\/wp-json\/wp\/v2\/users\/2"}],"replies":[{"embeddable":true,"href":"https:\/\/www.cambe.pr.gov.br\/index.php\/wp-json\/wp\/v2\/comments?post=11555"}],"version-history":[{"count":33,"href":"https:\/\/www.cambe.pr.gov.br\/index.php\/wp-json\/wp\/v2\/pages\/11555\/revisions"}],"predecessor-version":[{"id":17309,"href":"https:\/\/www.cambe.pr.gov.br\/index.php\/wp-json\/wp\/v2\/pages\/11555\/revisions\/17309"}],"up":[{"embeddable":true,"href":"https:\/\/www.cambe.pr.gov.br\/index.php\/wp-json\/wp\/v2\/pages\/1255"}],"wp:attachment":[{"href":"https:\/\/www.cambe.pr.gov.br\/index.php\/wp-json\/wp\/v2\/media?parent=11555"}],"curies":[{"name":"wp","href":"https:\/\/api.w.org\/{rel}","templated":true}]}}