{"id":11125,"date":"2023-07-19T13:27:25","date_gmt":"2023-07-19T16:27:25","guid":{"rendered":"http:\/\/www.cambe.pr.gov.br\/?page_id=11125"},"modified":"2024-04-01T16:48:10","modified_gmt":"2024-04-01T19:48:10","slug":"centro-da-juventude","status":"publish","type":"page","link":"https:\/\/www.cambe.pr.gov.br\/index.php\/secretarias\/secretarias\/esportes\/centro-da-juventude\/","title":{"rendered":"Centro da Juventude"},"content":{"rendered":"<p><img fetchpriority=\"high\" decoding=\"async\" class=\"aligncenter wp-image-11014\" src=\"https:\/\/www.cambe.pr.gov.br\/wp-content\/uploads\/2023\/07\/CentroJuventude-300x169.jpg\" alt=\"\" width=\"601\" height=\"338\" srcset=\"https:\/\/www.cambe.pr.gov.br\/wp-content\/uploads\/2023\/07\/CentroJuventude-300x169.jpg 300w, https:\/\/www.cambe.pr.gov.br\/wp-content\/uploads\/2023\/07\/CentroJuventude-768x432.jpg 768w, https:\/\/www.cambe.pr.gov.br\/wp-content\/uploads\/2023\/07\/CentroJuventude.jpg 1024w\" sizes=\"(max-width: 601px) 100vw, 601px\" \/><\/p>\n<p style=\"text-align: center;\">QUEM SOMOS?<\/p>\n<p style=\"text-align: justify;\">Inaugurado no dia 29 de Junho de 2012, o Centro da Juventude de Camb\u00e9 tem por objetivo oportunizar o desenvolvimento integral de adolescentes e jovens, visando desenvolver e participar de a\u00e7\u00f5es que favore\u00e7am a forma\u00e7\u00e3o pessoal, profissional e pol\u00edtica. Baseado em tr\u00eas pilares: Conviv\u00eancia, Cidadania e Forma\u00e7\u00e3o, o espa\u00e7o \u00e9 voltado para a realiza\u00e7\u00e3o de atividades que possibilitem aos adolescentes e jovens, produzir e acessar bens culturais e art\u00edsticos e participar de atividades esportivas e tecnol\u00f3gicas, tendo como alvo adolescentes e jovens na faixa et\u00e1ria de 12 \u00e0 24 anos e como p\u00fablico priorit\u00e1rio jovens de 12 a 18 anos em situa\u00e7\u00e3o de vulnerabilidades e direitos violados. O espa\u00e7o caracteriza-se pela acessibilidade e acolhimento a todo e qualquer jovem interessado em participar, e pela isen\u00e7\u00e3o de condicionalidades pr\u00e9vias para ingresso, como crit\u00e9rios de renda ou de escolaridade.<\/p>\n<p style=\"text-align: justify;\">O atendimento com a equipe do Centro da Juventude tem como premissa&nbsp;acolher&nbsp;e&nbsp;integrar&nbsp;os jovens para a participa\u00e7\u00e3o efetiva e cidad\u00e3 na sociedade. O Centro da Juventude de Camb\u00e9 constitui-se como um espa\u00e7o-refer\u00eancia e de cuidado humano, de constru\u00e7\u00e3o de a\u00e7\u00f5es afirmativas junto \u00e0 popula\u00e7\u00e3o.<\/p>\n<hr>\n<h5 style=\"text-align: center;\">GALERIA<\/h5>\nngg_shortcode_0_placeholder\n","protected":false},"excerpt":{"rendered":"<p>QUEM SOMOS? Inaugurado no dia 29 de Junho de 2012, o Centro da Juventude de Camb\u00e9 tem por objetivo oportunizar o desenvolvimento integral de adolescentes e jovens, visando desenvolver e participar de a\u00e7\u00f5es que favore\u00e7am a forma\u00e7\u00e3o pessoal, profissional e pol\u00edtica. Baseado em tr\u00eas pilares: Conviv\u00eancia, Cidadania e Forma\u00e7\u00e3o, o espa\u00e7o \u00e9 voltado para a [&hellip;]<\/p>\n","protected":false},"author":1,"featured_media":0,"parent":1333,"menu_order":0,"comment_status":"closed","ping_status":"closed","template":"","meta":{"ngg_post_thumbnail":0,"footnotes":""},"class_list":["post-11125","page","type-page","status-publish","hentry"],"yoast_head":"<!-- This site is optimized with the Yoast SEO plugin v27.4 - https:\/\/yoast.com\/product\/yoast-seo-wordpress\/ -->\n<title>Centro da Juventude - Prefeitura de Camb\u00e9<\/title>\n<meta name=\"robots\" content=\"index, follow, max-snippet:-1, max-image-preview:large, max-video-preview:-1\" \/>\n<link rel=\"canonical\" href=\"https:\/\/www.cambe.pr.gov.br\/index.php\/secretarias\/secretarias\/esportes\/centro-da-juventude\/\" \/>\n<meta property=\"og:locale\" content=\"pt_BR\" \/>\n<meta property=\"og:type\" content=\"article\" \/>\n<meta property=\"og:title\" content=\"Centro da Juventude - Prefeitura de Camb\u00e9\" \/>\n<meta property=\"og:description\" content=\"QUEM SOMOS? Inaugurado no dia 29 de Junho de 2012, o Centro da Juventude de Camb\u00e9 tem por objetivo oportunizar o desenvolvimento integral de adolescentes e jovens, visando desenvolver e participar de a\u00e7\u00f5es que favore\u00e7am a forma\u00e7\u00e3o pessoal, profissional e pol\u00edtica. Baseado em tr\u00eas pilares: Conviv\u00eancia, Cidadania e Forma\u00e7\u00e3o, o espa\u00e7o \u00e9 voltado para a [&hellip;]\" \/>\n<meta property=\"og:url\" content=\"https:\/\/www.cambe.pr.gov.br\/index.php\/secretarias\/secretarias\/esportes\/centro-da-juventude\/\" \/>\n<meta property=\"og:site_name\" content=\"Prefeitura de Camb\u00e9\" \/>\n<meta property=\"article:publisher\" content=\"https:\/\/m.facebook.com\/prefeituradecambe\" \/>\n<meta property=\"article:modified_time\" content=\"2024-04-01T19:48:10+00:00\" \/>\n<meta property=\"og:image\" content=\"http:\/\/www.cambe.pr.gov.br\/wp-content\/uploads\/2023\/07\/CentroJuventude-300x169.jpg\" \/>\n<meta name=\"twitter:card\" content=\"summary_large_image\" \/>\n<meta name=\"twitter:label1\" content=\"Est. tempo de leitura\" \/>\n\t<meta name=\"twitter:data1\" content=\"2 minutos\" \/>\n<script type=\"application\/ld+json\" class=\"yoast-schema-graph\">{\"@context\":\"https:\\\/\\\/schema.org\",\"@graph\":[{\"@type\":\"WebPage\",\"@id\":\"https:\\\/\\\/www.cambe.pr.gov.br\\\/index.php\\\/secretarias\\\/secretarias\\\/esportes\\\/centro-da-juventude\\\/\",\"url\":\"https:\\\/\\\/www.cambe.pr.gov.br\\\/index.php\\\/secretarias\\\/secretarias\\\/esportes\\\/centro-da-juventude\\\/\",\"name\":\"Centro da Juventude - Prefeitura de Camb\u00e9\",\"isPartOf\":{\"@id\":\"https:\\\/\\\/www.cambe.pr.gov.br\\\/#website\"},\"primaryImageOfPage\":{\"@id\":\"https:\\\/\\\/www.cambe.pr.gov.br\\\/index.php\\\/secretarias\\\/secretarias\\\/esportes\\\/centro-da-juventude\\\/#primaryimage\"},\"image\":{\"@id\":\"https:\\\/\\\/www.cambe.pr.gov.br\\\/index.php\\\/secretarias\\\/secretarias\\\/esportes\\\/centro-da-juventude\\\/#primaryimage\"},\"thumbnailUrl\":\"http:\\\/\\\/www.cambe.pr.gov.br\\\/wp-content\\\/uploads\\\/2023\\\/07\\\/CentroJuventude-300x169.jpg\",\"datePublished\":\"2023-07-19T16:27:25+00:00\",\"dateModified\":\"2024-04-01T19:48:10+00:00\",\"breadcrumb\":{\"@id\":\"https:\\\/\\\/www.cambe.pr.gov.br\\\/index.php\\\/secretarias\\\/secretarias\\\/esportes\\\/centro-da-juventude\\\/#breadcrumb\"},\"inLanguage\":\"pt-BR\",\"potentialAction\":[{\"@type\":\"ReadAction\",\"target\":[\"https:\\\/\\\/www.cambe.pr.gov.br\\\/index.php\\\/secretarias\\\/secretarias\\\/esportes\\\/centro-da-juventude\\\/\"]}]},{\"@type\":\"ImageObject\",\"inLanguage\":\"pt-BR\",\"@id\":\"https:\\\/\\\/www.cambe.pr.gov.br\\\/index.php\\\/secretarias\\\/secretarias\\\/esportes\\\/centro-da-juventude\\\/#primaryimage\",\"url\":\"http:\\\/\\\/www.cambe.pr.gov.br\\\/wp-content\\\/uploads\\\/2023\\\/07\\\/CentroJuventude-300x169.jpg\",\"contentUrl\":\"http:\\\/\\\/www.cambe.pr.gov.br\\\/wp-content\\\/uploads\\\/2023\\\/07\\\/CentroJuventude-300x169.jpg\"},{\"@type\":\"BreadcrumbList\",\"@id\":\"https:\\\/\\\/www.cambe.pr.gov.br\\\/index.php\\\/secretarias\\\/secretarias\\\/esportes\\\/centro-da-juventude\\\/#breadcrumb\",\"itemListElement\":[{\"@type\":\"ListItem\",\"position\":1,\"name\":\"In\u00edcio\",\"item\":\"https:\\\/\\\/www.cambe.pr.gov.br\\\/\"},{\"@type\":\"ListItem\",\"position\":2,\"name\":\"Estrutura Administrativa\",\"item\":\"https:\\\/\\\/www.cambe.pr.gov.br\\\/index.php\\\/secretarias\\\/\"},{\"@type\":\"ListItem\",\"position\":3,\"name\":\"Secretarias\",\"item\":\"https:\\\/\\\/www.cambe.pr.gov.br\\\/index.php\\\/secretarias\\\/secretarias\\\/\"},{\"@type\":\"ListItem\",\"position\":4,\"name\":\"Esportes e Lazer\",\"item\":\"https:\\\/\\\/www.cambe.pr.gov.br\\\/index.php\\\/secretarias\\\/secretarias\\\/esportes\\\/\"},{\"@type\":\"ListItem\",\"position\":5,\"name\":\"Centro da Juventude\"}]},{\"@type\":\"WebSite\",\"@id\":\"https:\\\/\\\/www.cambe.pr.gov.br\\\/#website\",\"url\":\"https:\\\/\\\/www.cambe.pr.gov.br\\\/\",\"name\":\"Prefeitura de Camb\u00e9\",\"description\":\"UM GOVERNO PARA TODOS\",\"publisher\":{\"@id\":\"https:\\\/\\\/www.cambe.pr.gov.br\\\/#organization\"},\"potentialAction\":[{\"@type\":\"SearchAction\",\"target\":{\"@type\":\"EntryPoint\",\"urlTemplate\":\"https:\\\/\\\/www.cambe.pr.gov.br\\\/?s={search_term_string}\"},\"query-input\":{\"@type\":\"PropertyValueSpecification\",\"valueRequired\":true,\"valueName\":\"search_term_string\"}}],\"inLanguage\":\"pt-BR\"},{\"@type\":\"Organization\",\"@id\":\"https:\\\/\\\/www.cambe.pr.gov.br\\\/#organization\",\"name\":\"Prefeitura de Camb\u00e9\",\"url\":\"https:\\\/\\\/www.cambe.pr.gov.br\\\/\",\"logo\":{\"@type\":\"ImageObject\",\"inLanguage\":\"pt-BR\",\"@id\":\"https:\\\/\\\/www.cambe.pr.gov.br\\\/#\\\/schema\\\/logo\\\/image\\\/\",\"url\":\"https:\\\/\\\/www.cambe.pr.gov.br\\\/wp-content\\\/uploads\\\/2021\\\/01\\\/cropped-cropped-cambe_brazao-icone.png\",\"contentUrl\":\"https:\\\/\\\/www.cambe.pr.gov.br\\\/wp-content\\\/uploads\\\/2021\\\/01\\\/cropped-cropped-cambe_brazao-icone.png\",\"width\":240,\"height\":240,\"caption\":\"Prefeitura de Camb\u00e9\"},\"image\":{\"@id\":\"https:\\\/\\\/www.cambe.pr.gov.br\\\/#\\\/schema\\\/logo\\\/image\\\/\"},\"sameAs\":[\"https:\\\/\\\/m.facebook.com\\\/prefeituradecambe\"]}]}<\/script>\n<!-- \/ Yoast SEO plugin. -->","yoast_head_json":{"title":"Centro da Juventude - Prefeitura de Camb\u00e9","robots":{"index":"index","follow":"follow","max-snippet":"max-snippet:-1","max-image-preview":"max-image-preview:large","max-video-preview":"max-video-preview:-1"},"canonical":"https:\/\/www.cambe.pr.gov.br\/index.php\/secretarias\/secretarias\/esportes\/centro-da-juventude\/","og_locale":"pt_BR","og_type":"article","og_title":"Centro da Juventude - Prefeitura de Camb\u00e9","og_description":"QUEM SOMOS? Inaugurado no dia 29 de Junho de 2012, o Centro da Juventude de Camb\u00e9 tem por objetivo oportunizar o desenvolvimento integral de adolescentes e jovens, visando desenvolver e participar de a\u00e7\u00f5es que favore\u00e7am a forma\u00e7\u00e3o pessoal, profissional e pol\u00edtica. Baseado em tr\u00eas pilares: Conviv\u00eancia, Cidadania e Forma\u00e7\u00e3o, o espa\u00e7o \u00e9 voltado para a [&hellip;]","og_url":"https:\/\/www.cambe.pr.gov.br\/index.php\/secretarias\/secretarias\/esportes\/centro-da-juventude\/","og_site_name":"Prefeitura de Camb\u00e9","article_publisher":"https:\/\/m.facebook.com\/prefeituradecambe","article_modified_time":"2024-04-01T19:48:10+00:00","og_image":[{"url":"http:\/\/www.cambe.pr.gov.br\/wp-content\/uploads\/2023\/07\/CentroJuventude-300x169.jpg","type":"","width":"","height":""}],"twitter_card":"summary_large_image","twitter_misc":{"Est. tempo de leitura":"2 minutos"},"schema":{"@context":"https:\/\/schema.org","@graph":[{"@type":"WebPage","@id":"https:\/\/www.cambe.pr.gov.br\/index.php\/secretarias\/secretarias\/esportes\/centro-da-juventude\/","url":"https:\/\/www.cambe.pr.gov.br\/index.php\/secretarias\/secretarias\/esportes\/centro-da-juventude\/","name":"Centro da Juventude - Prefeitura de Camb\u00e9","isPartOf":{"@id":"https:\/\/www.cambe.pr.gov.br\/#website"},"primaryImageOfPage":{"@id":"https:\/\/www.cambe.pr.gov.br\/index.php\/secretarias\/secretarias\/esportes\/centro-da-juventude\/#primaryimage"},"image":{"@id":"https:\/\/www.cambe.pr.gov.br\/index.php\/secretarias\/secretarias\/esportes\/centro-da-juventude\/#primaryimage"},"thumbnailUrl":"http:\/\/www.cambe.pr.gov.br\/wp-content\/uploads\/2023\/07\/CentroJuventude-300x169.jpg","datePublished":"2023-07-19T16:27:25+00:00","dateModified":"2024-04-01T19:48:10+00:00","breadcrumb":{"@id":"https:\/\/www.cambe.pr.gov.br\/index.php\/secretarias\/secretarias\/esportes\/centro-da-juventude\/#breadcrumb"},"inLanguage":"pt-BR","potentialAction":[{"@type":"ReadAction","target":["https:\/\/www.cambe.pr.gov.br\/index.php\/secretarias\/secretarias\/esportes\/centro-da-juventude\/"]}]},{"@type":"ImageObject","inLanguage":"pt-BR","@id":"https:\/\/www.cambe.pr.gov.br\/index.php\/secretarias\/secretarias\/esportes\/centro-da-juventude\/#primaryimage","url":"http:\/\/www.cambe.pr.gov.br\/wp-content\/uploads\/2023\/07\/CentroJuventude-300x169.jpg","contentUrl":"http:\/\/www.cambe.pr.gov.br\/wp-content\/uploads\/2023\/07\/CentroJuventude-300x169.jpg"},{"@type":"BreadcrumbList","@id":"https:\/\/www.cambe.pr.gov.br\/index.php\/secretarias\/secretarias\/esportes\/centro-da-juventude\/#breadcrumb","itemListElement":[{"@type":"ListItem","position":1,"name":"In\u00edcio","item":"https:\/\/www.cambe.pr.gov.br\/"},{"@type":"ListItem","position":2,"name":"Estrutura Administrativa","item":"https:\/\/www.cambe.pr.gov.br\/index.php\/secretarias\/"},{"@type":"ListItem","position":3,"name":"Secretarias","item":"https:\/\/www.cambe.pr.gov.br\/index.php\/secretarias\/secretarias\/"},{"@type":"ListItem","position":4,"name":"Esportes e Lazer","item":"https:\/\/www.cambe.pr.gov.br\/index.php\/secretarias\/secretarias\/esportes\/"},{"@type":"ListItem","position":5,"name":"Centro da Juventude"}]},{"@type":"WebSite","@id":"https:\/\/www.cambe.pr.gov.br\/#website","url":"https:\/\/www.cambe.pr.gov.br\/","name":"Prefeitura de Camb\u00e9","description":"UM GOVERNO PARA TODOS","publisher":{"@id":"https:\/\/www.cambe.pr.gov.br\/#organization"},"potentialAction":[{"@type":"SearchAction","target":{"@type":"EntryPoint","urlTemplate":"https:\/\/www.cambe.pr.gov.br\/?s={search_term_string}"},"query-input":{"@type":"PropertyValueSpecification","valueRequired":true,"valueName":"search_term_string"}}],"inLanguage":"pt-BR"},{"@type":"Organization","@id":"https:\/\/www.cambe.pr.gov.br\/#organization","name":"Prefeitura de Camb\u00e9","url":"https:\/\/www.cambe.pr.gov.br\/","logo":{"@type":"ImageObject","inLanguage":"pt-BR","@id":"https:\/\/www.cambe.pr.gov.br\/#\/schema\/logo\/image\/","url":"https:\/\/www.cambe.pr.gov.br\/wp-content\/uploads\/2021\/01\/cropped-cropped-cambe_brazao-icone.png","contentUrl":"https:\/\/www.cambe.pr.gov.br\/wp-content\/uploads\/2021\/01\/cropped-cropped-cambe_brazao-icone.png","width":240,"height":240,"caption":"Prefeitura de Camb\u00e9"},"image":{"@id":"https:\/\/www.cambe.pr.gov.br\/#\/schema\/logo\/image\/"},"sameAs":["https:\/\/m.facebook.com\/prefeituradecambe"]}]}},"_links":{"self":[{"href":"https:\/\/www.cambe.pr.gov.br\/index.php\/wp-json\/wp\/v2\/pages\/11125","targetHints":{"allow":["GET"]}}],"collection":[{"href":"https:\/\/www.cambe.pr.gov.br\/index.php\/wp-json\/wp\/v2\/pages"}],"about":[{"href":"https:\/\/www.cambe.pr.gov.br\/index.php\/wp-json\/wp\/v2\/types\/page"}],"author":[{"embeddable":true,"href":"https:\/\/www.cambe.pr.gov.br\/index.php\/wp-json\/wp\/v2\/users\/1"}],"replies":[{"embeddable":true,"href":"https:\/\/www.cambe.pr.gov.br\/index.php\/wp-json\/wp\/v2\/comments?post=11125"}],"version-history":[{"count":5,"href":"https:\/\/www.cambe.pr.gov.br\/index.php\/wp-json\/wp\/v2\/pages\/11125\/revisions"}],"predecessor-version":[{"id":11179,"href":"https:\/\/www.cambe.pr.gov.br\/index.php\/wp-json\/wp\/v2\/pages\/11125\/revisions\/11179"}],"up":[{"embeddable":true,"href":"https:\/\/www.cambe.pr.gov.br\/index.php\/wp-json\/wp\/v2\/pages\/1333"}],"wp:attachment":[{"href":"https:\/\/www.cambe.pr.gov.br\/index.php\/wp-json\/wp\/v2\/media?parent=11125"}],"curies":[{"name":"wp","href":"https:\/\/api.w.org\/{rel}","templated":true}]}}