{"id":10939,"date":"2023-07-17T08:44:08","date_gmt":"2023-07-17T11:44:08","guid":{"rendered":"http:\/\/www.cambe.pr.gov.br\/?page_id=10939"},"modified":"2024-04-04T15:07:54","modified_gmt":"2024-04-04T18:07:54","slug":"processo-seletivo-simplificado-pss-001-2023","status":"publish","type":"page","link":"https:\/\/www.cambe.pr.gov.br\/index.php\/processo-seletivo-simplificado-pss-001-2023\/","title":{"rendered":"Processo Seletivo Simplificado \u2013 PSS 001\/2023"},"content":{"rendered":"<h5><\/h5>\n<p>&nbsp;<\/p>\n<div class='w3eden'>\n    <div class=''>\n\n        <form method=\"get\" class=\"\" data-container=\"#content_wpdm_package_1\" id=\"sc_form_wpdm_package_1\" style=\"margin-bottom: 15px\">\n    \n            <div class=\"card panel panel-default wpdm-shortcode-toolbar\">\n                <div class=\"card-body panel-body\">\n                    <div class=\"row\">\n                        <div class=\"col-lg-6 col-md-12\">\n                            <input type=\"search\" name=\"skw\" value=\"\" placeholder=\"Pesquisar palavra-chave ...\" class=\"form-control\" \/>\n                        <\/div>\n                        <div class=\"col-lg-2 col-md-4\">\n                            <select name=\"orderby\" class=\"wpdm-custom-select custom-select\">\n                                <option value=\"date\" disabled=\"disabled\">Ordenar por:<\/option>\n                                <option value=\"date\" >Publica\u00e7\u00e3o<\/option>\n                                <option value=\"title\" >T\u00edtulo<\/option>\n                                <option value=\"update_date\" >Atualiza\u00e7\u00e3o<\/option>\n                                <option value=\"downloads\" >Downloads<\/option>\n                                <option value=\"views\" >Visualiza\u00e7\u00f5es<\/option>\n                            <\/select>\n                        <\/div>\n                        <div class=\"col-lg-2 col-md-4\">\n                            <select name=\"order\" class=\"wpdm-custom-select custom-select\">\n                                <option value=\"desc\" disabled=\"disabled\">Ordernar:<\/option>\n                                <option value=\"desc\" >Desc.<\/option>\n                                <option value=\"asc\" >Asc.<\/option>\n                            <\/select>\n                        <\/div>\n                        <div class=\"col-lg-2 col-md-4\">\n                            <button type=\"submit\" class=\"btn btn-info btn-block\">Filtrar<\/button>\n                        <\/div>\n                    <\/div>\n                <\/div>\n            <\/div>\n\n            <\/form>\n<div class=\"spacer mb-3 d-block clearfix\"><\/div>\n\n        <div id=\"content_wpdm_package_1\">\n            <div class='row'><div class='col-lg-12 col-md-12 col-12'><!-- WPDM Link Template: Default Template -->\n\n<div class=\"link-template-default card mb-2\">\n    <div class=\"card-body\">\n        <div class=\"media\">\n            <div class=\"mr-3 img-48\"><img decoding=\"async\" class=\"wpdm_icon\" alt=\"\u00edcone\" src=\"https:\/\/www.cambe.pr.gov.br\/wp-content\/plugins\/download-manager\/assets\/file-type-icons\/pdf.svg\" \/><\/div>\n            <div class=\"media-body\">\n                <h3 class=\"package-title\"><a href='https:\/\/www.cambe.pr.gov.br\/index.php\/download\/edital-de-eliminacao-no-004-2024\/'>Edital de Elimina\u00e7\u00e3o n\u00ba 004\/2024 - M\u00e9dico PSF<\/a><\/h3>\n                <div class=\"text-muted text-small\"><i class=\"fas fa-copy\"><\/i> 1  arquivo(s) <i class=\"fas fa-hdd ml-3\"><\/i> 450.48 KB<\/div>\n            <\/div>\n            <div class=\"ml-3\">\n                <a class='wpdm-download-link download-on-click btn btn-primary ' rel='nofollow' href='#' data-downloadurl=\"https:\/\/www.cambe.pr.gov.br\/index.php\/download\/edital-de-eliminacao-no-004-2024\/?wpdmdl=13810&refresh=69f0e5bfb274c1777395135\">Download<\/a>\n            <\/div>\n        <\/div>\n    <\/div>\n<\/div>\n\n<\/div><div class='col-lg-12 col-md-12 col-12'><!-- WPDM Link Template: Default Template -->\n\n<div class=\"link-template-default card mb-2\">\n    <div class=\"card-body\">\n        <div class=\"media\">\n            <div class=\"mr-3 img-48\"><img decoding=\"async\" class=\"wpdm_icon\" alt=\"\u00edcone\" src=\"https:\/\/www.cambe.pr.gov.br\/wp-content\/plugins\/download-manager\/assets\/file-type-icons\/pdf.svg\" \/><\/div>\n            <div class=\"media-body\">\n                <h3 class=\"package-title\"><a href='https:\/\/www.cambe.pr.gov.br\/index.php\/download\/edital-de-convocacao-no-003-2024-medico-psf\/'>Edital de Convoca\u00e7\u00e3o n\u00ba 003\/2024 - M\u00e9dico PSF<\/a><\/h3>\n                <div class=\"text-muted text-small\"><i class=\"fas fa-copy\"><\/i> 1  arquivo(s) <i class=\"fas fa-hdd ml-3\"><\/i> 602.97 KB<\/div>\n            <\/div>\n            <div class=\"ml-3\">\n                <a class='wpdm-download-link download-on-click btn btn-primary ' rel='nofollow' href='#' data-downloadurl=\"https:\/\/www.cambe.pr.gov.br\/index.php\/download\/edital-de-convocacao-no-003-2024-medico-psf\/?wpdmdl=13624&refresh=69f0e5bfd25ed1777395135\">Download<\/a>\n            <\/div>\n        <\/div>\n    <\/div>\n<\/div>\n\n<\/div><div class='col-lg-12 col-md-12 col-12'><!-- WPDM Link Template: Default Template -->\n\n<div class=\"link-template-default card mb-2\">\n    <div class=\"card-body\">\n        <div class=\"media\">\n            <div class=\"mr-3 img-48\"><img decoding=\"async\" class=\"wpdm_icon\" alt=\"\u00edcone\" src=\"https:\/\/www.cambe.pr.gov.br\/wp-content\/plugins\/download-manager\/assets\/file-type-icons\/pdf.svg\" \/><\/div>\n            <div class=\"media-body\">\n                <h3 class=\"package-title\"><a href='https:\/\/www.cambe.pr.gov.br\/index.php\/download\/edital-de-eliminacao-no-003-2024-medico-psf\/'>Edital de Elimina\u00e7\u00e3o n\u00ba 003\/2024 - M\u00e9dico PSF<\/a><\/h3>\n                <div class=\"text-muted text-small\"><i class=\"fas fa-copy\"><\/i> 1  arquivo(s) <i class=\"fas fa-hdd ml-3\"><\/i> 450.61 KB<\/div>\n            <\/div>\n            <div class=\"ml-3\">\n                <a class='wpdm-download-link download-on-click btn btn-primary ' rel='nofollow' href='#' data-downloadurl=\"https:\/\/www.cambe.pr.gov.br\/index.php\/download\/edital-de-eliminacao-no-003-2024-medico-psf\/?wpdmdl=13623&refresh=69f0e5bff0a8a1777395135\">Download<\/a>\n            <\/div>\n        <\/div>\n    <\/div>\n<\/div>\n\n<\/div><div class='col-lg-12 col-md-12 col-12'><!-- WPDM Link Template: Default Template -->\n\n<div class=\"link-template-default card mb-2\">\n    <div class=\"card-body\">\n        <div class=\"media\">\n            <div class=\"mr-3 img-48\"><img decoding=\"async\" class=\"wpdm_icon\" alt=\"\u00edcone\" src=\"https:\/\/www.cambe.pr.gov.br\/wp-content\/plugins\/download-manager\/assets\/file-type-icons\/pdf.svg\" \/><\/div>\n            <div class=\"media-body\">\n                <h3 class=\"package-title\"><a href='https:\/\/www.cambe.pr.gov.br\/index.php\/download\/edital-de-convocacao-no-002-2024-medico-psf\/'>Edital de Convoca\u00e7\u00e3o n\u00ba 002\/2024 - M\u00e9dico PSF<\/a><\/h3>\n                <div class=\"text-muted text-small\"><i class=\"fas fa-copy\"><\/i> 1  arquivo(s) <i class=\"fas fa-hdd ml-3\"><\/i> 602.80 KB<\/div>\n            <\/div>\n            <div class=\"ml-3\">\n                <a class='wpdm-download-link download-on-click btn btn-primary ' rel='nofollow' href='#' data-downloadurl=\"https:\/\/www.cambe.pr.gov.br\/index.php\/download\/edital-de-convocacao-no-002-2024-medico-psf\/?wpdmdl=13443&refresh=69f0e5c01b9c51777395136\">Download<\/a>\n            <\/div>\n        <\/div>\n    <\/div>\n<\/div>\n\n<\/div><div class='col-lg-12 col-md-12 col-12'><!-- WPDM Link Template: Default Template -->\n\n<div class=\"link-template-default card mb-2\">\n    <div class=\"card-body\">\n        <div class=\"media\">\n            <div class=\"mr-3 img-48\"><img decoding=\"async\" class=\"wpdm_icon\" alt=\"\u00edcone\" src=\"https:\/\/www.cambe.pr.gov.br\/wp-content\/plugins\/download-manager\/assets\/file-type-icons\/pdf.svg\" \/><\/div>\n            <div class=\"media-body\">\n                <h3 class=\"package-title\"><a href='https:\/\/www.cambe.pr.gov.br\/index.php\/download\/edital-de-convocacao-no-001-2024-medico-psf\/'>Edital de Convoca\u00e7\u00e3o n\u00ba 001\/2024 - M\u00e9dico PSF<\/a><\/h3>\n                <div class=\"text-muted text-small\"><i class=\"fas fa-copy\"><\/i> 1  arquivo(s) <i class=\"fas fa-hdd ml-3\"><\/i> 603.05 KB<\/div>\n            <\/div>\n            <div class=\"ml-3\">\n                <a class='wpdm-download-link download-on-click btn btn-primary ' rel='nofollow' href='#' data-downloadurl=\"https:\/\/www.cambe.pr.gov.br\/index.php\/download\/edital-de-convocacao-no-001-2024-medico-psf\/?wpdmdl=13442&refresh=69f0e5c03a8b91777395136\">Download<\/a>\n            <\/div>\n        <\/div>\n    <\/div>\n<\/div>\n\n<\/div><div class='col-lg-12 col-md-12 col-12'><!-- WPDM Link Template: Default Template -->\n\n<div class=\"link-template-default card mb-2\">\n    <div class=\"card-body\">\n        <div class=\"media\">\n            <div class=\"mr-3 img-48\"><img decoding=\"async\" class=\"wpdm_icon\" alt=\"\u00edcone\" src=\"https:\/\/www.cambe.pr.gov.br\/wp-content\/plugins\/download-manager\/assets\/file-type-icons\/pdf.svg\" \/><\/div>\n            <div class=\"media-body\">\n                <h3 class=\"package-title\"><a href='https:\/\/www.cambe.pr.gov.br\/index.php\/download\/edital-de-eliminacao-no-002-2024-medico-psf\/'>Edital de Elimina\u00e7\u00e3o n\u00ba 002\/2024 - M\u00e9dico PSF<\/a><\/h3>\n                <div class=\"text-muted text-small\"><i class=\"fas fa-copy\"><\/i> 1  arquivo(s) <i class=\"fas fa-hdd ml-3\"><\/i> 450.30 KB<\/div>\n            <\/div>\n            <div class=\"ml-3\">\n                <a class='wpdm-download-link download-on-click btn btn-primary ' rel='nofollow' href='#' data-downloadurl=\"https:\/\/www.cambe.pr.gov.br\/index.php\/download\/edital-de-eliminacao-no-002-2024-medico-psf\/?wpdmdl=13441&refresh=69f0e5c0580301777395136\">Download<\/a>\n            <\/div>\n        <\/div>\n    <\/div>\n<\/div>\n\n<\/div><div class='col-lg-12 col-md-12 col-12'><!-- WPDM Link Template: Default Template -->\n\n<div class=\"link-template-default card mb-2\">\n    <div class=\"card-body\">\n        <div class=\"media\">\n            <div class=\"mr-3 img-48\"><img decoding=\"async\" class=\"wpdm_icon\" alt=\"\u00edcone\" src=\"https:\/\/www.cambe.pr.gov.br\/wp-content\/plugins\/download-manager\/assets\/file-type-icons\/pdf.svg\" \/><\/div>\n            <div class=\"media-body\">\n                <h3 class=\"package-title\"><a href='https:\/\/www.cambe.pr.gov.br\/index.php\/download\/edital-de-eliminacao-no-001-2024-medico-psf\/'>Edital de Elimina\u00e7\u00e3o n\u00ba 001\/2024 - M\u00e9dico PSF<\/a><\/h3>\n                <div class=\"text-muted text-small\"><i class=\"fas fa-copy\"><\/i> 1  arquivo(s) <i class=\"fas fa-hdd ml-3\"><\/i> 449.15 KB<\/div>\n            <\/div>\n            <div class=\"ml-3\">\n                <a class='wpdm-download-link download-on-click btn btn-primary ' rel='nofollow' href='#' data-downloadurl=\"https:\/\/www.cambe.pr.gov.br\/index.php\/download\/edital-de-eliminacao-no-001-2024-medico-psf\/?wpdmdl=13440&refresh=69f0e5c076aef1777395136\">Download<\/a>\n            <\/div>\n        <\/div>\n    <\/div>\n<\/div>\n\n<\/div><div class='col-lg-12 col-md-12 col-12'><!-- WPDM Link Template: Default Template -->\n\n<div class=\"link-template-default card mb-2\">\n    <div class=\"card-body\">\n        <div class=\"media\">\n            <div class=\"mr-3 img-48\"><img decoding=\"async\" class=\"wpdm_icon\" alt=\"\u00edcone\" src=\"https:\/\/www.cambe.pr.gov.br\/wp-content\/plugins\/download-manager\/assets\/file-type-icons\/pdf.svg\" \/><\/div>\n            <div class=\"media-body\">\n                <h3 class=\"package-title\"><a href='https:\/\/www.cambe.pr.gov.br\/index.php\/download\/edital-de-convocacao-no-005-2023-medico-psf\/'>Edital de Convoca\u00e7\u00e3o n\u00ba 005\/2023 - M\u00e9dico PSF<\/a><\/h3>\n                <div class=\"text-muted text-small\"><i class=\"fas fa-copy\"><\/i> 1  arquivo(s) <i class=\"fas fa-hdd ml-3\"><\/i> 601.73 KB<\/div>\n            <\/div>\n            <div class=\"ml-3\">\n                <a class='wpdm-download-link download-on-click btn btn-primary ' rel='nofollow' href='#' data-downloadurl=\"https:\/\/www.cambe.pr.gov.br\/index.php\/download\/edital-de-convocacao-no-005-2023-medico-psf\/?wpdmdl=13139&refresh=69f0e5c094bbb1777395136\">Download<\/a>\n            <\/div>\n        <\/div>\n    <\/div>\n<\/div>\n\n<\/div><div class='col-lg-12 col-md-12 col-12'><!-- WPDM Link Template: Default Template -->\n\n<div class=\"link-template-default card mb-2\">\n    <div class=\"card-body\">\n        <div class=\"media\">\n            <div class=\"mr-3 img-48\"><img decoding=\"async\" class=\"wpdm_icon\" alt=\"\u00edcone\" src=\"https:\/\/www.cambe.pr.gov.br\/wp-content\/plugins\/download-manager\/assets\/file-type-icons\/pdf.svg\" \/><\/div>\n            <div class=\"media-body\">\n                <h3 class=\"package-title\"><a href='https:\/\/www.cambe.pr.gov.br\/index.php\/download\/edital-de-eliminacao-no-006-2023-medico-psf\/'>Edital de Elimina\u00e7\u00e3o n\u00ba 006\/2023 - M\u00e9dico PSF<\/a><\/h3>\n                <div class=\"text-muted text-small\"><i class=\"fas fa-copy\"><\/i> 1  arquivo(s) <i class=\"fas fa-hdd ml-3\"><\/i> 449.10 KB<\/div>\n            <\/div>\n            <div class=\"ml-3\">\n                <a class='wpdm-download-link download-on-click btn btn-primary ' rel='nofollow' href='#' data-downloadurl=\"https:\/\/www.cambe.pr.gov.br\/index.php\/download\/edital-de-eliminacao-no-006-2023-medico-psf\/?wpdmdl=13138&refresh=69f0e5c0b24cb1777395136\">Download<\/a>\n            <\/div>\n        <\/div>\n    <\/div>\n<\/div>\n\n<\/div><div class='col-lg-12 col-md-12 col-12'><!-- WPDM Link Template: Default Template -->\n\n<div class=\"link-template-default card mb-2\">\n    <div class=\"card-body\">\n        <div class=\"media\">\n            <div class=\"mr-3 img-48\"><img decoding=\"async\" class=\"wpdm_icon\" alt=\"\u00edcone\" src=\"https:\/\/www.cambe.pr.gov.br\/wp-content\/plugins\/download-manager\/assets\/file-type-icons\/pdf.svg\" \/><\/div>\n            <div class=\"media-body\">\n                <h3 class=\"package-title\"><a href='https:\/\/www.cambe.pr.gov.br\/index.php\/download\/edital-de-eliminacao-no-005-2023-medico-ginecologista-e-obstetra\/'>Edital de Elimina\u00e7\u00e3o n\u00ba 005\/2023 - M\u00e9dico Ginecologista e Obstetra<\/a><\/h3>\n                <div class=\"text-muted text-small\"><i class=\"fas fa-copy\"><\/i> 1  arquivo(s) <i class=\"fas fa-hdd ml-3\"><\/i> 449.02 KB<\/div>\n            <\/div>\n            <div class=\"ml-3\">\n                <a class='wpdm-download-link download-on-click btn btn-primary ' rel='nofollow' href='#' data-downloadurl=\"https:\/\/www.cambe.pr.gov.br\/index.php\/download\/edital-de-eliminacao-no-005-2023-medico-ginecologista-e-obstetra\/?wpdmdl=13137&refresh=69f0e5c0d18181777395136\">Download<\/a>\n            <\/div>\n        <\/div>\n    <\/div>\n<\/div>\n\n<\/div><\/div>            <div style='clear:both'><\/div><div class='text-center'><ul class='pagination wpdm-pagination pagination-centered text-center'><li><span aria-current=\"page\" class=\"page-numbers current\">1<\/span><\/li><li><a data-container='#content_wpdm_package_1' class=\"page-numbers\" href=\"https:\/\/www.cambe.pr.gov.br\/index.php\/wp-json\/wp\/v2\/pages\/10939\/?cp=2\">2<\/a><\/li><li><a data-container='#content_wpdm_package_1' class=\"page-numbers\" href=\"https:\/\/www.cambe.pr.gov.br\/index.php\/wp-json\/wp\/v2\/pages\/10939\/?cp=3\">3<\/a><\/li><li><a data-container='#content_wpdm_package_1' class=\"next page-numbers\" href=\"https:\/\/www.cambe.pr.gov.br\/index.php\/wp-json\/wp\/v2\/pages\/10939\/?cp=2\"> <i style=\"display: inline-block;width: 8px;height: 8px;border-right: 2px solid;border-top: 2px solid;transform: rotate(45deg);margin-left: -2px;margin-top: -2px;\"><\/i> <\/a><\/li><\/ul><\/div><div style='clear:both'><\/div>        <\/div>\n\n        <div style='clear:both'><\/div>\n    <\/div>\n<\/div>\n\n<h5><a href=\"https:\/\/www.cambe.pr.gov.br\/pss12023\"><span style=\"color: #008000;\">Inscri\u00e7\u00f5es: ABERTAS (clique aqui)<\/span><\/a><\/h5>\n","protected":false},"excerpt":{"rendered":"<p>&nbsp; Inscri\u00e7\u00f5es: ABERTAS (clique aqui)<\/p>\n","protected":false},"author":1,"featured_media":0,"parent":0,"menu_order":0,"comment_status":"closed","ping_status":"closed","template":"","meta":{"ngg_post_thumbnail":0,"footnotes":""},"class_list":["post-10939","page","type-page","status-publish","hentry"],"yoast_head":"<!-- This site is optimized with the Yoast SEO plugin v27.4 - https:\/\/yoast.com\/product\/yoast-seo-wordpress\/ -->\n<title>Processo Seletivo Simplificado \u2013 PSS 001\/2023 - Prefeitura de Camb\u00e9<\/title>\n<meta name=\"robots\" content=\"index, follow, max-snippet:-1, max-image-preview:large, max-video-preview:-1\" \/>\n<link rel=\"canonical\" href=\"https:\/\/www.cambe.pr.gov.br\/index.php\/processo-seletivo-simplificado-pss-001-2023\/\" \/>\n<meta property=\"og:locale\" content=\"pt_BR\" \/>\n<meta property=\"og:type\" content=\"article\" \/>\n<meta property=\"og:title\" content=\"Processo Seletivo Simplificado \u2013 PSS 001\/2023 - Prefeitura de Camb\u00e9\" \/>\n<meta property=\"og:description\" content=\"&nbsp; Inscri\u00e7\u00f5es: ABERTAS (clique aqui)\" \/>\n<meta property=\"og:url\" content=\"https:\/\/www.cambe.pr.gov.br\/index.php\/processo-seletivo-simplificado-pss-001-2023\/\" \/>\n<meta property=\"og:site_name\" content=\"Prefeitura de Camb\u00e9\" \/>\n<meta property=\"article:publisher\" content=\"https:\/\/m.facebook.com\/prefeituradecambe\" \/>\n<meta property=\"article:modified_time\" content=\"2024-04-04T18:07:54+00:00\" \/>\n<meta property=\"og:image\" content=\"https:\/\/www.cambe.pr.gov.br\/wp-content\/uploads\/2021\/02\/Brasao_Prefeitura_21-24.png\" \/>\n\t<meta property=\"og:image:width\" content=\"602\" \/>\n\t<meta property=\"og:image:height\" content=\"86\" \/>\n\t<meta property=\"og:image:type\" content=\"image\/png\" \/>\n<meta name=\"twitter:card\" content=\"summary_large_image\" \/>\n<meta name=\"twitter:label1\" content=\"Est. tempo de leitura\" \/>\n\t<meta name=\"twitter:data1\" content=\"1 minuto\" \/>\n<script type=\"application\/ld+json\" class=\"yoast-schema-graph\">{\"@context\":\"https:\\\/\\\/schema.org\",\"@graph\":[{\"@type\":\"WebPage\",\"@id\":\"https:\\\/\\\/www.cambe.pr.gov.br\\\/index.php\\\/processo-seletivo-simplificado-pss-001-2023\\\/\",\"url\":\"https:\\\/\\\/www.cambe.pr.gov.br\\\/index.php\\\/processo-seletivo-simplificado-pss-001-2023\\\/\",\"name\":\"Processo Seletivo Simplificado \u2013 PSS 001\\\/2023 - Prefeitura de Camb\u00e9\",\"isPartOf\":{\"@id\":\"https:\\\/\\\/www.cambe.pr.gov.br\\\/#website\"},\"datePublished\":\"2023-07-17T11:44:08+00:00\",\"dateModified\":\"2024-04-04T18:07:54+00:00\",\"breadcrumb\":{\"@id\":\"https:\\\/\\\/www.cambe.pr.gov.br\\\/index.php\\\/processo-seletivo-simplificado-pss-001-2023\\\/#breadcrumb\"},\"inLanguage\":\"pt-BR\",\"potentialAction\":[{\"@type\":\"ReadAction\",\"target\":[\"https:\\\/\\\/www.cambe.pr.gov.br\\\/index.php\\\/processo-seletivo-simplificado-pss-001-2023\\\/\"]}]},{\"@type\":\"BreadcrumbList\",\"@id\":\"https:\\\/\\\/www.cambe.pr.gov.br\\\/index.php\\\/processo-seletivo-simplificado-pss-001-2023\\\/#breadcrumb\",\"itemListElement\":[{\"@type\":\"ListItem\",\"position\":1,\"name\":\"In\u00edcio\",\"item\":\"https:\\\/\\\/www.cambe.pr.gov.br\\\/\"},{\"@type\":\"ListItem\",\"position\":2,\"name\":\"Processo Seletivo Simplificado \u2013 PSS 001\\\/2023\"}]},{\"@type\":\"WebSite\",\"@id\":\"https:\\\/\\\/www.cambe.pr.gov.br\\\/#website\",\"url\":\"https:\\\/\\\/www.cambe.pr.gov.br\\\/\",\"name\":\"Prefeitura de Camb\u00e9\",\"description\":\"UM GOVERNO PARA TODOS\",\"publisher\":{\"@id\":\"https:\\\/\\\/www.cambe.pr.gov.br\\\/#organization\"},\"potentialAction\":[{\"@type\":\"SearchAction\",\"target\":{\"@type\":\"EntryPoint\",\"urlTemplate\":\"https:\\\/\\\/www.cambe.pr.gov.br\\\/?s={search_term_string}\"},\"query-input\":{\"@type\":\"PropertyValueSpecification\",\"valueRequired\":true,\"valueName\":\"search_term_string\"}}],\"inLanguage\":\"pt-BR\"},{\"@type\":\"Organization\",\"@id\":\"https:\\\/\\\/www.cambe.pr.gov.br\\\/#organization\",\"name\":\"Prefeitura de Camb\u00e9\",\"url\":\"https:\\\/\\\/www.cambe.pr.gov.br\\\/\",\"logo\":{\"@type\":\"ImageObject\",\"inLanguage\":\"pt-BR\",\"@id\":\"https:\\\/\\\/www.cambe.pr.gov.br\\\/#\\\/schema\\\/logo\\\/image\\\/\",\"url\":\"https:\\\/\\\/www.cambe.pr.gov.br\\\/wp-content\\\/uploads\\\/2021\\\/01\\\/cropped-cropped-cambe_brazao-icone.png\",\"contentUrl\":\"https:\\\/\\\/www.cambe.pr.gov.br\\\/wp-content\\\/uploads\\\/2021\\\/01\\\/cropped-cropped-cambe_brazao-icone.png\",\"width\":240,\"height\":240,\"caption\":\"Prefeitura de Camb\u00e9\"},\"image\":{\"@id\":\"https:\\\/\\\/www.cambe.pr.gov.br\\\/#\\\/schema\\\/logo\\\/image\\\/\"},\"sameAs\":[\"https:\\\/\\\/m.facebook.com\\\/prefeituradecambe\"]}]}<\/script>\n<!-- \/ Yoast SEO plugin. -->","yoast_head_json":{"title":"Processo Seletivo Simplificado \u2013 PSS 001\/2023 - Prefeitura de Camb\u00e9","robots":{"index":"index","follow":"follow","max-snippet":"max-snippet:-1","max-image-preview":"max-image-preview:large","max-video-preview":"max-video-preview:-1"},"canonical":"https:\/\/www.cambe.pr.gov.br\/index.php\/processo-seletivo-simplificado-pss-001-2023\/","og_locale":"pt_BR","og_type":"article","og_title":"Processo Seletivo Simplificado \u2013 PSS 001\/2023 - Prefeitura de Camb\u00e9","og_description":"&nbsp; Inscri\u00e7\u00f5es: ABERTAS (clique aqui)","og_url":"https:\/\/www.cambe.pr.gov.br\/index.php\/processo-seletivo-simplificado-pss-001-2023\/","og_site_name":"Prefeitura de Camb\u00e9","article_publisher":"https:\/\/m.facebook.com\/prefeituradecambe","article_modified_time":"2024-04-04T18:07:54+00:00","og_image":[{"width":602,"height":86,"url":"https:\/\/www.cambe.pr.gov.br\/wp-content\/uploads\/2021\/02\/Brasao_Prefeitura_21-24.png","type":"image\/png"}],"twitter_card":"summary_large_image","twitter_misc":{"Est. tempo de leitura":"1 minuto"},"schema":{"@context":"https:\/\/schema.org","@graph":[{"@type":"WebPage","@id":"https:\/\/www.cambe.pr.gov.br\/index.php\/processo-seletivo-simplificado-pss-001-2023\/","url":"https:\/\/www.cambe.pr.gov.br\/index.php\/processo-seletivo-simplificado-pss-001-2023\/","name":"Processo Seletivo Simplificado \u2013 PSS 001\/2023 - Prefeitura de Camb\u00e9","isPartOf":{"@id":"https:\/\/www.cambe.pr.gov.br\/#website"},"datePublished":"2023-07-17T11:44:08+00:00","dateModified":"2024-04-04T18:07:54+00:00","breadcrumb":{"@id":"https:\/\/www.cambe.pr.gov.br\/index.php\/processo-seletivo-simplificado-pss-001-2023\/#breadcrumb"},"inLanguage":"pt-BR","potentialAction":[{"@type":"ReadAction","target":["https:\/\/www.cambe.pr.gov.br\/index.php\/processo-seletivo-simplificado-pss-001-2023\/"]}]},{"@type":"BreadcrumbList","@id":"https:\/\/www.cambe.pr.gov.br\/index.php\/processo-seletivo-simplificado-pss-001-2023\/#breadcrumb","itemListElement":[{"@type":"ListItem","position":1,"name":"In\u00edcio","item":"https:\/\/www.cambe.pr.gov.br\/"},{"@type":"ListItem","position":2,"name":"Processo Seletivo Simplificado \u2013 PSS 001\/2023"}]},{"@type":"WebSite","@id":"https:\/\/www.cambe.pr.gov.br\/#website","url":"https:\/\/www.cambe.pr.gov.br\/","name":"Prefeitura de Camb\u00e9","description":"UM GOVERNO PARA TODOS","publisher":{"@id":"https:\/\/www.cambe.pr.gov.br\/#organization"},"potentialAction":[{"@type":"SearchAction","target":{"@type":"EntryPoint","urlTemplate":"https:\/\/www.cambe.pr.gov.br\/?s={search_term_string}"},"query-input":{"@type":"PropertyValueSpecification","valueRequired":true,"valueName":"search_term_string"}}],"inLanguage":"pt-BR"},{"@type":"Organization","@id":"https:\/\/www.cambe.pr.gov.br\/#organization","name":"Prefeitura de Camb\u00e9","url":"https:\/\/www.cambe.pr.gov.br\/","logo":{"@type":"ImageObject","inLanguage":"pt-BR","@id":"https:\/\/www.cambe.pr.gov.br\/#\/schema\/logo\/image\/","url":"https:\/\/www.cambe.pr.gov.br\/wp-content\/uploads\/2021\/01\/cropped-cropped-cambe_brazao-icone.png","contentUrl":"https:\/\/www.cambe.pr.gov.br\/wp-content\/uploads\/2021\/01\/cropped-cropped-cambe_brazao-icone.png","width":240,"height":240,"caption":"Prefeitura de Camb\u00e9"},"image":{"@id":"https:\/\/www.cambe.pr.gov.br\/#\/schema\/logo\/image\/"},"sameAs":["https:\/\/m.facebook.com\/prefeituradecambe"]}]}},"_links":{"self":[{"href":"https:\/\/www.cambe.pr.gov.br\/index.php\/wp-json\/wp\/v2\/pages\/10939","targetHints":{"allow":["GET"]}}],"collection":[{"href":"https:\/\/www.cambe.pr.gov.br\/index.php\/wp-json\/wp\/v2\/pages"}],"about":[{"href":"https:\/\/www.cambe.pr.gov.br\/index.php\/wp-json\/wp\/v2\/types\/page"}],"author":[{"embeddable":true,"href":"https:\/\/www.cambe.pr.gov.br\/index.php\/wp-json\/wp\/v2\/users\/1"}],"replies":[{"embeddable":true,"href":"https:\/\/www.cambe.pr.gov.br\/index.php\/wp-json\/wp\/v2\/comments?post=10939"}],"version-history":[{"count":8,"href":"https:\/\/www.cambe.pr.gov.br\/index.php\/wp-json\/wp\/v2\/pages\/10939\/revisions"}],"predecessor-version":[{"id":14228,"href":"https:\/\/www.cambe.pr.gov.br\/index.php\/wp-json\/wp\/v2\/pages\/10939\/revisions\/14228"}],"wp:attachment":[{"href":"https:\/\/www.cambe.pr.gov.br\/index.php\/wp-json\/wp\/v2\/media?parent=10939"}],"curies":[{"name":"wp","href":"https:\/\/api.w.org\/{rel}","templated":true}]}}